{"id":3954,"date":"2024-04-04T06:12:58","date_gmt":"2024-04-04T06:12:58","guid":{"rendered":"https:\/\/tysinmobiliaria.com\/projekte\/"},"modified":"2025-09-14T17:05:24","modified_gmt":"2025-09-14T17:05:24","slug":"projekte","status":"publish","type":"page","link":"https:\/\/tysinmobiliaria.com\/de\/projekte\/","title":{"rendered":"Projekte"},"content":{"rendered":"\t\t<div data-elementor-type=\"wp-page\" data-elementor-id=\"3954\" class=\"elementor elementor-3954 elementor-385\" data-elementor-post-type=\"page\">\n\t\t\t\t<div class=\"elementor-element elementor-element-33c26a0c e-flex e-con-boxed e-con e-parent\" data-id=\"33c26a0c\" data-element_type=\"container\" data-e-type=\"container\">\n\t\t\t\t\t<div class=\"e-con-inner\">\n\t\t\t\t<div class=\"elementor-element elementor-element-32fb9ea4 elementor-widget elementor-widget-text-editor\" data-id=\"32fb9ea4\" data-element_type=\"widget\" data-e-type=\"widget\" data-widget_type=\"text-editor.default\">\n\t\t\t\t\t\t\t\t\t\r\n<div class=\"tfre_message\"><\/div>\r\n<div class=\"cards-container row\">\r\n    <div class=\"tfre-property-card cards-item col-md-3 col-sm-4 col-xs-12\" data-col=\"col-md-3 col-sm-4 col-xs-12\">\r\n\t<div class=\"card property-inner\">\r\n\t\t<div class=\"card-image\">\r\n\t\t\t<a href=\"https:\/\/tysinmobiliaria.com\/de\/real-estate\/projekt-new-amsterdam\/\" class=\"property-thumb\">\r\n\t\t\t\t<img loading=\"lazy\" loading=\"lazy\" width=\"628\" height=\"450\"\r\n\t\t\t\t\tsrc=\"https:\/\/tysinmobiliaria.com\/wp-content\/uploads\/2025\/12\/IMG-20251215-WA0128-628x450.jpg\"\r\n\t\t\t\t\tonerror=\"this.src = 'https:\/\/tysinmobiliaria.com\/wp-content\/plugins\/homelengo-real-estate\/includes\/elementor-widget\/assets\/images\/no-image.jpg';\" alt=\"Projekt New Amsterdam\"\r\n\t\t\t\t\ttitle=\"Projekt New Amsterdam\" class=\"\"\r\n\t\t\t\t\tdata-image=\"https:\/\/tysinmobiliaria.com\/wp-content\/uploads\/2025\/12\/IMG-20251215-WA0128-628x450.jpg\"\r\n\t\t\t\t\tdata-location=\"\"\r\n\t\t\t\t\tdata-id=\"8640\"\r\n\t\t\t\t\tdata-price=\"\u20ac266,000\"\r\n\t\t\t\t\tdata-price-prefix=\"\"\r\n\t\t\t\t\tdata-price-postfix=\"\">\r\n\t\t\t<\/a>\r\n\t\t\t\t\t\t\t<ul class=\"list-text\">\r\n\t\t\t\t\t\t\t\t\t\t\t\t\t\t<\/ul>\r\n\t\t\t\t\t\t<div class=\"bottom-infor-features\">\r\n\t\t\t\t\t\t\t\t\t<span class=\"tfre-property-price\">\r\n\t\t\t\t\t\t\t\t\t\t\t\t<span class=\"tfre-prop-price-value\">\u20ac266,000<\/span>\r\n\t\t\t\t\t\t\t\t\t\t\t<\/span>\r\n\t\t\t\t\t\t\t\t\t\t\t\t\t<ul class=\"list-controller\">\r\n\t\t\t\t\t\t<li>\r\n\t\t\t\t\t\t\t<a class=\"compare tfre-compare-property hv-tool\" href=\"javascript:void(0)\"\r\n\t\t\t\t\t\t\t\tdata-property-id=\"8640\" data-toggle=\"tooltip\"\r\n\t\t\t\t\t\t\t\tdata-tooltip=\"Zum Vergleich hinzuf\u00fcgen\"\r\n\t\t\t\t\t\t\t\ttitle=\"Vergleichen\">\r\n\t\t\t\t\t\t\t\t<i class=\"far fa-plus\"><\/i>\r\n\t\t\t\t\t\t\t<\/a>\r\n\t\t\t\t\t\t<\/li>\r\n\t\t\t\t\t\t<li>\r\n\t\t\t\t\t\t\t\t\t\t\t\t\t\t\t<div class=\"bookmark\">\r\n\t\t\t\t\t\t\t\t\t<div class=\"bg-bookmark\">\r\n\t\t\t\t\t\t\t\t\t\t<a href=\"javascript:void(0)\" class=\"tfre-property-favorite hv-tool \" \r\n\tdata-tfre-data-property-id=\"8640\" data-toggle=\"tooltip\"\r\n\tdata-tooltip=\"Zu Favoriten hinzuf\u00fcgen\"\r\n\tdata-tfre-data-title-not-favorite=\"Zu Favoriten hinzuf\u00fcgen\"\r\n\tdata-tfre-data-title-favorited=\"Es ist Ihr Favorit\"\r\n\tdata-tfre-data-icon-not-favorite=\"far fa-bookmark\"\r\n\tdata-tfre-data-icon-favorited=\"far fa-bookmark\"><i\r\n\t\tclass=\"far fa-bookmark\" aria-hidden=\"true\"><\/i><\/a>\t\t\t\t\t\t\t\t\t<\/div>\r\n\t\t\t\t\t\t\t\t<\/div>\r\n\t\t\t\t\t\t\t\t\t\t\t\t\t<\/li>\r\n\t\t\t\t\t\t<li>\r\n\t\t\t\t\t\t\t<a class=\"property-quick-view zoomGallery hv-tool\"\r\n\t\t\t\t\t\t\t\tdata-gallery=\"[&quot;https:\\\/\\\/tysinmobiliaria.com\\\/wp-content\\\/uploads\\\/2025\\\/12\\\/IMG-20251215-WA0128-495x495.jpg&quot;,&quot;https:\\\/\\\/tysinmobiliaria.com\\\/wp-content\\\/uploads\\\/2025\\\/12\\\/Tys-4.jpg&quot;,&quot;https:\\\/\\\/tysinmobiliaria.com\\\/wp-content\\\/uploads\\\/2025\\\/12\\\/tys-1-4.jpg&quot;,&quot;https:\\\/\\\/tysinmobiliaria.com\\\/wp-content\\\/uploads\\\/2025\\\/12\\\/tys_2-3.jpg&quot;]\"\r\n\t\t\t\t\t\t\t\thref=\"javascript:void(0)\"\r\n\t\t\t\t\t\t\t\tdata-tooltip=\"Schnellansicht\"\r\n\t\t\t\t\t\t\t\tdata-toggle=\"modal\" data-target=\"#property_quick_view_modal\"\r\n\t\t\t\t\t\t\t\tdata-property-id=\"8640\">\r\n\t\t\t\t\t\t\t\t<img decoding=\"async\" src=\"https:\/\/tysinmobiliaria.com\/wp-content\/plugins\/homelengo-real-estate\/public\/assets\/image\/icon\/look.svg\"\r\n\t\t\t\t\t\t\t\t\talt=\"icon-map\">\r\n\t\t\t\t\t\t\t<\/a>\r\n\t\t\t\t\t\t<\/li>\r\n\t\t\t\t\t<\/ul>\r\n\t\t\t\t\t\t\t<\/div>\r\n\t\t<\/div>\r\n\t\t<div class=\"card-content\">\r\n\t\t\t<h3 class=\"tfre-property-title\">\r\n\t\t\t\t<a target=\"_blank\" title=\"Projekt New Amsterdam\" href=\"https:\/\/tysinmobiliaria.com\/de\/real-estate\/projekt-new-amsterdam\/\">Projekt New Amsterdam<\/a>\r\n\t\t\t<\/h3>\r\n\t\t\t\t\t\t\t<p class=\"tfre-property-address\">\r\n\t\t\t\t\t<a title=\"\" target=\"_blank\" href=\"\/\/maps.google.com\/?q=+\">\r\n\t\t\t\t\t\t<img decoding=\"async\" loading=\"lazy\" src=\"https:\/\/tysinmobiliaria.com\/wp-content\/plugins\/homelengo-real-estate\/public\/assets\/image\/icon\/map2.svg\" class=\"icon-property\" alt=\"icon-map\">\t\t\t\t\t<\/a>\r\n\t\t\t\t<\/p>\r\n\t\t\t\t\t\t<div class=\"description\">\r\n\t\t\t\t\t\t\t\t\t<div class=\"property-information\">\r\n\t\t\t\t\t\t<i class=\"icons icon-bed\"><\/i>\r\n\t\t\t\t\t\tSchlafzimmer <span class=\"value\">3<\/span>\t\t\t\t\t<\/div>\r\n\t\t\t\t\t\t\t\t\t\t\t\t\t<div class=\"property-information\">\r\n\t\t\t\t\t\t<img decoding=\"async\" loading=\"lazy\" src=\"https:\/\/tysinmobiliaria.com\/wp-content\/plugins\/homelengo-real-estate\/public\/assets\/image\/icon\/bath2.svg\" class=\"icon-property\" alt=\"icon-bath\">\r\n\t\t\t\t\t\tB\u00e4der <span class=\"value\">2<\/span>\t\t\t\t\t<\/div>\r\n\t\t\t\t\t\t\t\t\t\t\t\t\t<div class=\"property-information\">\r\n\t\t\t\t\t\t<img decoding=\"async\" loading=\"lazy\" src=\"https:\/\/tysinmobiliaria.com\/wp-content\/plugins\/homelengo-real-estate\/public\/assets\/image\/icon\/size2.svg\" class=\"icon-property\" alt=\"icon-size\">\r\n\t\t\t\t\t\tm2 <span class=\"value\">136<\/span>\t\t\t\t\t<\/div>\r\n\t\t\t\t\t\t\t\t\t\t\t\t\t\t\t\t\t\t\t\t\t\t\t<\/div>\r\n\t\t\t\t\t\t\t<div class=\"card-bottom\">\r\n\t\t\t\t\t\t\t\t\t\t\t<a href=\"https:\/\/tysinmobiliaria.com\/en\/agent\/alexandy-burgos-espino\/\" class=\"avatar\">\r\n\t\t\t\t\t\t\t<img alt=\"\"\r\n\t\t\t\t\t\t\t\tsrc=\"\"\r\n\t\t\t\t\t\t\t\tonerror=\"this.src = 'https:\/\/tysinmobiliaria.com\/wp-content\/uploads\/2025\/09\/Avatar_TS.png';\"\r\n\t\t\t\t\t\t\t\tclass=\"avatar avatar-96 photo\" loading=\"lazy\">\r\n\t\t\t\t\t\t\t<span class=\"user-name\"><\/span>\r\n\t\t\t\t\t\t<\/a>\r\n\t\t\t\t\t\t\t\t\t<\/div>\r\n\t\t\t\t\t<\/div>\r\n\t<\/div>\r\n<\/div><div class=\"tfre-property-card cards-item col-md-3 col-sm-4 col-xs-12\" data-col=\"col-md-3 col-sm-4 col-xs-12\">\r\n\t<div class=\"card property-inner\">\r\n\t\t<div class=\"card-image\">\r\n\t\t\t<a href=\"https:\/\/tysinmobiliaria.com\/de\/real-estate\/gemuetliche-wohnung-in-cadaques-caribe-bayahibe\/\" class=\"property-thumb\">\r\n\t\t\t\t<img loading=\"lazy\" loading=\"lazy\" width=\"628\" height=\"450\"\r\n\t\t\t\t\tsrc=\"https:\/\/tysinmobiliaria.com\/wp-content\/uploads\/2025\/12\/WhatsApp-Image-2025-12-12-at-7.57.12-PM-2-628x450.jpeg\"\r\n\t\t\t\t\tonerror=\"this.src = 'https:\/\/tysinmobiliaria.com\/wp-content\/plugins\/homelengo-real-estate\/includes\/elementor-widget\/assets\/images\/no-image.jpg';\" alt=\"Gem\u00fctliche Wohnung in Cadaqu\u00e9s Caribe, Bayahibe\"\r\n\t\t\t\t\ttitle=\"Gem\u00fctliche Wohnung in Cadaqu\u00e9s Caribe, Bayahibe\" class=\"\"\r\n\t\t\t\t\tdata-image=\"https:\/\/tysinmobiliaria.com\/wp-content\/uploads\/2025\/12\/WhatsApp-Image-2025-12-12-at-7.57.12-PM-2-628x450.jpeg\"\r\n\t\t\t\t\tdata-location=\"\"\r\n\t\t\t\t\tdata-id=\"8572\"\r\n\t\t\t\t\tdata-price=\"\u20ac2,750\"\r\n\t\t\t\t\tdata-price-prefix=\"\"\r\n\t\t\t\t\tdata-price-postfix=\"\">\r\n\t\t\t<\/a>\r\n\t\t\t\t\t\t\t<ul class=\"list-text\">\r\n\t\t\t\t\t\t\t\t\t\t\t\t\t\t<\/ul>\r\n\t\t\t\t\t\t<div class=\"bottom-infor-features\">\r\n\t\t\t\t\t\t\t\t\t<span class=\"tfre-property-price\">\r\n\t\t\t\t\t\t\t\t\t\t\t\t<span class=\"tfre-prop-price-value\">\u20ac2,750<\/span>\r\n\t\t\t\t\t\t\t\t\t\t\t<\/span>\r\n\t\t\t\t\t\t\t\t\t\t\t\t\t<ul class=\"list-controller\">\r\n\t\t\t\t\t\t<li>\r\n\t\t\t\t\t\t\t<a class=\"compare tfre-compare-property hv-tool\" href=\"javascript:void(0)\"\r\n\t\t\t\t\t\t\t\tdata-property-id=\"8572\" data-toggle=\"tooltip\"\r\n\t\t\t\t\t\t\t\tdata-tooltip=\"Zum Vergleich hinzuf\u00fcgen\"\r\n\t\t\t\t\t\t\t\ttitle=\"Vergleichen\">\r\n\t\t\t\t\t\t\t\t<i class=\"far fa-plus\"><\/i>\r\n\t\t\t\t\t\t\t<\/a>\r\n\t\t\t\t\t\t<\/li>\r\n\t\t\t\t\t\t<li>\r\n\t\t\t\t\t\t\t\t\t\t\t\t\t\t\t<div class=\"bookmark\">\r\n\t\t\t\t\t\t\t\t\t<div class=\"bg-bookmark\">\r\n\t\t\t\t\t\t\t\t\t\t<a href=\"javascript:void(0)\" class=\"tfre-property-favorite hv-tool \" \r\n\tdata-tfre-data-property-id=\"8572\" data-toggle=\"tooltip\"\r\n\tdata-tooltip=\"Zu Favoriten hinzuf\u00fcgen\"\r\n\tdata-tfre-data-title-not-favorite=\"Zu Favoriten hinzuf\u00fcgen\"\r\n\tdata-tfre-data-title-favorited=\"Es ist Ihr Favorit\"\r\n\tdata-tfre-data-icon-not-favorite=\"far fa-bookmark\"\r\n\tdata-tfre-data-icon-favorited=\"far fa-bookmark\"><i\r\n\t\tclass=\"far fa-bookmark\" aria-hidden=\"true\"><\/i><\/a>\t\t\t\t\t\t\t\t\t<\/div>\r\n\t\t\t\t\t\t\t\t<\/div>\r\n\t\t\t\t\t\t\t\t\t\t\t\t\t<\/li>\r\n\t\t\t\t\t\t<li>\r\n\t\t\t\t\t\t\t<a class=\"property-quick-view zoomGallery hv-tool\"\r\n\t\t\t\t\t\t\t\tdata-gallery=\"[&quot;https:\\\/\\\/tysinmobiliaria.com\\\/wp-content\\\/uploads\\\/2025\\\/12\\\/WhatsApp-Image-2025-12-12-at-7.57.12-PM-2-495x495.jpeg&quot;,&quot;https:\\\/\\\/tysinmobiliaria.com\\\/wp-content\\\/uploads\\\/2025\\\/12\\\/WhatsApp-Image-2025-12-12-at-7.57.13-PM-2-1-495x495.jpeg&quot;,&quot;https:\\\/\\\/tysinmobiliaria.com\\\/wp-content\\\/uploads\\\/2025\\\/12\\\/WhatsApp-Image-2025-12-12-at-7.57.12-PM-1-495x495.jpeg&quot;,&quot;https:\\\/\\\/tysinmobiliaria.com\\\/wp-content\\\/uploads\\\/2025\\\/12\\\/WhatsApp-Image-2025-12-12-at-7.57.15-PM-495x495.jpeg&quot;]\"\r\n\t\t\t\t\t\t\t\thref=\"javascript:void(0)\"\r\n\t\t\t\t\t\t\t\tdata-tooltip=\"Schnellansicht\"\r\n\t\t\t\t\t\t\t\tdata-toggle=\"modal\" data-target=\"#property_quick_view_modal\"\r\n\t\t\t\t\t\t\t\tdata-property-id=\"8572\">\r\n\t\t\t\t\t\t\t\t<img decoding=\"async\" src=\"https:\/\/tysinmobiliaria.com\/wp-content\/plugins\/homelengo-real-estate\/public\/assets\/image\/icon\/look.svg\"\r\n\t\t\t\t\t\t\t\t\talt=\"icon-map\">\r\n\t\t\t\t\t\t\t<\/a>\r\n\t\t\t\t\t\t<\/li>\r\n\t\t\t\t\t<\/ul>\r\n\t\t\t\t\t\t\t<\/div>\r\n\t\t<\/div>\r\n\t\t<div class=\"card-content\">\r\n\t\t\t<h3 class=\"tfre-property-title\">\r\n\t\t\t\t<a target=\"_blank\" title=\"Gem\u00fctliche Wohnung in Cadaqu\u00e9s Caribe, Bayahibe\" href=\"https:\/\/tysinmobiliaria.com\/de\/real-estate\/gemuetliche-wohnung-in-cadaques-caribe-bayahibe\/\">Gem\u00fctliche Wohnung in Cadaqu\u00e9s Caribe, Bayahibe<\/a>\r\n\t\t\t<\/h3>\r\n\t\t\t\t\t\t\t<p class=\"tfre-property-address\">\r\n\t\t\t\t\t<a title=\"\" target=\"_blank\" href=\"\/\/maps.google.com\/?q=+\">\r\n\t\t\t\t\t\t<img decoding=\"async\" loading=\"lazy\" src=\"https:\/\/tysinmobiliaria.com\/wp-content\/plugins\/homelengo-real-estate\/public\/assets\/image\/icon\/map2.svg\" class=\"icon-property\" alt=\"icon-map\">\t\t\t\t\t<\/a>\r\n\t\t\t\t<\/p>\r\n\t\t\t\t\t\t<div class=\"description\">\r\n\t\t\t\t\t\t\t\t\t<div class=\"property-information\">\r\n\t\t\t\t\t\t<i class=\"icons icon-bed\"><\/i>\r\n\t\t\t\t\t\tBed <span class=\"value\">1<\/span>\t\t\t\t\t<\/div>\r\n\t\t\t\t\t\t\t\t\t\t\t\t\t<div class=\"property-information\">\r\n\t\t\t\t\t\t<img decoding=\"async\" loading=\"lazy\" src=\"https:\/\/tysinmobiliaria.com\/wp-content\/plugins\/homelengo-real-estate\/public\/assets\/image\/icon\/bath2.svg\" class=\"icon-property\" alt=\"icon-bath\">\r\n\t\t\t\t\t\tBath <span class=\"value\">1<\/span>\t\t\t\t\t<\/div>\r\n\t\t\t\t\t\t\t\t\t\t\t\t\t<div class=\"property-information\">\r\n\t\t\t\t\t\t<img decoding=\"async\" loading=\"lazy\" src=\"https:\/\/tysinmobiliaria.com\/wp-content\/plugins\/homelengo-real-estate\/public\/assets\/image\/icon\/size2.svg\" class=\"icon-property\" alt=\"icon-size\">\r\n\t\t\t\t\t\tm2 <span class=\"value\">38<\/span>\t\t\t\t\t<\/div>\r\n\t\t\t\t\t\t\t\t\t\t\t\t\t\t\t\t\t\t\t\t\t\t\t<\/div>\r\n\t\t\t\t\t\t\t<div class=\"card-bottom\">\r\n\t\t\t\t\t\t\t\t\t\t\t<a href=\"https:\/\/tysinmobiliaria.com\/de\/agent\/alexandy-burgos-espino\/\" class=\"avatar\">\r\n\t\t\t\t\t\t\t<img alt=\"\"\r\n\t\t\t\t\t\t\t\tsrc=\"\"\r\n\t\t\t\t\t\t\t\tonerror=\"this.src = 'https:\/\/tysinmobiliaria.com\/wp-content\/uploads\/2025\/09\/Avatar_TS.png';\"\r\n\t\t\t\t\t\t\t\tclass=\"avatar avatar-96 photo\" loading=\"lazy\">\r\n\t\t\t\t\t\t\t<span class=\"user-name\"><\/span>\r\n\t\t\t\t\t\t<\/a>\r\n\t\t\t\t\t\t\t\t\t<\/div>\r\n\t\t\t\t\t<\/div>\r\n\t<\/div>\r\n<\/div><div class=\"tfre-property-card cards-item col-md-3 col-sm-4 col-xs-12\" data-col=\"col-md-3 col-sm-4 col-xs-12\">\r\n\t<div class=\"card property-inner\">\r\n\t\t<div class=\"card-image\">\r\n\t\t\t<a href=\"https:\/\/tysinmobiliaria.com\/de\/real-estate\/haus-zu-verkaufen\/\" class=\"property-thumb\">\r\n\t\t\t\t<img loading=\"lazy\" loading=\"lazy\" width=\"628\" height=\"450\"\r\n\t\t\t\t\tsrc=\"https:\/\/tysinmobiliaria.com\/wp-content\/uploads\/2025\/10\/huis-te-koop-in-neerpelt-31393@2x-1-scaled.jpg\"\r\n\t\t\t\t\tonerror=\"this.src = 'https:\/\/tysinmobiliaria.com\/wp-content\/plugins\/homelengo-real-estate\/includes\/elementor-widget\/assets\/images\/no-image.jpg';\" alt=\"Haus zu verkaufen\"\r\n\t\t\t\t\ttitle=\"Haus zu verkaufen\" class=\"\"\r\n\t\t\t\t\tdata-image=\"https:\/\/tysinmobiliaria.com\/wp-content\/uploads\/2025\/10\/huis-te-koop-in-neerpelt-31393@2x-1-scaled.jpg\"\r\n\t\t\t\t\tdata-location=\"Dwarsstraat 7, 3910 Pelt, Limburg, Belgium\"\r\n\t\t\t\t\tdata-id=\"7278\"\r\n\t\t\t\t\tdata-price=\"\u20ac325,000\"\r\n\t\t\t\t\tdata-price-prefix=\"\"\r\n\t\t\t\t\tdata-price-postfix=\"\">\r\n\t\t\t<\/a>\r\n\t\t\t\t\t\t\t<ul class=\"list-text\">\r\n\t\t\t\t\t\t\t\t\t\t\t\t\t\t\t\t<li>\r\n\t\t\t\t\t\t\t<span class=\"sale-text\">Zu verkaufen<\/span>\r\n\t\t\t\t\t\t<\/li>\r\n\t\t\t\t\t\t\t\t\t<\/ul>\r\n\t\t\t\t\t\t<div class=\"bottom-infor-features\">\r\n\t\t\t\t\t\t\t\t\t<span class=\"tfre-property-price\">\r\n\t\t\t\t\t\t\t\t\t\t\t\t<span class=\"tfre-prop-price-value\">\u20ac325,000<\/span>\r\n\t\t\t\t\t\t\t\t\t\t\t<\/span>\r\n\t\t\t\t\t\t\t\t\t\t\t\t\t<ul class=\"list-controller\">\r\n\t\t\t\t\t\t<li>\r\n\t\t\t\t\t\t\t<a class=\"compare tfre-compare-property hv-tool\" href=\"javascript:void(0)\"\r\n\t\t\t\t\t\t\t\tdata-property-id=\"7278\" data-toggle=\"tooltip\"\r\n\t\t\t\t\t\t\t\tdata-tooltip=\"Zum Vergleich hinzuf\u00fcgen\"\r\n\t\t\t\t\t\t\t\ttitle=\"Vergleichen\">\r\n\t\t\t\t\t\t\t\t<i class=\"far fa-plus\"><\/i>\r\n\t\t\t\t\t\t\t<\/a>\r\n\t\t\t\t\t\t<\/li>\r\n\t\t\t\t\t\t<li>\r\n\t\t\t\t\t\t\t\t\t\t\t\t\t\t\t<div class=\"bookmark\">\r\n\t\t\t\t\t\t\t\t\t<div class=\"bg-bookmark\">\r\n\t\t\t\t\t\t\t\t\t\t<a href=\"javascript:void(0)\" class=\"tfre-property-favorite hv-tool \" \r\n\tdata-tfre-data-property-id=\"7278\" data-toggle=\"tooltip\"\r\n\tdata-tooltip=\"Zu Favoriten hinzuf\u00fcgen\"\r\n\tdata-tfre-data-title-not-favorite=\"Zu Favoriten hinzuf\u00fcgen\"\r\n\tdata-tfre-data-title-favorited=\"Es ist Ihr Favorit\"\r\n\tdata-tfre-data-icon-not-favorite=\"far fa-bookmark\"\r\n\tdata-tfre-data-icon-favorited=\"far fa-bookmark\"><i\r\n\t\tclass=\"far fa-bookmark\" aria-hidden=\"true\"><\/i><\/a>\t\t\t\t\t\t\t\t\t<\/div>\r\n\t\t\t\t\t\t\t\t<\/div>\r\n\t\t\t\t\t\t\t\t\t\t\t\t\t<\/li>\r\n\t\t\t\t\t\t<li>\r\n\t\t\t\t\t\t\t<a class=\"property-quick-view zoomGallery hv-tool\"\r\n\t\t\t\t\t\t\t\tdata-gallery=\"[&quot;https:\\\/\\\/tysinmobiliaria.com\\\/wp-content\\\/uploads\\\/2025\\\/10\\\/huis-te-koop-in-neerpelt-31393@2x-1-300x188.jpg&quot;,&quot;https:\\\/\\\/tysinmobiliaria.com\\\/wp-content\\\/uploads\\\/2025\\\/10\\\/Huis-te-koop-2.png&quot;,&quot;https:\\\/\\\/tysinmobiliaria.com\\\/wp-content\\\/uploads\\\/2025\\\/10\\\/huis-te-koop-in-neerpelt-31394@2x-3-495x495.jpg&quot;,&quot;https:\\\/\\\/tysinmobiliaria.com\\\/wp-content\\\/uploads\\\/2025\\\/10\\\/huis-te-koop-in-neerpelt-31395@2x-5-495x495.jpg&quot;,&quot;https:\\\/\\\/tysinmobiliaria.com\\\/wp-content\\\/uploads\\\/2025\\\/10\\\/huis-te-koop-in-neerpelt-31396-4-495x495.jpg&quot;,&quot;https:\\\/\\\/tysinmobiliaria.com\\\/wp-content\\\/uploads\\\/2025\\\/10\\\/huis-te-koop-in-neerpelt-31398-4-495x495.jpg&quot;,&quot;https:\\\/\\\/tysinmobiliaria.com\\\/wp-content\\\/uploads\\\/2025\\\/10\\\/huis-te-koop-in-neerpelt-31399-3-495x495.jpg&quot;,&quot;https:\\\/\\\/tysinmobiliaria.com\\\/wp-content\\\/uploads\\\/2025\\\/10\\\/huis-te-koop-in-neerpelt-31401-4-495x495.jpg&quot;,&quot;https:\\\/\\\/tysinmobiliaria.com\\\/wp-content\\\/uploads\\\/2025\\\/10\\\/huis-te-koop-in-neerpelt-31402-4-495x495.jpg&quot;,&quot;https:\\\/\\\/tysinmobiliaria.com\\\/wp-content\\\/uploads\\\/2025\\\/10\\\/huis-te-koop-in-neerpelt-31403-3-495x495.jpg&quot;,&quot;https:\\\/\\\/tysinmobiliaria.com\\\/wp-content\\\/uploads\\\/2025\\\/10\\\/huis-te-koop-in-neerpelt-31404-4-495x495.jpg&quot;,&quot;https:\\\/\\\/tysinmobiliaria.com\\\/wp-content\\\/uploads\\\/2025\\\/10\\\/huis-te-koop-in-neerpelt-31405-4-495x495.jpg&quot;,&quot;https:\\\/\\\/tysinmobiliaria.com\\\/wp-content\\\/uploads\\\/2025\\\/10\\\/huis-te-koop-in-neerpelt-31406-4-495x495.jpg&quot;,&quot;https:\\\/\\\/tysinmobiliaria.com\\\/wp-content\\\/uploads\\\/2025\\\/10\\\/huis-te-koop-in-neerpelt-31407-4-495x495.jpg&quot;,&quot;https:\\\/\\\/tysinmobiliaria.com\\\/wp-content\\\/uploads\\\/2025\\\/10\\\/huis-te-koop-in-neerpelt-31408-4-495x495.jpg&quot;,&quot;https:\\\/\\\/tysinmobiliaria.com\\\/wp-content\\\/uploads\\\/2025\\\/10\\\/huis-te-koop-in-neerpelt-31409-4-495x495.jpg&quot;,&quot;https:\\\/\\\/tysinmobiliaria.com\\\/wp-content\\\/uploads\\\/2025\\\/10\\\/huis-te-koop-in-neerpelt-31410-3-495x495.jpg&quot;,&quot;https:\\\/\\\/tysinmobiliaria.com\\\/wp-content\\\/uploads\\\/2025\\\/10\\\/huis-te-koop-in-neerpelt-31411-4-495x495.jpg&quot;,&quot;https:\\\/\\\/tysinmobiliaria.com\\\/wp-content\\\/uploads\\\/2025\\\/10\\\/huis-te-koop-in-neerpelt-31412-4-495x495.jpg&quot;,&quot;https:\\\/\\\/tysinmobiliaria.com\\\/wp-content\\\/uploads\\\/2025\\\/10\\\/huis-te-koop-in-neerpelt-31413-4.jpg&quot;,&quot;https:\\\/\\\/tysinmobiliaria.com\\\/wp-content\\\/uploads\\\/2025\\\/10\\\/huis-te-koop-in-neerpelt-31414-4.jpg&quot;,&quot;https:\\\/\\\/tysinmobiliaria.com\\\/wp-content\\\/uploads\\\/2025\\\/10\\\/huis-te-koop-in-neerpelt-31415-4-495x495.jpg&quot;,&quot;https:\\\/\\\/tysinmobiliaria.com\\\/wp-content\\\/uploads\\\/2025\\\/10\\\/huis-te-koop-in-neerpelt-31394-5-495x495.jpg&quot;,&quot;https:\\\/\\\/tysinmobiliaria.com\\\/wp-content\\\/uploads\\\/2025\\\/10\\\/huis-te-koop-in-neerpelt-31393-4-495x495.jpg&quot;,&quot;https:\\\/\\\/tysinmobiliaria.com\\\/wp-content\\\/uploads\\\/2025\\\/10\\\/Huis-te-koop-2.png&quot;]\"\r\n\t\t\t\t\t\t\t\thref=\"javascript:void(0)\"\r\n\t\t\t\t\t\t\t\tdata-tooltip=\"Schnellansicht\"\r\n\t\t\t\t\t\t\t\tdata-toggle=\"modal\" data-target=\"#property_quick_view_modal\"\r\n\t\t\t\t\t\t\t\tdata-property-id=\"7278\">\r\n\t\t\t\t\t\t\t\t<img decoding=\"async\" src=\"https:\/\/tysinmobiliaria.com\/wp-content\/plugins\/homelengo-real-estate\/public\/assets\/image\/icon\/look.svg\"\r\n\t\t\t\t\t\t\t\t\talt=\"icon-map\">\r\n\t\t\t\t\t\t\t<\/a>\r\n\t\t\t\t\t\t<\/li>\r\n\t\t\t\t\t<\/ul>\r\n\t\t\t\t\t\t\t<\/div>\r\n\t\t<\/div>\r\n\t\t<div class=\"card-content\">\r\n\t\t\t<h3 class=\"tfre-property-title\">\r\n\t\t\t\t<a target=\"_blank\" title=\"Haus zu verkaufen\" href=\"https:\/\/tysinmobiliaria.com\/de\/real-estate\/haus-zu-verkaufen\/\">Haus zu verkaufen<\/a>\r\n\t\t\t<\/h3>\r\n\t\t\t\t\t\t\t<p class=\"tfre-property-address\">\r\n\t\t\t\t\t<a title=\"Dwarsstraat 7, 3910 Pelt, Limburg, Belgium\" target=\"_blank\" href=\"\/\/maps.google.com\/?q=Dwarsstraat%207,%203910%20Pelt,%20Limburg,%20Belgium+\">\r\n\t\t\t\t\t\t<img decoding=\"async\" loading=\"lazy\" src=\"https:\/\/tysinmobiliaria.com\/wp-content\/plugins\/homelengo-real-estate\/public\/assets\/image\/icon\/map2.svg\" class=\"icon-property\" alt=\"icon-map\">Dwarsstraat 7, 3910 Pelt, Limburg, Belgium\t\t\t\t\t<\/a>\r\n\t\t\t\t<\/p>\r\n\t\t\t\t\t\t<div class=\"description\">\r\n\t\t\t\t\t\t\t\t\t<div class=\"property-information\">\r\n\t\t\t\t\t\t<i class=\"icons icon-bed\"><\/i>\r\n\t\t\t\t\t\tSchlafzimmer <span class=\"value\">4<\/span>\t\t\t\t\t<\/div>\r\n\t\t\t\t\t\t\t\t\t\t\t\t\t<div class=\"property-information\">\r\n\t\t\t\t\t\t<img decoding=\"async\" loading=\"lazy\" src=\"https:\/\/tysinmobiliaria.com\/wp-content\/plugins\/homelengo-real-estate\/public\/assets\/image\/icon\/bath2.svg\" class=\"icon-property\" alt=\"icon-bath\">\r\n\t\t\t\t\t\tBath <span class=\"value\">1<\/span>\t\t\t\t\t<\/div>\r\n\t\t\t\t\t\t\t\t\t\t\t\t\t<div class=\"property-information\">\r\n\t\t\t\t\t\t<img decoding=\"async\" loading=\"lazy\" src=\"https:\/\/tysinmobiliaria.com\/wp-content\/plugins\/homelengo-real-estate\/public\/assets\/image\/icon\/size2.svg\" class=\"icon-property\" alt=\"icon-size\">\r\n\t\t\t\t\t\tm2 <span class=\"value\">182<\/span>\t\t\t\t\t<\/div>\r\n\t\t\t\t\t\t\t\t\t\t\t\t\t\t\t\t\t\t\t\t\t\t\t<\/div>\r\n\t\t\t\t\t\t\t<div class=\"card-bottom\">\r\n\t\t\t\t\t\t\t\t\t\t\t<a href=\"https:\/\/tysinmobiliaria.com\/de\/agent\/alexandy-burgos-espino\/\" class=\"avatar\">\r\n\t\t\t\t\t\t\t<img alt=\"\"\r\n\t\t\t\t\t\t\t\tsrc=\"\"\r\n\t\t\t\t\t\t\t\tonerror=\"this.src = 'https:\/\/tysinmobiliaria.com\/wp-content\/uploads\/2025\/09\/Avatar_TS.png';\"\r\n\t\t\t\t\t\t\t\tclass=\"avatar avatar-96 photo\" loading=\"lazy\">\r\n\t\t\t\t\t\t\t<span class=\"user-name\"><\/span>\r\n\t\t\t\t\t\t<\/a>\r\n\t\t\t\t\t\t\t\t\t<\/div>\r\n\t\t\t\t\t<\/div>\r\n\t<\/div>\r\n<\/div><div class=\"tfre-property-card cards-item col-md-3 col-sm-4 col-xs-12\" data-col=\"col-md-3 col-sm-4 col-xs-12\">\r\n\t<div class=\"card property-inner\">\r\n\t\t<div class=\"card-image\">\r\n\t\t\t<a href=\"https:\/\/tysinmobiliaria.com\/de\/real-estate\/6460-2\/\" class=\"property-thumb\">\r\n\t\t\t\t<img loading=\"lazy\" loading=\"lazy\" width=\"628\" height=\"450\"\r\n\t\t\t\t\tsrc=\"https:\/\/tysinmobiliaria.com\/wp-content\/uploads\/2025\/10\/Local-comercial-628x450.png\"\r\n\t\t\t\t\tonerror=\"this.src = 'https:\/\/tysinmobiliaria.com\/wp-content\/plugins\/homelengo-real-estate\/includes\/elementor-widget\/assets\/images\/no-image.jpg';\" alt=\"Gewerbefl\u00e4che\"\r\n\t\t\t\t\ttitle=\"Gewerbefl\u00e4che\" class=\"\"\r\n\t\t\t\t\tdata-image=\"https:\/\/tysinmobiliaria.com\/wp-content\/uploads\/2025\/10\/Local-comercial-628x450.png\"\r\n\t\t\t\t\tdata-location=\"\"\r\n\t\t\t\t\tdata-id=\"6460\"\r\n\t\t\t\t\tdata-price=\"\u20ac136\"\r\n\t\t\t\t\tdata-price-prefix=\"\"\r\n\t\t\t\t\tdata-price-postfix=\"\">\r\n\t\t\t<\/a>\r\n\t\t\t\t\t\t\t<ul class=\"list-text\">\r\n\t\t\t\t\t\t\t\t\t\t\t\t\t\t\t\t<li>\r\n\t\t\t\t\t\t\t<span class=\"sale-text\">Zu vermieten<\/span>\r\n\t\t\t\t\t\t<\/li>\r\n\t\t\t\t\t\t\t\t\t<\/ul>\r\n\t\t\t\t\t\t<div class=\"bottom-infor-features\">\r\n\t\t\t\t\t\t\t\t\t<span class=\"tfre-property-price\">\r\n\t\t\t\t\t\t\t\t\t\t\t\t<span class=\"tfre-prop-price-value\">\u20ac136<\/span>\r\n\t\t\t\t\t\t\t\t\t\t\t<\/span>\r\n\t\t\t\t\t\t\t\t\t\t\t\t\t<ul class=\"list-controller\">\r\n\t\t\t\t\t\t<li>\r\n\t\t\t\t\t\t\t<a class=\"compare tfre-compare-property hv-tool\" href=\"javascript:void(0)\"\r\n\t\t\t\t\t\t\t\tdata-property-id=\"6460\" data-toggle=\"tooltip\"\r\n\t\t\t\t\t\t\t\tdata-tooltip=\"Zum Vergleich hinzuf\u00fcgen\"\r\n\t\t\t\t\t\t\t\ttitle=\"Vergleichen\">\r\n\t\t\t\t\t\t\t\t<i class=\"far fa-plus\"><\/i>\r\n\t\t\t\t\t\t\t<\/a>\r\n\t\t\t\t\t\t<\/li>\r\n\t\t\t\t\t\t<li>\r\n\t\t\t\t\t\t\t\t\t\t\t\t\t\t\t<div class=\"bookmark\">\r\n\t\t\t\t\t\t\t\t\t<div class=\"bg-bookmark\">\r\n\t\t\t\t\t\t\t\t\t\t<a href=\"javascript:void(0)\" class=\"tfre-property-favorite hv-tool \" \r\n\tdata-tfre-data-property-id=\"6460\" data-toggle=\"tooltip\"\r\n\tdata-tooltip=\"Zu Favoriten hinzuf\u00fcgen\"\r\n\tdata-tfre-data-title-not-favorite=\"Zu Favoriten hinzuf\u00fcgen\"\r\n\tdata-tfre-data-title-favorited=\"Es ist Ihr Favorit\"\r\n\tdata-tfre-data-icon-not-favorite=\"far fa-bookmark\"\r\n\tdata-tfre-data-icon-favorited=\"far fa-bookmark\"><i\r\n\t\tclass=\"far fa-bookmark\" aria-hidden=\"true\"><\/i><\/a>\t\t\t\t\t\t\t\t\t<\/div>\r\n\t\t\t\t\t\t\t\t<\/div>\r\n\t\t\t\t\t\t\t\t\t\t\t\t\t<\/li>\r\n\t\t\t\t\t\t<li>\r\n\t\t\t\t\t\t\t<a class=\"property-quick-view zoomGallery hv-tool\"\r\n\t\t\t\t\t\t\t\tdata-gallery=\"[&quot;https:\\\/\\\/tysinmobiliaria.com\\\/wp-content\\\/uploads\\\/2025\\\/10\\\/Local-comercial.png&quot;,&quot;https:\\\/\\\/tysinmobiliaria.com\\\/wp-content\\\/uploads\\\/2025\\\/10\\\/1Local-comercial-4-495x495.png&quot;]\"\r\n\t\t\t\t\t\t\t\thref=\"javascript:void(0)\"\r\n\t\t\t\t\t\t\t\tdata-tooltip=\"Schnellansicht\"\r\n\t\t\t\t\t\t\t\tdata-toggle=\"modal\" data-target=\"#property_quick_view_modal\"\r\n\t\t\t\t\t\t\t\tdata-property-id=\"6460\">\r\n\t\t\t\t\t\t\t\t<img decoding=\"async\" src=\"https:\/\/tysinmobiliaria.com\/wp-content\/plugins\/homelengo-real-estate\/public\/assets\/image\/icon\/look.svg\"\r\n\t\t\t\t\t\t\t\t\talt=\"icon-map\">\r\n\t\t\t\t\t\t\t<\/a>\r\n\t\t\t\t\t\t<\/li>\r\n\t\t\t\t\t<\/ul>\r\n\t\t\t\t\t\t\t<\/div>\r\n\t\t<\/div>\r\n\t\t<div class=\"card-content\">\r\n\t\t\t<h3 class=\"tfre-property-title\">\r\n\t\t\t\t<a target=\"_blank\" title=\"Gewerbefl\u00e4che\" href=\"https:\/\/tysinmobiliaria.com\/de\/real-estate\/6460-2\/\">Gewerbefl\u00e4che<\/a>\r\n\t\t\t<\/h3>\r\n\t\t\t\t\t\t\t<p class=\"tfre-property-address\">\r\n\t\t\t\t\t<a title=\"\" target=\"_blank\" href=\"\/\/maps.google.com\/?q=+\">\r\n\t\t\t\t\t\t<img decoding=\"async\" loading=\"lazy\" src=\"https:\/\/tysinmobiliaria.com\/wp-content\/plugins\/homelengo-real-estate\/public\/assets\/image\/icon\/map2.svg\" class=\"icon-property\" alt=\"icon-map\">\t\t\t\t\t<\/a>\r\n\t\t\t\t<\/p>\r\n\t\t\t\t\t\t<div class=\"description\">\r\n\t\t\t\t\t\t\t\t\t<div class=\"property-information\">\r\n\t\t\t\t\t\t<i class=\"icons icon-bed\"><\/i>\r\n\t\t\t\t\t\tSchlafzimmer <span class=\"value\">0<\/span>\t\t\t\t\t<\/div>\r\n\t\t\t\t\t\t\t\t\t\t\t\t\t<div class=\"property-information\">\r\n\t\t\t\t\t\t<img decoding=\"async\" loading=\"lazy\" src=\"https:\/\/tysinmobiliaria.com\/wp-content\/plugins\/homelengo-real-estate\/public\/assets\/image\/icon\/bath2.svg\" class=\"icon-property\" alt=\"icon-bath\">\r\n\t\t\t\t\t\tBath <span class=\"value\">1<\/span>\t\t\t\t\t<\/div>\r\n\t\t\t\t\t\t\t\t\t\t\t\t\t<div class=\"property-information\">\r\n\t\t\t\t\t\t<img decoding=\"async\" loading=\"lazy\" src=\"https:\/\/tysinmobiliaria.com\/wp-content\/plugins\/homelengo-real-estate\/public\/assets\/image\/icon\/size2.svg\" class=\"icon-property\" alt=\"icon-size\">\r\n\t\t\t\t\t\tm2 <span class=\"value\">32<\/span>\t\t\t\t\t<\/div>\r\n\t\t\t\t\t\t\t\t\t\t\t\t\t\t\t\t\t\t\t\t\t\t\t<\/div>\r\n\t\t\t\t\t\t\t<div class=\"card-bottom\">\r\n\t\t\t\t\t\t\t\t\t\t\t<a href=\"\" class=\"avatar\">\r\n\t\t\t\t\t\t\t<img alt=\"\"\r\n\t\t\t\t\t\t\t\tsrc=\"\"\r\n\t\t\t\t\t\t\t\tonerror=\"this.src = 'https:\/\/tysinmobiliaria.com\/wp-content\/uploads\/2025\/09\/Avatar_TS.png';\"\r\n\t\t\t\t\t\t\t\tclass=\"avatar avatar-96 photo\" loading=\"lazy\">\r\n\t\t\t\t\t\t\t<span class=\"user-name\"><\/span>\r\n\t\t\t\t\t\t<\/a>\r\n\t\t\t\t\t\t\t\t\t<\/div>\r\n\t\t\t\t\t<\/div>\r\n\t<\/div>\r\n<\/div><div class=\"tfre-property-card cards-item col-md-3 col-sm-4 col-xs-12\" data-col=\"col-md-3 col-sm-4 col-xs-12\">\r\n\t<div class=\"card property-inner\">\r\n\t\t<div class=\"card-image\">\r\n\t\t\t<a href=\"https:\/\/tysinmobiliaria.com\/de\/real-estate\/residencial-alexandy-6\/\" class=\"property-thumb\">\r\n\t\t\t\t<img loading=\"lazy\" loading=\"lazy\" width=\"628\" height=\"450\"\r\n\t\t\t\t\tsrc=\"https:\/\/tysinmobiliaria.com\/wp-content\/uploads\/2025\/09\/Screenshot-2025-09-21-180242-1-628x450.png\"\r\n\t\t\t\t\tonerror=\"this.src = 'https:\/\/tysinmobiliaria.com\/wp-content\/plugins\/homelengo-real-estate\/includes\/elementor-widget\/assets\/images\/no-image.jpg';\" alt=\"Residencial Alexandy\"\r\n\t\t\t\t\ttitle=\"Residencial Alexandy\" class=\"\"\r\n\t\t\t\t\tdata-image=\"https:\/\/tysinmobiliaria.com\/wp-content\/uploads\/2025\/09\/Screenshot-2025-09-21-180242-1-628x450.png\"\r\n\t\t\t\t\tdata-location=\"Calle Proyecto 1, Fantino, S\u00e1nchez Ram\u00edrez, Dominican Republic\"\r\n\t\t\t\t\tdata-id=\"6623\"\r\n\t\t\t\t\tdata-price=\"\u20ac75,906\"\r\n\t\t\t\t\tdata-price-prefix=\"\"\r\n\t\t\t\t\tdata-price-postfix=\"\">\r\n\t\t\t<\/a>\r\n\t\t\t\t\t\t\t<ul class=\"list-text\">\r\n\t\t\t\t\t\t\t\t\t\t\t\t\t\t\t\t<li>\r\n\t\t\t\t\t\t\t<span class=\"sale-text\">Zu verkaufen<\/span>\r\n\t\t\t\t\t\t<\/li>\r\n\t\t\t\t\t\t\t\t\t<\/ul>\r\n\t\t\t\t\t\t<div class=\"bottom-infor-features\">\r\n\t\t\t\t\t\t\t\t\t<span class=\"tfre-property-price\">\r\n\t\t\t\t\t\t\t\t\t\t\t\t<span class=\"tfre-prop-price-value\">\u20ac75,906<\/span>\r\n\t\t\t\t\t\t\t\t\t\t\t<\/span>\r\n\t\t\t\t\t\t\t\t\t\t\t\t\t<ul class=\"list-controller\">\r\n\t\t\t\t\t\t<li>\r\n\t\t\t\t\t\t\t<a class=\"compare tfre-compare-property hv-tool\" href=\"javascript:void(0)\"\r\n\t\t\t\t\t\t\t\tdata-property-id=\"6623\" data-toggle=\"tooltip\"\r\n\t\t\t\t\t\t\t\tdata-tooltip=\"Zum Vergleich hinzuf\u00fcgen\"\r\n\t\t\t\t\t\t\t\ttitle=\"Vergleichen\">\r\n\t\t\t\t\t\t\t\t<i class=\"far fa-plus\"><\/i>\r\n\t\t\t\t\t\t\t<\/a>\r\n\t\t\t\t\t\t<\/li>\r\n\t\t\t\t\t\t<li>\r\n\t\t\t\t\t\t\t\t\t\t\t\t\t\t\t<div class=\"bookmark\">\r\n\t\t\t\t\t\t\t\t\t<div class=\"bg-bookmark\">\r\n\t\t\t\t\t\t\t\t\t\t<a href=\"javascript:void(0)\" class=\"tfre-property-favorite hv-tool \" \r\n\tdata-tfre-data-property-id=\"6623\" data-toggle=\"tooltip\"\r\n\tdata-tooltip=\"Zu Favoriten hinzuf\u00fcgen\"\r\n\tdata-tfre-data-title-not-favorite=\"Zu Favoriten hinzuf\u00fcgen\"\r\n\tdata-tfre-data-title-favorited=\"Es ist Ihr Favorit\"\r\n\tdata-tfre-data-icon-not-favorite=\"far fa-bookmark\"\r\n\tdata-tfre-data-icon-favorited=\"far fa-bookmark\"><i\r\n\t\tclass=\"far fa-bookmark\" aria-hidden=\"true\"><\/i><\/a>\t\t\t\t\t\t\t\t\t<\/div>\r\n\t\t\t\t\t\t\t\t<\/div>\r\n\t\t\t\t\t\t\t\t\t\t\t\t\t<\/li>\r\n\t\t\t\t\t\t<li>\r\n\t\t\t\t\t\t\t<a class=\"property-quick-view zoomGallery hv-tool\"\r\n\t\t\t\t\t\t\t\tdata-gallery=\"[&quot;https:\\\/\\\/tysinmobiliaria.com\\\/wp-content\\\/uploads\\\/2025\\\/09\\\/Screenshot-2025-09-21-180242-1-300x200.png&quot;,&quot;https:\\\/\\\/tysinmobiliaria.com\\\/wp-content\\\/uploads\\\/2025\\\/09\\\/Apartamento_2-2-scaled.png&quot;,&quot;https:\\\/\\\/tysinmobiliaria.com\\\/wp-content\\\/uploads\\\/2025\\\/09\\\/Screenshot-2025-09-21-180242-1-495x495.png&quot;,&quot;https:\\\/\\\/tysinmobiliaria.com\\\/wp-content\\\/uploads\\\/2024\\\/04\\\/Baner2-495x495.png&quot;]\"\r\n\t\t\t\t\t\t\t\thref=\"javascript:void(0)\"\r\n\t\t\t\t\t\t\t\tdata-tooltip=\"Schnellansicht\"\r\n\t\t\t\t\t\t\t\tdata-toggle=\"modal\" data-target=\"#property_quick_view_modal\"\r\n\t\t\t\t\t\t\t\tdata-property-id=\"6623\">\r\n\t\t\t\t\t\t\t\t<img decoding=\"async\" src=\"https:\/\/tysinmobiliaria.com\/wp-content\/plugins\/homelengo-real-estate\/public\/assets\/image\/icon\/look.svg\"\r\n\t\t\t\t\t\t\t\t\talt=\"icon-map\">\r\n\t\t\t\t\t\t\t<\/a>\r\n\t\t\t\t\t\t<\/li>\r\n\t\t\t\t\t<\/ul>\r\n\t\t\t\t\t\t\t<\/div>\r\n\t\t<\/div>\r\n\t\t<div class=\"card-content\">\r\n\t\t\t<h3 class=\"tfre-property-title\">\r\n\t\t\t\t<a target=\"_blank\" title=\"Residencial Alexandy\" href=\"https:\/\/tysinmobiliaria.com\/de\/real-estate\/residencial-alexandy-6\/\">Residencial Alexandy<\/a>\r\n\t\t\t<\/h3>\r\n\t\t\t\t\t\t\t<p class=\"tfre-property-address\">\r\n\t\t\t\t\t<a title=\"Calle Proyecto 1, Fantino, S\u00e1nchez Ram\u00edrez, Dominican Republic\" target=\"_blank\" href=\"\/\/maps.google.com\/?q=Calle%20Proyecto%201,%20Fantino,%20S\u00e1nchez%20Ram\u00edrez,%20Dominican%20Republic+\">\r\n\t\t\t\t\t\t<img decoding=\"async\" loading=\"lazy\" src=\"https:\/\/tysinmobiliaria.com\/wp-content\/plugins\/homelengo-real-estate\/public\/assets\/image\/icon\/map2.svg\" class=\"icon-property\" alt=\"icon-map\">Calle Proyecto 1, Fantino, S\u00e1nchez Ram\u00edrez, Dominican Republic\t\t\t\t\t<\/a>\r\n\t\t\t\t<\/p>\r\n\t\t\t\t\t\t<div class=\"description\">\r\n\t\t\t\t\t\t\t\t\t<div class=\"property-information\">\r\n\t\t\t\t\t\t<i class=\"icons icon-bed\"><\/i>\r\n\t\t\t\t\t\tSchlafzimmer <span class=\"value\">3<\/span>\t\t\t\t\t<\/div>\r\n\t\t\t\t\t\t\t\t\t\t\t\t\t<div class=\"property-information\">\r\n\t\t\t\t\t\t<img decoding=\"async\" loading=\"lazy\" src=\"https:\/\/tysinmobiliaria.com\/wp-content\/plugins\/homelengo-real-estate\/public\/assets\/image\/icon\/bath2.svg\" class=\"icon-property\" alt=\"icon-bath\">\r\n\t\t\t\t\t\tB\u00e4der <span class=\"value\">2<\/span>\t\t\t\t\t<\/div>\r\n\t\t\t\t\t\t\t\t\t\t\t\t\t<div class=\"property-information\">\r\n\t\t\t\t\t\t<img decoding=\"async\" loading=\"lazy\" src=\"https:\/\/tysinmobiliaria.com\/wp-content\/plugins\/homelengo-real-estate\/public\/assets\/image\/icon\/size2.svg\" class=\"icon-property\" alt=\"icon-size\">\r\n\t\t\t\t\t\tm2 <span class=\"value\">136<\/span>\t\t\t\t\t<\/div>\r\n\t\t\t\t\t\t\t\t\t\t\t\t\t\t\t\t\t\t\t\t\t\t\t<\/div>\r\n\t\t\t\t\t\t\t<div class=\"card-bottom\">\r\n\t\t\t\t\t\t\t\t\t\t\t<a href=\"https:\/\/tysinmobiliaria.com\/de\/agent\/alexandy-burgos-espino\/\" class=\"avatar\">\r\n\t\t\t\t\t\t\t<img alt=\"\"\r\n\t\t\t\t\t\t\t\tsrc=\"\"\r\n\t\t\t\t\t\t\t\tonerror=\"this.src = 'https:\/\/tysinmobiliaria.com\/wp-content\/uploads\/2025\/09\/Avatar_TS.png';\"\r\n\t\t\t\t\t\t\t\tclass=\"avatar avatar-96 photo\" loading=\"lazy\">\r\n\t\t\t\t\t\t\t<span class=\"user-name\"><\/span>\r\n\t\t\t\t\t\t<\/a>\r\n\t\t\t\t\t\t\t\t\t<\/div>\r\n\t\t\t\t\t<\/div>\r\n\t<\/div>\r\n<\/div><div class=\"tfre-property-card cards-item col-md-3 col-sm-4 col-xs-12\" data-col=\"col-md-3 col-sm-4 col-xs-12\">\r\n\t<div class=\"card property-inner\">\r\n\t\t<div class=\"card-image\">\r\n\t\t\t<a href=\"https:\/\/tysinmobiliaria.com\/de\/real-estate\/residencial-alexandy-4\/\" class=\"property-thumb\">\r\n\t\t\t\t<img loading=\"lazy\" loading=\"lazy\" width=\"628\" height=\"450\"\r\n\t\t\t\t\tsrc=\"https:\/\/tysinmobiliaria.com\/wp-content\/uploads\/2025\/09\/Baner2-4-628x450.png\"\r\n\t\t\t\t\tonerror=\"this.src = 'https:\/\/tysinmobiliaria.com\/wp-content\/plugins\/homelengo-real-estate\/includes\/elementor-widget\/assets\/images\/no-image.jpg';\" alt=\"Residencial Alexandy\"\r\n\t\t\t\t\ttitle=\"Residencial Alexandy\" class=\"\"\r\n\t\t\t\t\tdata-image=\"https:\/\/tysinmobiliaria.com\/wp-content\/uploads\/2025\/09\/Baner2-4-628x450.png\"\r\n\t\t\t\t\tdata-location=\"Calle Proyecto 1, Fantino, S\u00e1nchez Ram\u00edrez, Dominican Republic\"\r\n\t\t\t\t\tdata-id=\"6588\"\r\n\t\t\t\t\tdata-price=\"\u20ac76,043\"\r\n\t\t\t\t\tdata-price-prefix=\"\"\r\n\t\t\t\t\tdata-price-postfix=\"\">\r\n\t\t\t<\/a>\r\n\t\t\t\t\t\t\t<ul class=\"list-text\">\r\n\t\t\t\t\t\t\t\t\t\t\t\t\t\t\t\t<li>\r\n\t\t\t\t\t\t\t<span class=\"sale-text\">Zu verkaufen<\/span>\r\n\t\t\t\t\t\t<\/li>\r\n\t\t\t\t\t\t\t\t\t<\/ul>\r\n\t\t\t\t\t\t<div class=\"bottom-infor-features\">\r\n\t\t\t\t\t\t\t\t\t<span class=\"tfre-property-price\">\r\n\t\t\t\t\t\t\t\t\t\t\t\t<span class=\"tfre-prop-price-value\">\u20ac76,043<\/span>\r\n\t\t\t\t\t\t\t\t\t\t\t<\/span>\r\n\t\t\t\t\t\t\t\t\t\t\t\t\t<ul class=\"list-controller\">\r\n\t\t\t\t\t\t<li>\r\n\t\t\t\t\t\t\t<a class=\"compare tfre-compare-property hv-tool\" href=\"javascript:void(0)\"\r\n\t\t\t\t\t\t\t\tdata-property-id=\"6588\" data-toggle=\"tooltip\"\r\n\t\t\t\t\t\t\t\tdata-tooltip=\"Zum Vergleich hinzuf\u00fcgen\"\r\n\t\t\t\t\t\t\t\ttitle=\"Vergleichen\">\r\n\t\t\t\t\t\t\t\t<i class=\"far fa-plus\"><\/i>\r\n\t\t\t\t\t\t\t<\/a>\r\n\t\t\t\t\t\t<\/li>\r\n\t\t\t\t\t\t<li>\r\n\t\t\t\t\t\t\t\t\t\t\t\t\t\t\t<div class=\"bookmark\">\r\n\t\t\t\t\t\t\t\t\t<div class=\"bg-bookmark\">\r\n\t\t\t\t\t\t\t\t\t\t<a href=\"javascript:void(0)\" class=\"tfre-property-favorite hv-tool \" \r\n\tdata-tfre-data-property-id=\"6588\" data-toggle=\"tooltip\"\r\n\tdata-tooltip=\"Zu Favoriten hinzuf\u00fcgen\"\r\n\tdata-tfre-data-title-not-favorite=\"Zu Favoriten hinzuf\u00fcgen\"\r\n\tdata-tfre-data-title-favorited=\"Es ist Ihr Favorit\"\r\n\tdata-tfre-data-icon-not-favorite=\"far fa-bookmark\"\r\n\tdata-tfre-data-icon-favorited=\"far fa-bookmark\"><i\r\n\t\tclass=\"far fa-bookmark\" aria-hidden=\"true\"><\/i><\/a>\t\t\t\t\t\t\t\t\t<\/div>\r\n\t\t\t\t\t\t\t\t<\/div>\r\n\t\t\t\t\t\t\t\t\t\t\t\t\t<\/li>\r\n\t\t\t\t\t\t<li>\r\n\t\t\t\t\t\t\t<a class=\"property-quick-view zoomGallery hv-tool\"\r\n\t\t\t\t\t\t\t\tdata-gallery=\"[&quot;https:\\\/\\\/tysinmobiliaria.com\\\/wp-content\\\/uploads\\\/2025\\\/09\\\/Baner2-4-300x213.png&quot;,&quot;https:\\\/\\\/tysinmobiliaria.com\\\/wp-content\\\/uploads\\\/2025\\\/09\\\/Apartamento_2-1-scaled.png&quot;,&quot;https:\\\/\\\/tysinmobiliaria.com\\\/wp-content\\\/uploads\\\/2025\\\/09\\\/Screenshot-2025-09-21-180226-1.png&quot;,&quot;https:\\\/\\\/tysinmobiliaria.com\\\/wp-content\\\/uploads\\\/2024\\\/04\\\/Baner-495x495.png&quot;,&quot;https:\\\/\\\/tysinmobiliaria.com\\\/wp-content\\\/uploads\\\/2024\\\/04\\\/Baner2-495x495.png&quot;]\"\r\n\t\t\t\t\t\t\t\thref=\"javascript:void(0)\"\r\n\t\t\t\t\t\t\t\tdata-tooltip=\"Schnellansicht\"\r\n\t\t\t\t\t\t\t\tdata-toggle=\"modal\" data-target=\"#property_quick_view_modal\"\r\n\t\t\t\t\t\t\t\tdata-property-id=\"6588\">\r\n\t\t\t\t\t\t\t\t<img decoding=\"async\" src=\"https:\/\/tysinmobiliaria.com\/wp-content\/plugins\/homelengo-real-estate\/public\/assets\/image\/icon\/look.svg\"\r\n\t\t\t\t\t\t\t\t\talt=\"icon-map\">\r\n\t\t\t\t\t\t\t<\/a>\r\n\t\t\t\t\t\t<\/li>\r\n\t\t\t\t\t<\/ul>\r\n\t\t\t\t\t\t\t<\/div>\r\n\t\t<\/div>\r\n\t\t<div class=\"card-content\">\r\n\t\t\t<h3 class=\"tfre-property-title\">\r\n\t\t\t\t<a target=\"_blank\" title=\"Residencial Alexandy\" href=\"https:\/\/tysinmobiliaria.com\/de\/real-estate\/residencial-alexandy-4\/\">Residencial Alexandy<\/a>\r\n\t\t\t<\/h3>\r\n\t\t\t\t\t\t\t<p class=\"tfre-property-address\">\r\n\t\t\t\t\t<a title=\"Calle Proyecto 1, Fantino, S\u00e1nchez Ram\u00edrez, Dominican Republic\" target=\"_blank\" href=\"\/\/maps.google.com\/?q=Calle%20Proyecto%201,%20Fantino,%20S\u00e1nchez%20Ram\u00edrez,%20Dominican%20Republic+\">\r\n\t\t\t\t\t\t<img decoding=\"async\" loading=\"lazy\" src=\"https:\/\/tysinmobiliaria.com\/wp-content\/plugins\/homelengo-real-estate\/public\/assets\/image\/icon\/map2.svg\" class=\"icon-property\" alt=\"icon-map\">Calle Proyecto 1, Fantino, S\u00e1nchez Ram\u00edrez, Dominican Republic\t\t\t\t\t<\/a>\r\n\t\t\t\t<\/p>\r\n\t\t\t\t\t\t<div class=\"description\">\r\n\t\t\t\t\t\t\t\t\t<div class=\"property-information\">\r\n\t\t\t\t\t\t<i class=\"icons icon-bed\"><\/i>\r\n\t\t\t\t\t\tSchlafzimmer <span class=\"value\">0<\/span>\t\t\t\t\t<\/div>\r\n\t\t\t\t\t\t\t\t\t\t\t\t\t<div class=\"property-information\">\r\n\t\t\t\t\t\t<img decoding=\"async\" loading=\"lazy\" src=\"https:\/\/tysinmobiliaria.com\/wp-content\/plugins\/homelengo-real-estate\/public\/assets\/image\/icon\/bath2.svg\" class=\"icon-property\" alt=\"icon-bath\">\r\n\t\t\t\t\t\tB\u00e4der <span class=\"value\">2<\/span>\t\t\t\t\t<\/div>\r\n\t\t\t\t\t\t\t\t\t\t\t\t\t<div class=\"property-information\">\r\n\t\t\t\t\t\t<img decoding=\"async\" loading=\"lazy\" src=\"https:\/\/tysinmobiliaria.com\/wp-content\/plugins\/homelengo-real-estate\/public\/assets\/image\/icon\/size2.svg\" class=\"icon-property\" alt=\"icon-size\">\r\n\t\t\t\t\t\tm2 <span class=\"value\">136<\/span>\t\t\t\t\t<\/div>\r\n\t\t\t\t\t\t\t\t\t\t\t\t\t\t\t\t\t\t\t\t\t\t\t<\/div>\r\n\t\t\t\t\t\t\t<div class=\"card-bottom\">\r\n\t\t\t\t\t\t\t\t\t\t\t<a href=\"\" class=\"avatar\">\r\n\t\t\t\t\t\t\t<img alt=\"\"\r\n\t\t\t\t\t\t\t\tsrc=\"\"\r\n\t\t\t\t\t\t\t\tonerror=\"this.src = 'https:\/\/tysinmobiliaria.com\/wp-content\/uploads\/2025\/09\/Avatar_TS.png';\"\r\n\t\t\t\t\t\t\t\tclass=\"avatar avatar-96 photo\" loading=\"lazy\">\r\n\t\t\t\t\t\t\t<span class=\"user-name\"><\/span>\r\n\t\t\t\t\t\t<\/a>\r\n\t\t\t\t\t\t\t\t\t<\/div>\r\n\t\t\t\t\t<\/div>\r\n\t<\/div>\r\n<\/div><div class=\"tfre-property-card cards-item col-md-3 col-sm-4 col-xs-12\" data-col=\"col-md-3 col-sm-4 col-xs-12\">\r\n\t<div class=\"card property-inner\">\r\n\t\t<div class=\"card-image\">\r\n\t\t\t<a href=\"https:\/\/tysinmobiliaria.com\/de\/real-estate\/residencial-alexandy\/\" class=\"property-thumb\">\r\n\t\t\t\t<img loading=\"lazy\" loading=\"lazy\" width=\"628\" height=\"450\"\r\n\t\t\t\t\tsrc=\"https:\/\/tysinmobiliaria.com\/wp-content\/uploads\/2025\/09\/Baner2-4-628x450.png\"\r\n\t\t\t\t\tonerror=\"this.src = 'https:\/\/tysinmobiliaria.com\/wp-content\/plugins\/homelengo-real-estate\/includes\/elementor-widget\/assets\/images\/no-image.jpg';\" alt=\"Residencial Alexandy\"\r\n\t\t\t\t\ttitle=\"Residencial Alexandy\" class=\"\"\r\n\t\t\t\t\tdata-image=\"https:\/\/tysinmobiliaria.com\/wp-content\/uploads\/2025\/09\/Baner2-4-628x450.png\"\r\n\t\t\t\t\tdata-location=\"Calle Proyecto 1, Fantino, S\u00e1nchez Ram\u00edrez, Dominican Republic\"\r\n\t\t\t\t\tdata-id=\"6524\"\r\n\t\t\t\t\tdata-price=\"\u20ac76,111\"\r\n\t\t\t\t\tdata-price-prefix=\"\"\r\n\t\t\t\t\tdata-price-postfix=\"\">\r\n\t\t\t<\/a>\r\n\t\t\t\t\t\t\t<ul class=\"list-text\">\r\n\t\t\t\t\t\t\t\t\t\t\t\t\t\t\t\t<li>\r\n\t\t\t\t\t\t\t<span class=\"sale-text\">Zu verkaufen<\/span>\r\n\t\t\t\t\t\t<\/li>\r\n\t\t\t\t\t\t\t\t\t<\/ul>\r\n\t\t\t\t\t\t<div class=\"bottom-infor-features\">\r\n\t\t\t\t\t\t\t\t\t<span class=\"tfre-property-price\">\r\n\t\t\t\t\t\t\t\t\t\t\t\t<span class=\"tfre-prop-price-value\">\u20ac76,111<\/span>\r\n\t\t\t\t\t\t\t\t\t\t\t<\/span>\r\n\t\t\t\t\t\t\t\t\t\t\t\t\t<ul class=\"list-controller\">\r\n\t\t\t\t\t\t<li>\r\n\t\t\t\t\t\t\t<a class=\"compare tfre-compare-property hv-tool\" href=\"javascript:void(0)\"\r\n\t\t\t\t\t\t\t\tdata-property-id=\"6524\" data-toggle=\"tooltip\"\r\n\t\t\t\t\t\t\t\tdata-tooltip=\"Zum Vergleich hinzuf\u00fcgen\"\r\n\t\t\t\t\t\t\t\ttitle=\"Vergleichen\">\r\n\t\t\t\t\t\t\t\t<i class=\"far fa-plus\"><\/i>\r\n\t\t\t\t\t\t\t<\/a>\r\n\t\t\t\t\t\t<\/li>\r\n\t\t\t\t\t\t<li>\r\n\t\t\t\t\t\t\t\t\t\t\t\t\t\t\t<div class=\"bookmark\">\r\n\t\t\t\t\t\t\t\t\t<div class=\"bg-bookmark\">\r\n\t\t\t\t\t\t\t\t\t\t<a href=\"javascript:void(0)\" class=\"tfre-property-favorite hv-tool \" \r\n\tdata-tfre-data-property-id=\"6524\" data-toggle=\"tooltip\"\r\n\tdata-tooltip=\"Zu Favoriten hinzuf\u00fcgen\"\r\n\tdata-tfre-data-title-not-favorite=\"Zu Favoriten hinzuf\u00fcgen\"\r\n\tdata-tfre-data-title-favorited=\"Es ist Ihr Favorit\"\r\n\tdata-tfre-data-icon-not-favorite=\"far fa-bookmark\"\r\n\tdata-tfre-data-icon-favorited=\"far fa-bookmark\"><i\r\n\t\tclass=\"far fa-bookmark\" aria-hidden=\"true\"><\/i><\/a>\t\t\t\t\t\t\t\t\t<\/div>\r\n\t\t\t\t\t\t\t\t<\/div>\r\n\t\t\t\t\t\t\t\t\t\t\t\t\t<\/li>\r\n\t\t\t\t\t\t<li>\r\n\t\t\t\t\t\t\t<a class=\"property-quick-view zoomGallery hv-tool\"\r\n\t\t\t\t\t\t\t\tdata-gallery=\"[&quot;https:\\\/\\\/tysinmobiliaria.com\\\/wp-content\\\/uploads\\\/2025\\\/08\\\/Banner-_Laterar1-495x495.png&quot;,&quot;https:\\\/\\\/tysinmobiliaria.com\\\/wp-content\\\/uploads\\\/2025\\\/09\\\/Screenshot-2025-09-21-180226.png&quot;]\"\r\n\t\t\t\t\t\t\t\thref=\"javascript:void(0)\"\r\n\t\t\t\t\t\t\t\tdata-tooltip=\"Schnellansicht\"\r\n\t\t\t\t\t\t\t\tdata-toggle=\"modal\" data-target=\"#property_quick_view_modal\"\r\n\t\t\t\t\t\t\t\tdata-property-id=\"6524\">\r\n\t\t\t\t\t\t\t\t<img decoding=\"async\" src=\"https:\/\/tysinmobiliaria.com\/wp-content\/plugins\/homelengo-real-estate\/public\/assets\/image\/icon\/look.svg\"\r\n\t\t\t\t\t\t\t\t\talt=\"icon-map\">\r\n\t\t\t\t\t\t\t<\/a>\r\n\t\t\t\t\t\t<\/li>\r\n\t\t\t\t\t<\/ul>\r\n\t\t\t\t\t\t\t<\/div>\r\n\t\t<\/div>\r\n\t\t<div class=\"card-content\">\r\n\t\t\t<h3 class=\"tfre-property-title\">\r\n\t\t\t\t<a target=\"_blank\" title=\"Residencial Alexandy\" href=\"https:\/\/tysinmobiliaria.com\/de\/real-estate\/residencial-alexandy\/\">Residencial Alexandy<\/a>\r\n\t\t\t<\/h3>\r\n\t\t\t\t\t\t\t<p class=\"tfre-property-address\">\r\n\t\t\t\t\t<a title=\"Calle Proyecto 1, Fantino, S\u00e1nchez Ram\u00edrez, Dominican Republic\" target=\"_blank\" href=\"\/\/maps.google.com\/?q=Calle%20Proyecto%201,%20Fantino,%20S\u00e1nchez%20Ram\u00edrez,%20Dominican%20Republic+\">\r\n\t\t\t\t\t\t<img decoding=\"async\" loading=\"lazy\" src=\"https:\/\/tysinmobiliaria.com\/wp-content\/plugins\/homelengo-real-estate\/public\/assets\/image\/icon\/map2.svg\" class=\"icon-property\" alt=\"icon-map\">Calle Proyecto 1, Fantino, S\u00e1nchez Ram\u00edrez, Dominican Republic\t\t\t\t\t<\/a>\r\n\t\t\t\t<\/p>\r\n\t\t\t\t\t\t<div class=\"description\">\r\n\t\t\t\t\t\t\t\t\t<div class=\"property-information\">\r\n\t\t\t\t\t\t<i class=\"icons icon-bed\"><\/i>\r\n\t\t\t\t\t\tSchlafzimmer <span class=\"value\">3<\/span>\t\t\t\t\t<\/div>\r\n\t\t\t\t\t\t\t\t\t\t\t\t\t<div class=\"property-information\">\r\n\t\t\t\t\t\t<img decoding=\"async\" loading=\"lazy\" src=\"https:\/\/tysinmobiliaria.com\/wp-content\/plugins\/homelengo-real-estate\/public\/assets\/image\/icon\/bath2.svg\" class=\"icon-property\" alt=\"icon-bath\">\r\n\t\t\t\t\t\tB\u00e4der <span class=\"value\">2<\/span>\t\t\t\t\t<\/div>\r\n\t\t\t\t\t\t\t\t\t\t\t\t\t<div class=\"property-information\">\r\n\t\t\t\t\t\t<img decoding=\"async\" loading=\"lazy\" src=\"https:\/\/tysinmobiliaria.com\/wp-content\/plugins\/homelengo-real-estate\/public\/assets\/image\/icon\/size2.svg\" class=\"icon-property\" alt=\"icon-size\">\r\n\t\t\t\t\t\tm2 <span class=\"value\">136<\/span>\t\t\t\t\t<\/div>\r\n\t\t\t\t\t\t\t\t\t\t\t\t\t\t\t\t\t\t\t\t\t\t\t<\/div>\r\n\t\t\t\t\t\t\t<div class=\"card-bottom\">\r\n\t\t\t\t\t\t\t\t\t\t\t<a href=\"\" class=\"avatar\">\r\n\t\t\t\t\t\t\t<img alt=\"\"\r\n\t\t\t\t\t\t\t\tsrc=\"\"\r\n\t\t\t\t\t\t\t\tonerror=\"this.src = 'https:\/\/tysinmobiliaria.com\/wp-content\/uploads\/2025\/09\/Avatar_TS.png';\"\r\n\t\t\t\t\t\t\t\tclass=\"avatar avatar-96 photo\" loading=\"lazy\">\r\n\t\t\t\t\t\t\t<span class=\"user-name\"><\/span>\r\n\t\t\t\t\t\t<\/a>\r\n\t\t\t\t\t\t\t\t\t<\/div>\r\n\t\t\t\t\t<\/div>\r\n\t<\/div>\r\n<\/div><\/div>\r\n<div class=\"modal fade property_quick_view_modal\" id=\"property_quick_view_modal\" tabindex=\"-1\" role=\"dialog\">\r\n\t<div class=\"modal-xl modal-dialog modal-dialog-centered\" role=\"document\">\r\n\t\t<div class=\"modal-content\">\r\n\t\t\t<div class=\"modal-body\">\r\n\t\t\t<\/div>\r\n\t\t<\/div>\r\n\t<\/div>\r\n<\/div>\r\n\t\t\t\t\t\t\t\t<\/div>\n\t\t\t\t\t<\/div>\n\t\t\t\t<\/div>\n\t\t\t\t<\/div>\n\t\t","protected":false},"excerpt":{"rendered":"","protected":false},"author":1,"featured_media":0,"parent":0,"menu_order":0,"comment_status":"closed","ping_status":"closed","template":"","meta":{"_monsterinsights_skip_tracking":false,"footnotes":""},"class_list":["post-3954","page","type-page","status-publish","hentry"],"aioseo_notices":[],"aioseo_head":"\n\t\t<!-- All in One SEO 5.0.1.1 - aioseo.com -->\n\t<meta name=\"description\" content=\"Wohnanlage Alexandy Die Wohnanlage Alexandy ist ein exklusives dreist\u00f6ckiges Projekt in Fantino, Provinz S\u00e1nchez Ram\u00edrez, Dominikanische Republik.Mit einem modernen und funktionalen Design bietet jede Wohnung 136,33 m\u00b2 Wohnfl\u00e4che, strategisch aufgeteilt, um Komfort, Ger\u00e4umigkeit und Eleganz zu gew\u00e4hrleisten. Wohnungsaufteilung 3 Schlafzimmer, einschlie\u00dflich eines Hauptschlafzimmers mit eigenem Bad und begehbarem Kleiderschrank. 2 komplette Badezimmer. Gro\u00dfes Wohn- und\" \/>\n\t<meta name=\"robots\" content=\"max-image-preview:large\" \/>\n\t<link rel=\"canonical\" href=\"https:\/\/tysinmobiliaria.com\/de\/real-estate\/residencial-alexandy\/\" \/>\n\t<meta name=\"generator\" content=\"All in One SEO (AIOSEO) 5.0.1.1\" \/>\n\t\t<meta property=\"og:locale\" content=\"de_DE\" \/>\n\t\t<meta property=\"og:site_name\" content=\"T&amp;S Inmobiliaria - Compra, venta y alquiler de inmuebles con asesor\u00eda profesional\" \/>\n\t\t<meta property=\"og:type\" content=\"article\" \/>\n\t\t<meta property=\"og:title\" content=\"Residencial Alexandy - T&amp;S Inmobiliaria\" \/>\n\t\t<meta property=\"og:description\" content=\"Wohnanlage Alexandy Die Wohnanlage Alexandy ist ein exklusives dreist\u00f6ckiges Projekt in Fantino, Provinz S\u00e1nchez Ram\u00edrez, Dominikanische Republik.Mit einem modernen und funktionalen Design bietet jede Wohnung 136,33 m\u00b2 Wohnfl\u00e4che, strategisch aufgeteilt, um Komfort, Ger\u00e4umigkeit und Eleganz zu gew\u00e4hrleisten. Wohnungsaufteilung 3 Schlafzimmer, einschlie\u00dflich eines Hauptschlafzimmers mit eigenem Bad und begehbarem Kleiderschrank. 2 komplette Badezimmer. Gro\u00dfes Wohn- und\" \/>\n\t\t<meta property=\"og:url\" content=\"https:\/\/tysinmobiliaria.com\/de\/real-estate\/residencial-alexandy\/\" \/>\n\t\t<meta property=\"article:published_time\" content=\"2025-09-24T21:05:37+00:00\" \/>\n\t\t<meta property=\"article:modified_time\" content=\"2025-11-06T16:22:56+00:00\" \/>\n\t\t<meta name=\"twitter:card\" content=\"summary_large_image\" \/>\n\t\t<meta name=\"twitter:title\" content=\"Residencial Alexandy - T&amp;S Inmobiliaria\" \/>\n\t\t<meta name=\"twitter:description\" content=\"Wohnanlage Alexandy Die Wohnanlage Alexandy ist ein exklusives dreist\u00f6ckiges Projekt in Fantino, Provinz S\u00e1nchez Ram\u00edrez, Dominikanische Republik.Mit einem modernen und funktionalen Design bietet jede Wohnung 136,33 m\u00b2 Wohnfl\u00e4che, strategisch aufgeteilt, um Komfort, Ger\u00e4umigkeit und Eleganz zu gew\u00e4hrleisten. Wohnungsaufteilung 3 Schlafzimmer, einschlie\u00dflich eines Hauptschlafzimmers mit eigenem Bad und begehbarem Kleiderschrank. 2 komplette Badezimmer. Gro\u00dfes Wohn- und\" \/>\n\t\t<script type=\"application\/ld+json\" class=\"aioseo-schema\">\n\t\t\t{\"@context\":\"https:\\\/\\\/schema.org\",\"@graph\":[{\"@type\":\"BreadcrumbList\",\"@id\":\"https:\\\/\\\/tysinmobiliaria.com\\\/de\\\/real-estate\\\/residencial-alexandy\\\/#breadcrumblist\",\"itemListElement\":[{\"@type\":\"ListItem\",\"@id\":\"https:\\\/\\\/tysinmobiliaria.com\\\/de\\\/#listItem\",\"position\":1,\"name\":\"Home\",\"item\":\"https:\\\/\\\/tysinmobiliaria.com\\\/de\\\/\",\"nextItem\":{\"@type\":\"ListItem\",\"@id\":\"https:\\\/\\\/tysinmobiliaria.com\\\/de\\\/projekte\\\/#listItem\",\"name\":\"Projekte\"}},{\"@type\":\"ListItem\",\"@id\":\"https:\\\/\\\/tysinmobiliaria.com\\\/de\\\/projekte\\\/#listItem\",\"position\":2,\"name\":\"Projekte\",\"previousItem\":{\"@type\":\"ListItem\",\"@id\":\"https:\\\/\\\/tysinmobiliaria.com\\\/de\\\/#listItem\",\"name\":\"Home\"}}]},{\"@type\":\"Organization\",\"@id\":\"https:\\\/\\\/tysinmobiliaria.com\\\/de\\\/#organization\",\"name\":\"T&S Inmobiliaria\",\"description\":\"Compra, venta y alquiler de inmuebles con asesor\\u00eda profesional\",\"url\":\"https:\\\/\\\/tysinmobiliaria.com\\\/de\\\/\"},{\"@type\":\"Person\",\"@id\":\"https:\\\/\\\/tysinmobiliaria.com\\\/de\\\/author\\\/alex\\\/#author\",\"url\":\"https:\\\/\\\/tysinmobiliaria.com\\\/de\\\/author\\\/alex\\\/\",\"name\":\"Alexandy\",\"image\":{\"@type\":\"ImageObject\",\"@id\":\"https:\\\/\\\/tysinmobiliaria.com\\\/de\\\/real-estate\\\/residencial-alexandy\\\/#authorImage\",\"url\":\"https:\\\/\\\/secure.gravatar.com\\\/avatar\\\/80e9760c8eabb0d4a0c81c8bec1e105a45c5f95d4f00739d9d2d45f28a70af57?s=96&d=mm&r=g\",\"width\":96,\"height\":96,\"caption\":\"Alexandy\"}},{\"@type\":\"WebPage\",\"@id\":\"https:\\\/\\\/tysinmobiliaria.com\\\/de\\\/real-estate\\\/residencial-alexandy\\\/#webpage\",\"url\":\"https:\\\/\\\/tysinmobiliaria.com\\\/de\\\/real-estate\\\/residencial-alexandy\\\/\",\"name\":\"Residencial Alexandy - T&S Inmobiliaria\",\"description\":\"Wohnanlage Alexandy Die Wohnanlage Alexandy ist ein exklusives dreist\\u00f6ckiges Projekt in Fantino, Provinz S\\u00e1nchez Ram\\u00edrez, Dominikanische Republik.Mit einem modernen und funktionalen Design bietet jede Wohnung 136,33 m\\u00b2 Wohnfl\\u00e4che, strategisch aufgeteilt, um Komfort, Ger\\u00e4umigkeit und Eleganz zu gew\\u00e4hrleisten. Wohnungsaufteilung 3 Schlafzimmer, einschlie\\u00dflich eines Hauptschlafzimmers mit eigenem Bad und begehbarem Kleiderschrank. 2 komplette Badezimmer. Gro\\u00dfes Wohn- und\",\"inLanguage\":\"de-DE\",\"isPartOf\":{\"@id\":\"https:\\\/\\\/tysinmobiliaria.com\\\/de\\\/#website\"},\"breadcrumb\":{\"@id\":\"https:\\\/\\\/tysinmobiliaria.com\\\/de\\\/real-estate\\\/residencial-alexandy\\\/#breadcrumblist\"},\"author\":{\"@id\":\"https:\\\/\\\/tysinmobiliaria.com\\\/de\\\/author\\\/alex\\\/#author\"},\"creator\":{\"@id\":\"https:\\\/\\\/tysinmobiliaria.com\\\/de\\\/author\\\/alex\\\/#author\"},\"image\":{\"@type\":\"ImageObject\",\"url\":\"https:\\\/\\\/tysinmobiliaria.com\\\/wp-content\\\/uploads\\\/2025\\\/09\\\/Baner2-4.png\",\"@id\":\"https:\\\/\\\/tysinmobiliaria.com\\\/de\\\/real-estate\\\/residencial-alexandy\\\/#mainImage\",\"width\":1200,\"height\":850},\"primaryImageOfPage\":{\"@id\":\"https:\\\/\\\/tysinmobiliaria.com\\\/de\\\/real-estate\\\/residencial-alexandy\\\/#mainImage\"},\"datePublished\":\"2025-09-24T21:05:37+00:00\",\"dateModified\":\"2025-11-06T16:22:56+00:00\"},{\"@type\":\"WebSite\",\"@id\":\"https:\\\/\\\/tysinmobiliaria.com\\\/de\\\/#website\",\"url\":\"https:\\\/\\\/tysinmobiliaria.com\\\/de\\\/\",\"name\":\"T&S Inmobiliaria\",\"description\":\"Compra, venta y alquiler de inmuebles con asesor\\u00eda profesional\",\"inLanguage\":\"de-DE\",\"publisher\":{\"@id\":\"https:\\\/\\\/tysinmobiliaria.com\\\/de\\\/#organization\"}}]}\n\t\t<\/script>\n\t\t<!-- All in One SEO -->\n\n","aioseo_head_json":{"title":"Residencial Alexandy - T&S Inmobiliaria","description":"Wohnanlage Alexandy Die Wohnanlage Alexandy ist ein exklusives dreist\u00f6ckiges Projekt in Fantino, Provinz S\u00e1nchez Ram\u00edrez, Dominikanische Republik.Mit einem modernen und funktionalen Design bietet jede Wohnung 136,33 m\u00b2 Wohnfl\u00e4che, strategisch aufgeteilt, um Komfort, Ger\u00e4umigkeit und Eleganz zu gew\u00e4hrleisten. Wohnungsaufteilung 3 Schlafzimmer, einschlie\u00dflich eines Hauptschlafzimmers mit eigenem Bad und begehbarem Kleiderschrank. 2 komplette Badezimmer. Gro\u00dfes Wohn- und","canonical_url":"https:\/\/tysinmobiliaria.com\/de\/real-estate\/residencial-alexandy\/","robots":"max-image-preview:large","keywords":"","webmasterTools":{"miscellaneous":""},"schema":{"@context":"https:\/\/schema.org","@graph":[{"@type":"BreadcrumbList","@id":"https:\/\/tysinmobiliaria.com\/de\/real-estate\/residencial-alexandy\/#breadcrumblist","itemListElement":[{"@type":"ListItem","@id":"https:\/\/tysinmobiliaria.com\/de\/#listItem","position":1,"name":"Home","item":"https:\/\/tysinmobiliaria.com\/de\/","nextItem":{"@type":"ListItem","@id":"https:\/\/tysinmobiliaria.com\/de\/projekte\/#listItem","name":"Projekte"}},{"@type":"ListItem","@id":"https:\/\/tysinmobiliaria.com\/de\/projekte\/#listItem","position":2,"name":"Projekte","previousItem":{"@type":"ListItem","@id":"https:\/\/tysinmobiliaria.com\/de\/#listItem","name":"Home"}}]},{"@type":"Organization","@id":"https:\/\/tysinmobiliaria.com\/de\/#organization","name":"T&S Inmobiliaria","description":"Compra, venta y alquiler de inmuebles con asesor\u00eda profesional","url":"https:\/\/tysinmobiliaria.com\/de\/"},{"@type":"Person","@id":"https:\/\/tysinmobiliaria.com\/de\/author\/alex\/#author","url":"https:\/\/tysinmobiliaria.com\/de\/author\/alex\/","name":"Alexandy","image":{"@type":"ImageObject","@id":"https:\/\/tysinmobiliaria.com\/de\/real-estate\/residencial-alexandy\/#authorImage","url":"https:\/\/secure.gravatar.com\/avatar\/80e9760c8eabb0d4a0c81c8bec1e105a45c5f95d4f00739d9d2d45f28a70af57?s=96&d=mm&r=g","width":96,"height":96,"caption":"Alexandy"}},{"@type":"WebPage","@id":"https:\/\/tysinmobiliaria.com\/de\/real-estate\/residencial-alexandy\/#webpage","url":"https:\/\/tysinmobiliaria.com\/de\/real-estate\/residencial-alexandy\/","name":"Residencial Alexandy - T&S Inmobiliaria","description":"Wohnanlage Alexandy Die Wohnanlage Alexandy ist ein exklusives dreist\u00f6ckiges Projekt in Fantino, Provinz S\u00e1nchez Ram\u00edrez, Dominikanische Republik.Mit einem modernen und funktionalen Design bietet jede Wohnung 136,33 m\u00b2 Wohnfl\u00e4che, strategisch aufgeteilt, um Komfort, Ger\u00e4umigkeit und Eleganz zu gew\u00e4hrleisten. Wohnungsaufteilung 3 Schlafzimmer, einschlie\u00dflich eines Hauptschlafzimmers mit eigenem Bad und begehbarem Kleiderschrank. 2 komplette Badezimmer. Gro\u00dfes Wohn- und","inLanguage":"de-DE","isPartOf":{"@id":"https:\/\/tysinmobiliaria.com\/de\/#website"},"breadcrumb":{"@id":"https:\/\/tysinmobiliaria.com\/de\/real-estate\/residencial-alexandy\/#breadcrumblist"},"author":{"@id":"https:\/\/tysinmobiliaria.com\/de\/author\/alex\/#author"},"creator":{"@id":"https:\/\/tysinmobiliaria.com\/de\/author\/alex\/#author"},"image":{"@type":"ImageObject","url":"https:\/\/tysinmobiliaria.com\/wp-content\/uploads\/2025\/09\/Baner2-4.png","@id":"https:\/\/tysinmobiliaria.com\/de\/real-estate\/residencial-alexandy\/#mainImage","width":1200,"height":850},"primaryImageOfPage":{"@id":"https:\/\/tysinmobiliaria.com\/de\/real-estate\/residencial-alexandy\/#mainImage"},"datePublished":"2025-09-24T21:05:37+00:00","dateModified":"2025-11-06T16:22:56+00:00"},{"@type":"WebSite","@id":"https:\/\/tysinmobiliaria.com\/de\/#website","url":"https:\/\/tysinmobiliaria.com\/de\/","name":"T&S Inmobiliaria","description":"Compra, venta y alquiler de inmuebles con asesor\u00eda profesional","inLanguage":"de-DE","publisher":{"@id":"https:\/\/tysinmobiliaria.com\/de\/#organization"}}]},"og:locale":"de_DE","og:site_name":"T&amp;S Inmobiliaria - Compra, venta y alquiler de inmuebles con asesor\u00eda profesional","og:type":"article","og:title":"Residencial Alexandy - T&amp;S Inmobiliaria","og:description":"Wohnanlage Alexandy Die Wohnanlage Alexandy ist ein exklusives dreist\u00f6ckiges Projekt in Fantino, Provinz S\u00e1nchez Ram\u00edrez, Dominikanische Republik.Mit einem modernen und funktionalen Design bietet jede Wohnung 136,33 m\u00b2 Wohnfl\u00e4che, strategisch aufgeteilt, um Komfort, Ger\u00e4umigkeit und Eleganz zu gew\u00e4hrleisten. Wohnungsaufteilung 3 Schlafzimmer, einschlie\u00dflich eines Hauptschlafzimmers mit eigenem Bad und begehbarem Kleiderschrank. 2 komplette Badezimmer. Gro\u00dfes Wohn- und","og:url":"https:\/\/tysinmobiliaria.com\/de\/real-estate\/residencial-alexandy\/","article:published_time":"2025-09-24T21:05:37+00:00","article:modified_time":"2025-11-06T16:22:56+00:00","twitter:card":"summary_large_image","twitter:title":"Residencial Alexandy - T&amp;S Inmobiliaria","twitter:description":"Wohnanlage Alexandy Die Wohnanlage Alexandy ist ein exklusives dreist\u00f6ckiges Projekt in Fantino, Provinz S\u00e1nchez Ram\u00edrez, Dominikanische Republik.Mit einem modernen und funktionalen Design bietet jede Wohnung 136,33 m\u00b2 Wohnfl\u00e4che, strategisch aufgeteilt, um Komfort, Ger\u00e4umigkeit und Eleganz zu gew\u00e4hrleisten. Wohnungsaufteilung 3 Schlafzimmer, einschlie\u00dflich eines Hauptschlafzimmers mit eigenem Bad und begehbarem Kleiderschrank. 2 komplette Badezimmer. Gro\u00dfes Wohn- und"},"aioseo_meta_data":{"post_id":"3954","title":null,"description":null,"keywords":null,"keyphrases":{"focus":{"keyphrase":"","score":0,"analysis":{"keyphraseInTitle":{"score":0,"maxScore":9,"error":1}}},"additional":[]},"primary_term":null,"canonical_url":null,"og_title":null,"og_description":null,"og_object_type":"default","og_image_type":"default","og_image_url":null,"og_image_width":null,"og_image_height":null,"og_image_custom_url":null,"og_image_custom_fields":null,"og_video":"","og_custom_url":null,"og_article_section":null,"og_article_tags":null,"twitter_use_og":false,"twitter_card":"default","twitter_image_type":"default","twitter_image_url":null,"twitter_image_custom_url":null,"twitter_image_custom_fields":null,"twitter_title":null,"twitter_description":null,"schema":{"blockGraphs":[],"customGraphs":[],"default":{"data":{"Article":[],"Course":[],"Dataset":[],"FAQPage":[],"Movie":[],"Person":[],"Product":[],"ProductReview":[],"Car":[],"Recipe":[],"Service":[],"SoftwareApplication":[],"WebPage":[]},"graphName":"WebPage","isEnabled":true},"graphs":[]},"schema_type":"default","schema_type_options":null,"pillar_content":false,"robots_default":true,"robots_noindex":false,"robots_noarchive":false,"robots_nosnippet":false,"robots_nofollow":false,"robots_noimageindex":false,"robots_noodp":false,"robots_notranslate":false,"robots_max_snippet":"-1","robots_max_videopreview":"-1","robots_max_imagepreview":"large","priority":null,"frequency":"default","local_seo":null,"breadcrumb_settings":null,"limit_modified_date":false,"ai":{"faqs":[],"keyPoints":[],"titles":[],"descriptions":[],"socialPosts":{"email":[],"linkedin":[],"twitter":[],"facebook":[],"instagram":[]}},"created":"2025-09-14 17:05:24","updated":"2025-09-14 18:34:54","seo_analyzer_scan_date":null,"focus_keyword":null,"additional_keywords":null,"truseo_locale":null},"aioseo_breadcrumb":"<div class=\"aioseo-breadcrumbs\"><span class=\"aioseo-breadcrumb\">\n\t\t\t<a href=\"https:\/\/tysinmobiliaria.com\/de\/\" title=\"Home\">Home<\/a>\n\t\t<\/span><span class=\"aioseo-breadcrumb-separator\">&raquo;<\/span><span class=\"aioseo-breadcrumb\">\n\t\t\tProjekte\n\t\t<\/span><\/div>","aioseo_breadcrumb_json":[{"label":"Home","link":"https:\/\/tysinmobiliaria.com\/de\/"},{"label":"Projekte","link":"https:\/\/tysinmobiliaria.com\/de\/projekte\/"}],"_links":{"self":[{"href":"https:\/\/tysinmobiliaria.com\/de\/wp-json\/wp\/v2\/pages\/3954","targetHints":{"allow":["GET"]}}],"collection":[{"href":"https:\/\/tysinmobiliaria.com\/de\/wp-json\/wp\/v2\/pages"}],"about":[{"href":"https:\/\/tysinmobiliaria.com\/de\/wp-json\/wp\/v2\/types\/page"}],"author":[{"embeddable":true,"href":"https:\/\/tysinmobiliaria.com\/de\/wp-json\/wp\/v2\/users\/1"}],"replies":[{"embeddable":true,"href":"https:\/\/tysinmobiliaria.com\/de\/wp-json\/wp\/v2\/comments?post=3954"}],"version-history":[{"count":0,"href":"https:\/\/tysinmobiliaria.com\/de\/wp-json\/wp\/v2\/pages\/3954\/revisions"}],"wp:attachment":[{"href":"https:\/\/tysinmobiliaria.com\/de\/wp-json\/wp\/v2\/media?parent=3954"}],"curies":[{"name":"wp","href":"https:\/\/api.w.org\/{rel}","templated":true}]}}