{"id":4277,"date":"2025-08-28T19:34:09","date_gmt":"2025-08-28T19:34:09","guid":{"rendered":"https:\/\/tysinmobiliaria.com\/unser-team\/"},"modified":"2025-10-24T18:31:28","modified_gmt":"2025-10-24T18:31:28","slug":"unser-team","status":"publish","type":"page","link":"https:\/\/tysinmobiliaria.com\/de\/unser-team\/","title":{"rendered":"Unser Team"},"content":{"rendered":"\t\t<div data-elementor-type=\"wp-page\" data-elementor-id=\"4277\" class=\"elementor elementor-4277 elementor-3303\" data-elementor-post-type=\"page\">\n\t\t\t\t<div class=\"elementor-element elementor-element-ce49f0c e-flex e-con-boxed e-con e-parent\" data-id=\"ce49f0c\" data-element_type=\"container\" data-e-type=\"container\">\n\t\t\t\t\t<div class=\"e-con-inner\">\n\t\t\t\t<div class=\"elementor-element elementor-element-5a6bf1a9 elementor-widget elementor-widget-tf-title-section\" data-id=\"5a6bf1a9\" data-element_type=\"widget\" data-e-type=\"widget\" data-widget_type=\"tf-title-section.default\">\n\t\t\t\t<div class=\"elementor-widget-container\">\n\t\t\t\t\t<div id=\"tf-title-section-5a6bf1a9\" class=\"tf-title-section tf-split-text style1\" data-tabid=\"5a6bf1a9\"> \r\n\t\t\t\t\r\n\t\t\t\t<div class=\"title-section\">\r\n\t\t\t\t\t<div class=\"subtitle\">Conoce a nuestros asesores<\/div>\r\n\t\t\t\t\t<h5 class=\"heading\" data-splitting>Un equipo de profesionales listos para ayudarte a encontrar la propiedad ideal<\/h5>\r\n\t\t\t\t\t\r\n\t\t\t\t<\/div>                \r\n            <\/div>\t\t\t\t<\/div>\n\t\t\t\t<\/div>\n\t\t\t\t<div class=\"elementor-element elementor-element-723b3609 elementor-widget elementor-widget-tf_agents_list\" data-id=\"723b3609\" data-element_type=\"widget\" data-e-type=\"widget\" data-widget_type=\"tf_agents_list.default\">\n\t\t\t\t<div class=\"elementor-widget-container\">\n\t\t\t\t\t         <div id=\"tf-agent-723b3609\" class=\"tf-agent-wrap themesflat-agent-taxonomy style1 position-social-right  \" data-tabid=\"723b3609\">\r\n             <div class=\"wrap-agent-post row column-3\">\r\n \r\n                  \r\n                                      <div class=\"item\">\r\n\t\t<div class=\"agent-post agent-post-5343 has-social\">\r\n\t\t<div class=\"featured-post\">\r\n\t\t\t<div class=\"image-wrap\">\r\n\t\t\t\t<a href=\"https:\/\/tysinmobiliaria.com\/de\/agent\/alexandy-burgos-espino\/\" class=\"wrap-image\">\r\n\t\t\t\t\t<img decoding=\"async\" loading=\"lazy\" class=\"image-agent lazy\" src=\"\" data-src=\"https:\/\/tysinmobiliaria.com\/wp-content\/uploads\/2024\/04\/Alex_v2-1-615x410.png\" alt=\"image\">\t\t\t\t<\/a>\r\n\t\t\t\t\t\t\t\t\t<div class=\"social\"><a href=\"#\" target=\"_blank\" rel=\"nofollow\"><i class=\"fab fa-facebook-f\"><\/i><\/a><a href=\"#\" target=\"_blank\" rel=\"nofollow\"><i class=\"fab fa-linkedin-in\"><\/i><\/a><a href=\"#\" target=\"_blank\" rel=\"nofollow\"><i class=\"fab fa-twitter\"><\/i><\/a><a href=\"#\" target=\"_blank\" rel=\"nofollow\"><i class=\"icon-homelengo-instagram2\"><\/i><\/a><\/div>\t\t\t\t\t\t\t<\/div>\r\n\t\t<\/div>\r\n\t\t<div class=\"content\">\r\n\t\t\t<div class=\"info\">\r\n\t\t\t\t<h6 class=\"title\">\r\n\t\t\t\t\t<a href=\"https:\/\/tysinmobiliaria.com\/de\/agent\/alexandy-burgos-espino\/\">Alexandy Burgos Espino<\/a>\r\n\t\t\t\t<\/h6>\r\n\t\t\t\t\t\t\t\t\t\t\t\t\t\t\t<div class=\"position\">CEO bei T&amp;S Inmobiliaria<\/div>\r\n\t\t\t\t\t\t\t\t\t\t\t\t\t\t\t\t<\/div>\r\n\t\t\t\t\t\t\t<a href=\"tel:31620183288\" class=\"phone-user\" aria-label=\"phone call\"><i class=\"icon-homelengo-phone4\"><\/i><\/a>\r\n\t\t\t\t\t<\/div>\r\n\t<\/div>\r\n<\/div>                                      <div class=\"item\">\r\n\t\t<div class=\"agent-post agent-post-5295 has-social\">\r\n\t\t<div class=\"featured-post\">\r\n\t\t\t<div class=\"image-wrap\">\r\n\t\t\t\t<a href=\"https:\/\/tysinmobiliaria.com\/de\/agent\/yesenia-espino-regalado\/\" class=\"wrap-image\">\r\n\t\t\t\t\t<img decoding=\"async\" loading=\"lazy\" class=\"image-agent lazy\" src=\"\" data-src=\"https:\/\/tysinmobiliaria.com\/wp-content\/uploads\/2025\/09\/Yesenia-615x410.png\" alt=\"image\">\t\t\t\t<\/a>\r\n\t\t\t\t\t\t\t\t\t<div class=\"social\"><a href=\"#\" target=\"_blank\" rel=\"nofollow\"><i class=\"fab fa-facebook-f\"><\/i><\/a><a href=\"#\" target=\"_blank\" rel=\"nofollow\"><i class=\"fab fa-linkedin-in\"><\/i><\/a><a href=\"#\" target=\"_blank\" rel=\"nofollow\"><i class=\"fab fa-twitter\"><\/i><\/a><a href=\"#\" target=\"_blank\" rel=\"nofollow\"><i class=\"icon-homelengo-instagram2\"><\/i><\/a><\/div>\t\t\t\t\t\t\t<\/div>\r\n\t\t<\/div>\r\n\t\t<div class=\"content\">\r\n\t\t\t<div class=\"info\">\r\n\t\t\t\t<h6 class=\"title\">\r\n\t\t\t\t\t<a href=\"https:\/\/tysinmobiliaria.com\/de\/agent\/yesenia-espino-regalado\/\">Yesenia Espino Regalado<\/a>\r\n\t\t\t\t<\/h6>\r\n\t\t\t\t\t\t\t\t\t\t\t\t\t\t\t<div class=\"position\">Immobilienberater bei T&amp;S Inmobiliaria<\/div>\r\n\t\t\t\t\t\t\t\t\t\t\t\t\t\t\t\t<\/div>\r\n\t\t\t\t\t\t\t<a href=\"tel:18293660898\" class=\"phone-user\" aria-label=\"phone call\"><i class=\"icon-homelengo-phone4\"><\/i><\/a>\r\n\t\t\t\t\t<\/div>\r\n\t<\/div>\r\n<\/div>                                      <div class=\"item\">\r\n\t\t<div class=\"agent-post agent-post-5293 has-social\">\r\n\t\t<div class=\"featured-post\">\r\n\t\t\t<div class=\"image-wrap\">\r\n\t\t\t\t<a href=\"https:\/\/tysinmobiliaria.com\/de\/agent\/edilenia-diaz-garcia\/\" class=\"wrap-image\">\r\n\t\t\t\t\t<img decoding=\"async\" loading=\"lazy\" class=\"image-agent lazy\" src=\"\" data-src=\"https:\/\/tysinmobiliaria.com\/wp-content\/uploads\/2025\/09\/abogada-615x410.png\" alt=\"image\">\t\t\t\t<\/a>\r\n\t\t\t\t\t\t\t\t\t<div class=\"social\"><a href=\"#\" target=\"_blank\" rel=\"nofollow\"><i class=\"fab fa-facebook-f\"><\/i><\/a><a href=\"#\" target=\"_blank\" rel=\"nofollow\"><i class=\"fab fa-linkedin-in\"><\/i><\/a><a href=\"#\" target=\"_blank\" rel=\"nofollow\"><i class=\"fab fa-twitter\"><\/i><\/a><a href=\"#\" target=\"_blank\" rel=\"nofollow\"><i class=\"icon-homelengo-instagram2\"><\/i><\/a><\/div>\t\t\t\t\t\t\t<\/div>\r\n\t\t<\/div>\r\n\t\t<div class=\"content\">\r\n\t\t\t<div class=\"info\">\r\n\t\t\t\t<h6 class=\"title\">\r\n\t\t\t\t\t<a href=\"https:\/\/tysinmobiliaria.com\/de\/agent\/edilenia-diaz-garcia\/\">Edilenia Diaz Garcia<\/a>\r\n\t\t\t\t<\/h6>\r\n\t\t\t\t\t\t\t\t\t\t\t\t\t\t\t<div class=\"position\">Rechtsanw\u00e4ltin\/Managerin bei T&amp;S Inmobiliaria<\/div>\r\n\t\t\t\t\t\t\t\t\t\t\t\t\t\t\t\t<\/div>\r\n\t\t\t\t\t\t\t<a href=\"tel:18096420101\" class=\"phone-user\" aria-label=\"phone call\"><i class=\"icon-homelengo-phone4\"><\/i><\/a>\r\n\t\t\t\t\t<\/div>\r\n\t<\/div>\r\n<\/div>                                      <div class=\"item\">\r\n\t\t<div class=\"agent-post agent-post-5321 has-social\">\r\n\t\t<div class=\"featured-post\">\r\n\t\t\t<div class=\"image-wrap\">\r\n\t\t\t\t<a href=\"https:\/\/tysinmobiliaria.com\/de\/agent\/livani-lucila-galvez-concepcion\/\" class=\"wrap-image\">\r\n\t\t\t\t\t<img decoding=\"async\" loading=\"lazy\" class=\"image-agent lazy\" src=\"\" data-src=\"https:\/\/tysinmobiliaria.com\/wp-content\/uploads\/2025\/09\/Livani-615x410.png\" alt=\"image\">\t\t\t\t<\/a>\r\n\t\t\t\t\t\t\t\t\t<div class=\"social\"><a href=\"#\" target=\"_blank\" rel=\"nofollow\"><i class=\"fab fa-facebook-f\"><\/i><\/a><a href=\"#\" target=\"_blank\" rel=\"nofollow\"><i class=\"fab fa-linkedin-in\"><\/i><\/a><a href=\"#\" target=\"_blank\" rel=\"nofollow\"><i class=\"fab fa-twitter\"><\/i><\/a><a href=\"#\" target=\"_blank\" rel=\"nofollow\"><i class=\"icon-homelengo-instagram2\"><\/i><\/a><\/div>\t\t\t\t\t\t\t<\/div>\r\n\t\t<\/div>\r\n\t\t<div class=\"content\">\r\n\t\t\t<div class=\"info\">\r\n\t\t\t\t<h6 class=\"title\">\r\n\t\t\t\t\t<a href=\"https:\/\/tysinmobiliaria.com\/de\/agent\/livani-lucila-galvez-concepcion\/\">Livani Lucila Galvez Concepci\u00f3n<\/a>\r\n\t\t\t\t<\/h6>\r\n\t\t\t\t\t\t\t\t\t\t\t\t\t\t\t<div class=\"position\">Finanzverwalter bei T&amp;S Inmobiliaria<\/div>\r\n\t\t\t\t\t\t\t\t\t\t\t\t\t\t\t\t<\/div>\r\n\t\t\t\t\t\t\t<a href=\"tel:18096420101\" class=\"phone-user\" aria-label=\"phone call\"><i class=\"icon-homelengo-phone4\"><\/i><\/a>\r\n\t\t\t\t\t<\/div>\r\n\t<\/div>\r\n<\/div>                                      <div class=\"item\">\r\n\t\t<div class=\"agent-post agent-post-5320 has-social\">\r\n\t\t<div class=\"featured-post\">\r\n\t\t\t<div class=\"image-wrap\">\r\n\t\t\t\t<a href=\"https:\/\/tysinmobiliaria.com\/de\/agent\/wanda-vasquez-acosta\/\" class=\"wrap-image\">\r\n\t\t\t\t\t<img decoding=\"async\" loading=\"lazy\" class=\"image-agent lazy\" src=\"\" data-src=\"https:\/\/tysinmobiliaria.com\/wp-content\/uploads\/2025\/09\/Wanda_site-615x410.png\" alt=\"image\">\t\t\t\t<\/a>\r\n\t\t\t\t\t\t\t\t\t<div class=\"social\"><a href=\"#\" target=\"_blank\" rel=\"nofollow\"><i class=\"fab fa-facebook-f\"><\/i><\/a><a href=\"#\" target=\"_blank\" rel=\"nofollow\"><i class=\"fab fa-linkedin-in\"><\/i><\/a><a href=\"#\" target=\"_blank\" rel=\"nofollow\"><i class=\"fab fa-twitter\"><\/i><\/a><a href=\"#\" target=\"_blank\" rel=\"nofollow\"><i class=\"icon-homelengo-instagram2\"><\/i><\/a><\/div>\t\t\t\t\t\t\t<\/div>\r\n\t\t<\/div>\r\n\t\t<div class=\"content\">\r\n\t\t\t<div class=\"info\">\r\n\t\t\t\t<h6 class=\"title\">\r\n\t\t\t\t\t<a href=\"https:\/\/tysinmobiliaria.com\/de\/agent\/wanda-vasquez-acosta\/\">Wanda V\u00e1squez Acosta<\/a>\r\n\t\t\t\t<\/h6>\r\n\t\t\t\t\t\t\t\t\t\t\t\t\t\t\t<div class=\"position\">Immobilienberaterin Sto. Dgo. bei T&amp;S Inmobiliaria  <\/div>\r\n\t\t\t\t\t\t\t\t\t\t\t\t\t\t\t\t<\/div>\r\n\t\t\t\t\t\t\t<a href=\"tel:18096420101\" class=\"phone-user\" aria-label=\"phone call\"><i class=\"icon-homelengo-phone4\"><\/i><\/a>\r\n\t\t\t\t\t<\/div>\r\n\t<\/div>\r\n<\/div>                  \r\n                  \r\n                              <\/div>\r\n         <\/div>\r\n         \t\t\t\t<\/div>\n\t\t\t\t<\/div>\n\t\t\t\t\t<\/div>\n\t\t\t\t<\/div>\n\t\t<div class=\"elementor-element elementor-element-1733a399 e-flex e-con-boxed e-con e-parent\" data-id=\"1733a399\" data-element_type=\"container\" data-e-type=\"container\" data-settings=\"{&quot;background_background&quot;:&quot;classic&quot;}\">\n\t\t\t\t\t<div class=\"e-con-inner\">\n\t\t<div class=\"elementor-element elementor-element-66239624 e-con-full e-flex e-con e-child\" data-id=\"66239624\" data-element_type=\"container\" data-e-type=\"container\" data-settings=\"{&quot;background_background&quot;:&quot;classic&quot;}\">\n\t\t<div class=\"elementor-element elementor-element-51a62480 e-con-full e-flex e-con e-child\" data-id=\"51a62480\" data-element_type=\"container\" data-e-type=\"container\">\n\t\t\t\t<div class=\"elementor-element elementor-element-7868dbdf elementor-widget elementor-widget-tf-title-section\" data-id=\"7868dbdf\" data-element_type=\"widget\" data-e-type=\"widget\" data-widget_type=\"tf-title-section.default\">\n\t\t\t\t<div class=\"elementor-widget-container\">\n\t\t\t\t\t<div id=\"tf-title-section-7868dbdf\" class=\"tf-title-section tf-split-text style1\" data-tabid=\"7868dbdf\"> \r\n\t\t\t\t\r\n\t\t\t\t<div class=\"title-section\">\r\n\t\t\t\t\t<div class=\"subtitle\">Publica tus propiedades con nosotros<\/div>\r\n\t\t\t\t\t<h4 class=\"heading\" data-splitting>M\u00e1s clientes, m\u00e1s ventas, m\u00e1s oportunidades.<\/h4>\r\n\t\t\t\t\t\r\n\t\t\t\t<\/div>                \r\n            <\/div>\t\t\t\t<\/div>\n\t\t\t\t<\/div>\n\t\t\t\t<div class=\"elementor-element elementor-element-a49603 elementor-align-left elementor-widget elementor-widget-button\" data-id=\"a49603\" data-element_type=\"widget\" data-e-type=\"widget\" data-widget_type=\"button.default\">\n\t\t\t\t\t\t\t\t\t\t<a class=\"elementor-button elementor-button-link elementor-size-sm\" href=\"https:\/\/tysinmobiliaria.com\/de\/immobilie-veroeffentlichen\/\">\n\t\t\t\t\t\t<span class=\"elementor-button-content-wrapper\">\n\t\t\t\t\t\t\t\t\t<span class=\"elementor-button-text\">Teil von T&amp;S werden<\/span>\n\t\t\t\t\t<\/span>\n\t\t\t\t\t<\/a>\n\t\t\t\t\t\t\t\t<\/div>\n\t\t\t\t<\/div>\n\t\t<div class=\"elementor-element elementor-element-6fac4db1 e-con-full e-flex e-con e-child\" data-id=\"6fac4db1\" data-element_type=\"container\" data-e-type=\"container\">\n\t\t\t\t<div class=\"elementor-element elementor-element-45fb4f85 elementor-widget elementor-widget-image\" data-id=\"45fb4f85\" data-element_type=\"widget\" data-e-type=\"widget\" data-widget_type=\"image.default\">\n\t\t\t\t\t\t\t\t\t\t\t\t\t\t\t<img fetchpriority=\"high\" decoding=\"async\" width=\"1122\" height=\"570\" src=\"https:\/\/tysinmobiliaria.com\/wp-content\/uploads\/2025\/10\/Baner_home-1.png\" class=\"attachment-full size-full wp-image-6822\" alt=\"\" srcset=\"https:\/\/tysinmobiliaria.com\/wp-content\/uploads\/2025\/10\/Baner_home-1.png 1122w, https:\/\/tysinmobiliaria.com\/wp-content\/uploads\/2025\/10\/Baner_home-1-300x152.png 300w, https:\/\/tysinmobiliaria.com\/wp-content\/uploads\/2025\/10\/Baner_home-1-1024x520.png 1024w, https:\/\/tysinmobiliaria.com\/wp-content\/uploads\/2025\/10\/Baner_home-1-768x390.png 768w, https:\/\/tysinmobiliaria.com\/wp-content\/uploads\/2025\/10\/Baner_home-1-600x305.png 600w\" sizes=\"(max-width: 1122px) 100vw, 1122px\" \/>\t\t\t\t\t\t\t\t\t\t\t\t\t\t\t<\/div>\n\t\t\t\t<\/div>\n\t\t\t\t<\/div>\n\t\t\t\t\t<\/div>\n\t\t\t\t<\/div>\n\t\t\t\t<\/div>\n\t\t","protected":false},"excerpt":{"rendered":"<p>Conoce a nuestros asesores Un equipo de profesionales listos para ayudarte a encontrar la propiedad ideal Alexandy Burgos Espino CEO at T&amp;S Inmobiliaria Yesenia Espino [&hellip;]<\/p>\n","protected":false},"author":1,"featured_media":0,"parent":0,"menu_order":0,"comment_status":"closed","ping_status":"closed","template":"elementor_header_footer","meta":{"_monsterinsights_skip_tracking":false,"footnotes":""},"class_list":["post-4277","page","type-page","status-publish","hentry"],"aioseo_notices":[],"aioseo_head":"\n\t\t<!-- All in One SEO 5.0.1.1 - aioseo.com -->\n\t<meta name=\"description\" content=\"Wanda V\u00e1squez ist Immobilienmaklerin und Innenarchitektin bei T&amp;S Immobilien. Ihre Leidenschaft f\u00fcr Immobilien und Design erg\u00e4nzt sich perfekt, sodass sie ihre Kunden nicht nur beim Kauf oder bei der Anmietung einer Immobilie beraten kann, sondern auch dabei, wie man sie in ein echtes Zuhause verwandelt. Als Naturliebhaberin geht sie gerne zelten und wandern \u2013 Aktivit\u00e4ten,\" \/>\n\t<meta name=\"robots\" content=\"max-image-preview:large\" \/>\n\t<link rel=\"canonical\" href=\"https:\/\/tysinmobiliaria.com\/de\/agent\/wanda-vasquez-acosta\/\" \/>\n\t<meta name=\"generator\" content=\"All in One SEO (AIOSEO) 5.0.1.1\" \/>\n\t\t<meta property=\"og:locale\" content=\"de_DE\" \/>\n\t\t<meta property=\"og:site_name\" content=\"T&amp;S Inmobiliaria - Compra, venta y alquiler de inmuebles con asesor\u00eda profesional\" \/>\n\t\t<meta property=\"og:type\" content=\"article\" \/>\n\t\t<meta property=\"og:title\" content=\"Wanda V\u00e1squez Acosta - T&amp;S Inmobiliaria\" \/>\n\t\t<meta property=\"og:description\" content=\"Wanda V\u00e1squez ist Immobilienmaklerin und Innenarchitektin bei T&amp;S Immobilien. Ihre Leidenschaft f\u00fcr Immobilien und Design erg\u00e4nzt sich perfekt, sodass sie ihre Kunden nicht nur beim Kauf oder bei der Anmietung einer Immobilie beraten kann, sondern auch dabei, wie man sie in ein echtes Zuhause verwandelt. Als Naturliebhaberin geht sie gerne zelten und wandern \u2013 Aktivit\u00e4ten,\" \/>\n\t\t<meta property=\"og:url\" content=\"https:\/\/tysinmobiliaria.com\/de\/agent\/wanda-vasquez-acosta\/\" \/>\n\t\t<meta property=\"article:published_time\" content=\"2025-09-24T20:12:41+00:00\" \/>\n\t\t<meta property=\"article:modified_time\" content=\"2025-09-27T19:39:56+00:00\" \/>\n\t\t<meta name=\"twitter:card\" content=\"summary_large_image\" \/>\n\t\t<meta name=\"twitter:title\" content=\"Wanda V\u00e1squez Acosta - T&amp;S Inmobiliaria\" \/>\n\t\t<meta name=\"twitter:description\" content=\"Wanda V\u00e1squez ist Immobilienmaklerin und Innenarchitektin bei T&amp;S Immobilien. Ihre Leidenschaft f\u00fcr Immobilien und Design erg\u00e4nzt sich perfekt, sodass sie ihre Kunden nicht nur beim Kauf oder bei der Anmietung einer Immobilie beraten kann, sondern auch dabei, wie man sie in ein echtes Zuhause verwandelt. Als Naturliebhaberin geht sie gerne zelten und wandern \u2013 Aktivit\u00e4ten,\" \/>\n\t\t<script type=\"application\/ld+json\" class=\"aioseo-schema\">\n\t\t\t{\"@context\":\"https:\\\/\\\/schema.org\",\"@graph\":[{\"@type\":\"BreadcrumbList\",\"@id\":\"https:\\\/\\\/tysinmobiliaria.com\\\/de\\\/agent\\\/wanda-vasquez-acosta\\\/#breadcrumblist\",\"itemListElement\":[{\"@type\":\"ListItem\",\"@id\":\"https:\\\/\\\/tysinmobiliaria.com\\\/de\\\/#listItem\",\"position\":1,\"name\":\"Home\",\"item\":\"https:\\\/\\\/tysinmobiliaria.com\\\/de\\\/\",\"nextItem\":{\"@type\":\"ListItem\",\"@id\":\"https:\\\/\\\/tysinmobiliaria.com\\\/de\\\/unser-team\\\/#listItem\",\"name\":\"Unser Team\"}},{\"@type\":\"ListItem\",\"@id\":\"https:\\\/\\\/tysinmobiliaria.com\\\/de\\\/unser-team\\\/#listItem\",\"position\":2,\"name\":\"Unser Team\",\"previousItem\":{\"@type\":\"ListItem\",\"@id\":\"https:\\\/\\\/tysinmobiliaria.com\\\/de\\\/#listItem\",\"name\":\"Home\"}}]},{\"@type\":\"Organization\",\"@id\":\"https:\\\/\\\/tysinmobiliaria.com\\\/de\\\/#organization\",\"name\":\"T&S Inmobiliaria\",\"description\":\"Compra, venta y alquiler de inmuebles con asesor\\u00eda profesional\",\"url\":\"https:\\\/\\\/tysinmobiliaria.com\\\/de\\\/\"},{\"@type\":\"Person\",\"@id\":\"https:\\\/\\\/tysinmobiliaria.com\\\/de\\\/author\\\/admin\\\/#author\",\"url\":\"https:\\\/\\\/tysinmobiliaria.com\\\/de\\\/author\\\/admin\\\/\",\"name\":\"admin\",\"image\":{\"@type\":\"ImageObject\",\"@id\":\"https:\\\/\\\/tysinmobiliaria.com\\\/de\\\/agent\\\/wanda-vasquez-acosta\\\/#authorImage\",\"url\":\"https:\\\/\\\/tysinmobiliaria.com\\\/wp-content\\\/uploads\\\/nsl_avatars\\\/21c1cf58e8a02916d497b60dfb0d2004.png\",\"width\":96,\"height\":96,\"caption\":\"admin\"}},{\"@type\":\"WebPage\",\"@id\":\"https:\\\/\\\/tysinmobiliaria.com\\\/de\\\/agent\\\/wanda-vasquez-acosta\\\/#webpage\",\"url\":\"https:\\\/\\\/tysinmobiliaria.com\\\/de\\\/agent\\\/wanda-vasquez-acosta\\\/\",\"name\":\"Wanda V\\u00e1squez Acosta - T&S Inmobiliaria\",\"description\":\"Wanda V\\u00e1squez ist Immobilienmaklerin und Innenarchitektin bei T&S Immobilien. Ihre Leidenschaft f\\u00fcr Immobilien und Design erg\\u00e4nzt sich perfekt, sodass sie ihre Kunden nicht nur beim Kauf oder bei der Anmietung einer Immobilie beraten kann, sondern auch dabei, wie man sie in ein echtes Zuhause verwandelt. Als Naturliebhaberin geht sie gerne zelten und wandern \\u2013 Aktivit\\u00e4ten,\",\"inLanguage\":\"de-DE\",\"isPartOf\":{\"@id\":\"https:\\\/\\\/tysinmobiliaria.com\\\/de\\\/#website\"},\"breadcrumb\":{\"@id\":\"https:\\\/\\\/tysinmobiliaria.com\\\/de\\\/agent\\\/wanda-vasquez-acosta\\\/#breadcrumblist\"},\"author\":{\"@id\":\"https:\\\/\\\/tysinmobiliaria.com\\\/de\\\/author\\\/admin\\\/#author\"},\"creator\":{\"@id\":\"https:\\\/\\\/tysinmobiliaria.com\\\/de\\\/author\\\/admin\\\/#author\"},\"image\":{\"@type\":\"ImageObject\",\"url\":\"https:\\\/\\\/tysinmobiliaria.com\\\/wp-content\\\/uploads\\\/2025\\\/09\\\/Wanda_site.png\",\"@id\":\"https:\\\/\\\/tysinmobiliaria.com\\\/de\\\/agent\\\/wanda-vasquez-acosta\\\/#mainImage\",\"width\":875,\"height\":500},\"primaryImageOfPage\":{\"@id\":\"https:\\\/\\\/tysinmobiliaria.com\\\/de\\\/agent\\\/wanda-vasquez-acosta\\\/#mainImage\"},\"datePublished\":\"2025-09-24T20:12:41+00:00\",\"dateModified\":\"2025-09-27T19:39:56+00:00\"},{\"@type\":\"WebSite\",\"@id\":\"https:\\\/\\\/tysinmobiliaria.com\\\/de\\\/#website\",\"url\":\"https:\\\/\\\/tysinmobiliaria.com\\\/de\\\/\",\"name\":\"T&S Inmobiliaria\",\"description\":\"Compra, venta y alquiler de inmuebles con asesor\\u00eda profesional\",\"inLanguage\":\"de-DE\",\"publisher\":{\"@id\":\"https:\\\/\\\/tysinmobiliaria.com\\\/de\\\/#organization\"}}]}\n\t\t<\/script>\n\t\t<!-- All in One SEO -->\n\n","aioseo_head_json":{"title":"Wanda V\u00e1squez Acosta - T&S Inmobiliaria","description":"Wanda V\u00e1squez ist Immobilienmaklerin und Innenarchitektin bei T&S Immobilien. Ihre Leidenschaft f\u00fcr Immobilien und Design erg\u00e4nzt sich perfekt, sodass sie ihre Kunden nicht nur beim Kauf oder bei der Anmietung einer Immobilie beraten kann, sondern auch dabei, wie man sie in ein echtes Zuhause verwandelt. Als Naturliebhaberin geht sie gerne zelten und wandern \u2013 Aktivit\u00e4ten,","canonical_url":"https:\/\/tysinmobiliaria.com\/de\/agent\/wanda-vasquez-acosta\/","robots":"max-image-preview:large","keywords":"","webmasterTools":{"miscellaneous":""},"schema":{"@context":"https:\/\/schema.org","@graph":[{"@type":"BreadcrumbList","@id":"https:\/\/tysinmobiliaria.com\/de\/agent\/wanda-vasquez-acosta\/#breadcrumblist","itemListElement":[{"@type":"ListItem","@id":"https:\/\/tysinmobiliaria.com\/de\/#listItem","position":1,"name":"Home","item":"https:\/\/tysinmobiliaria.com\/de\/","nextItem":{"@type":"ListItem","@id":"https:\/\/tysinmobiliaria.com\/de\/unser-team\/#listItem","name":"Unser Team"}},{"@type":"ListItem","@id":"https:\/\/tysinmobiliaria.com\/de\/unser-team\/#listItem","position":2,"name":"Unser Team","previousItem":{"@type":"ListItem","@id":"https:\/\/tysinmobiliaria.com\/de\/#listItem","name":"Home"}}]},{"@type":"Organization","@id":"https:\/\/tysinmobiliaria.com\/de\/#organization","name":"T&S Inmobiliaria","description":"Compra, venta y alquiler de inmuebles con asesor\u00eda profesional","url":"https:\/\/tysinmobiliaria.com\/de\/"},{"@type":"Person","@id":"https:\/\/tysinmobiliaria.com\/de\/author\/admin\/#author","url":"https:\/\/tysinmobiliaria.com\/de\/author\/admin\/","name":"admin","image":{"@type":"ImageObject","@id":"https:\/\/tysinmobiliaria.com\/de\/agent\/wanda-vasquez-acosta\/#authorImage","url":"https:\/\/tysinmobiliaria.com\/wp-content\/uploads\/nsl_avatars\/21c1cf58e8a02916d497b60dfb0d2004.png","width":96,"height":96,"caption":"admin"}},{"@type":"WebPage","@id":"https:\/\/tysinmobiliaria.com\/de\/agent\/wanda-vasquez-acosta\/#webpage","url":"https:\/\/tysinmobiliaria.com\/de\/agent\/wanda-vasquez-acosta\/","name":"Wanda V\u00e1squez Acosta - T&S Inmobiliaria","description":"Wanda V\u00e1squez ist Immobilienmaklerin und Innenarchitektin bei T&S Immobilien. Ihre Leidenschaft f\u00fcr Immobilien und Design erg\u00e4nzt sich perfekt, sodass sie ihre Kunden nicht nur beim Kauf oder bei der Anmietung einer Immobilie beraten kann, sondern auch dabei, wie man sie in ein echtes Zuhause verwandelt. Als Naturliebhaberin geht sie gerne zelten und wandern \u2013 Aktivit\u00e4ten,","inLanguage":"de-DE","isPartOf":{"@id":"https:\/\/tysinmobiliaria.com\/de\/#website"},"breadcrumb":{"@id":"https:\/\/tysinmobiliaria.com\/de\/agent\/wanda-vasquez-acosta\/#breadcrumblist"},"author":{"@id":"https:\/\/tysinmobiliaria.com\/de\/author\/admin\/#author"},"creator":{"@id":"https:\/\/tysinmobiliaria.com\/de\/author\/admin\/#author"},"image":{"@type":"ImageObject","url":"https:\/\/tysinmobiliaria.com\/wp-content\/uploads\/2025\/09\/Wanda_site.png","@id":"https:\/\/tysinmobiliaria.com\/de\/agent\/wanda-vasquez-acosta\/#mainImage","width":875,"height":500},"primaryImageOfPage":{"@id":"https:\/\/tysinmobiliaria.com\/de\/agent\/wanda-vasquez-acosta\/#mainImage"},"datePublished":"2025-09-24T20:12:41+00:00","dateModified":"2025-09-27T19:39:56+00:00"},{"@type":"WebSite","@id":"https:\/\/tysinmobiliaria.com\/de\/#website","url":"https:\/\/tysinmobiliaria.com\/de\/","name":"T&S Inmobiliaria","description":"Compra, venta y alquiler de inmuebles con asesor\u00eda profesional","inLanguage":"de-DE","publisher":{"@id":"https:\/\/tysinmobiliaria.com\/de\/#organization"}}]},"og:locale":"de_DE","og:site_name":"T&amp;S Inmobiliaria - Compra, venta y alquiler de inmuebles con asesor\u00eda profesional","og:type":"article","og:title":"Wanda V\u00e1squez Acosta - T&amp;S Inmobiliaria","og:description":"Wanda V\u00e1squez ist Immobilienmaklerin und Innenarchitektin bei T&amp;S Immobilien. Ihre Leidenschaft f\u00fcr Immobilien und Design erg\u00e4nzt sich perfekt, sodass sie ihre Kunden nicht nur beim Kauf oder bei der Anmietung einer Immobilie beraten kann, sondern auch dabei, wie man sie in ein echtes Zuhause verwandelt. Als Naturliebhaberin geht sie gerne zelten und wandern \u2013 Aktivit\u00e4ten,","og:url":"https:\/\/tysinmobiliaria.com\/de\/agent\/wanda-vasquez-acosta\/","article:published_time":"2025-09-24T20:12:41+00:00","article:modified_time":"2025-09-27T19:39:56+00:00","twitter:card":"summary_large_image","twitter:title":"Wanda V\u00e1squez Acosta - T&amp;S Inmobiliaria","twitter:description":"Wanda V\u00e1squez ist Immobilienmaklerin und Innenarchitektin bei T&amp;S Immobilien. Ihre Leidenschaft f\u00fcr Immobilien und Design erg\u00e4nzt sich perfekt, sodass sie ihre Kunden nicht nur beim Kauf oder bei der Anmietung einer Immobilie beraten kann, sondern auch dabei, wie man sie in ein echtes Zuhause verwandelt. Als Naturliebhaberin geht sie gerne zelten und wandern \u2013 Aktivit\u00e4ten,"},"aioseo_meta_data":{"post_id":"4277","title":null,"description":null,"keywords":null,"keyphrases":{"focus":{"keyphrase":"","score":0,"analysis":{"keyphraseInTitle":{"score":0,"maxScore":9,"error":1}}},"additional":[]},"primary_term":null,"canonical_url":null,"og_title":null,"og_description":null,"og_object_type":"default","og_image_type":"default","og_image_url":null,"og_image_width":null,"og_image_height":null,"og_image_custom_url":null,"og_image_custom_fields":null,"og_video":"","og_custom_url":null,"og_article_section":null,"og_article_tags":null,"twitter_use_og":false,"twitter_card":"default","twitter_image_type":"default","twitter_image_url":null,"twitter_image_custom_url":null,"twitter_image_custom_fields":null,"twitter_title":null,"twitter_description":null,"schema":{"blockGraphs":[],"customGraphs":[],"default":{"data":{"Article":[],"Course":[],"Dataset":[],"FAQPage":[],"Movie":[],"Person":[],"Product":[],"ProductReview":[],"Car":[],"Recipe":[],"Service":[],"SoftwareApplication":[],"WebPage":[]},"graphName":"WebPage","isEnabled":true},"graphs":[]},"schema_type":"default","schema_type_options":null,"pillar_content":false,"robots_default":true,"robots_noindex":false,"robots_noarchive":false,"robots_nosnippet":false,"robots_nofollow":false,"robots_noimageindex":false,"robots_noodp":false,"robots_notranslate":false,"robots_max_snippet":"-1","robots_max_videopreview":"-1","robots_max_imagepreview":"large","priority":null,"frequency":"default","local_seo":null,"breadcrumb_settings":null,"limit_modified_date":false,"ai":{"faqs":[],"keyPoints":[],"titles":[],"descriptions":[],"socialPosts":{"email":[],"linkedin":[],"twitter":[],"facebook":[],"instagram":[]}},"created":"2025-09-14 17:07:43","updated":"2025-09-24 23:49:02","seo_analyzer_scan_date":null,"focus_keyword":null,"additional_keywords":null,"truseo_locale":null},"aioseo_breadcrumb":"<div class=\"aioseo-breadcrumbs\"><span class=\"aioseo-breadcrumb\">\n\t\t\t<a href=\"https:\/\/tysinmobiliaria.com\/de\/\" title=\"Home\">Home<\/a>\n\t\t<\/span><span class=\"aioseo-breadcrumb-separator\">&raquo;<\/span><span class=\"aioseo-breadcrumb\">\n\t\t\tUnser Team\n\t\t<\/span><\/div>","aioseo_breadcrumb_json":[{"label":"Home","link":"https:\/\/tysinmobiliaria.com\/de\/"},{"label":"Unser Team","link":"https:\/\/tysinmobiliaria.com\/de\/unser-team\/"}],"_links":{"self":[{"href":"https:\/\/tysinmobiliaria.com\/de\/wp-json\/wp\/v2\/pages\/4277","targetHints":{"allow":["GET"]}}],"collection":[{"href":"https:\/\/tysinmobiliaria.com\/de\/wp-json\/wp\/v2\/pages"}],"about":[{"href":"https:\/\/tysinmobiliaria.com\/de\/wp-json\/wp\/v2\/types\/page"}],"author":[{"embeddable":true,"href":"https:\/\/tysinmobiliaria.com\/de\/wp-json\/wp\/v2\/users\/1"}],"replies":[{"embeddable":true,"href":"https:\/\/tysinmobiliaria.com\/de\/wp-json\/wp\/v2\/comments?post=4277"}],"version-history":[{"count":0,"href":"https:\/\/tysinmobiliaria.com\/de\/wp-json\/wp\/v2\/pages\/4277\/revisions"}],"wp:attachment":[{"href":"https:\/\/tysinmobiliaria.com\/de\/wp-json\/wp\/v2\/media?parent=4277"}],"curies":[{"name":"wp","href":"https:\/\/api.w.org\/{rel}","templated":true}]}}