{"id":4377,"date":"2024-04-03T03:49:46","date_gmt":"2024-04-03T03:49:46","guid":{"rendered":"https:\/\/tysinmobiliaria.com\/immobilienauflistung\/"},"modified":"2025-09-14T17:08:34","modified_gmt":"2025-09-14T17:08:34","slug":"immobilienauflistung","status":"publish","type":"page","link":"https:\/\/tysinmobiliaria.com\/de\/immobilienauflistung\/","title":{"rendered":"Immobilienauflistung"},"content":{"rendered":"\t\t<div data-elementor-type=\"wp-page\" data-elementor-id=\"4377\" class=\"elementor elementor-4377 elementor-139\" data-elementor-post-type=\"page\">\n\t\t\t\t<div class=\"elementor-element elementor-element-1174511c e-con-full e-flex e-con e-parent\" data-id=\"1174511c\" data-element_type=\"container\" data-e-type=\"container\">\n\t\t\t\t<div class=\"elementor-element elementor-element-21cd450e elementor-widget elementor-widget-text-editor\" data-id=\"21cd450e\" data-element_type=\"widget\" data-e-type=\"widget\" data-widget_type=\"text-editor.default\">\n\t\t\t\t\t\t\t\t\t\r\n\t<div class=\"map-container map-header\" style=\"height:800px\">\r\n\t\t<div id=\"map\" class=\"no-fixed\"><\/div>\r\n\t<\/div>\r\n\r\n\t<div class=\"advanced-half-map map-header \">\r\n\t\t    <div class=\"tfre-advanced-search-wrap form-main map-header\">\r\n        <div data-options=\"{&quot;ajax_url&quot;:&quot;https:\\\/\\\/tysinmobiliaria.com\\\/wp-admin\\\/admin-ajax.php&quot;}\"\r\n            class=\"tfre-property-advanced-search clearfix tab color-dark\">\r\n            <div class=\"form-search-wrap\">\r\n                <div class=\"form-search-inner\">\r\n                                        <div data-href=\"https:\/\/tysinmobiliaria.com\/busqueda-avanzada\/\" class=\"search-properties-form\">\r\n                        <div class=\"tf-search-form\">\r\n                                                            <div class=\"tf-search-status-tab tfre-search-status-tab form-group\">\r\n                                    <input class=\"search-field\" type='hidden' name=\"status\"\r\n                                        value=\"\" data-default-value=\"\" \/>\r\n                                                                                <button type=\"button\" data-value=\"immobilie-zur-miete\" class=\"btn-status-filter \">Immobilie zur Miete<\/button>\r\n                                                                                    <button type=\"button\" data-value=\"mmobilie-zum-verkauf\" class=\"btn-status-filter \">mmobilie zum Verkauf<\/button>\r\n                                                                        <\/div>\r\n                                                        <div class=\"tf-search-form-top desktop\">\r\n                            \r\n                                <div class=\"tfre-search-group-input\">\r\n                                    <div class=\" form-group keyword-field\">\r\n\t<label>Schl\u00fcsselwort<\/label>\r\n\t<input type=\"text\" class=\"form-control search-field\" data-default-value=\"\"\r\n\t\tvalue=\"\" name=\"keyword\"\r\n\t\tplaceholder=\"Schl\u00fcsselwort suchen\">\r\n<\/div><div class=\" form-group type-field\">\r\n    <label>Typ<\/label>\r\n    <select name=\"type\" title=\"Immobilientyp\"\r\n        class=\"tfre-property-type-ajax search-field form-control\" data-default-value=\"\">\r\n        <option value=\"\"  selected='selected'>\r\n            Immobilientypen        <\/option>\r\n        <option  value=\"immobilie-zum-verkauf\">Immobilie zum Verkauf<\/option><option  value=\"immobilie-zur-miete\">Immobilie zur Miete<\/option>    <\/select>\r\n<\/div><div class=\" form-group country-field\">\r\n    <label>Land der Immobilie<\/label>\r\n    <select name=\"country\" title=\"Land der Immobilie\"\r\n        class=\"tfre-property-country-ajax search-field form-control\" data-default-value=\"\"\r\n        data-selected=\"\">\r\n        <option value=\"\"  selected='selected'>\r\n            Land der Immobilie        <\/option>\r\n                    <option  value=\"BE\">Belgium<\/option>\r\n                    <option  value=\"DO\">Dominikanische Republik<\/option>\r\n                    <option  value=\"FR\">France<\/option>\r\n                    <option  value=\"DE\">Germany<\/option>\r\n                    <option  value=\"IT\">Italy<\/option>\r\n                    <option  value=\"NL\">Netherlands the<\/option>\r\n                    <option  value=\"US\">Vereinigte Staaten<\/option>\r\n            <\/select>\r\n<\/div>    <div class=\"tfre-slider-range-garage-size-wrap  form-group garage-size-field\">\r\n                <div class=\"tfre-range-slider-garage-size tfre-range-slider-filter\" data-min-default=\"0\" data-max-default=\"1000\" data-min=\"0\"\r\n            data-max=\"1000\">\r\n            <div class=\"tfre-title-range-slider\">\r\n                <span>Gr\u00f6\u00dfenbereich der Garagen<\/span>\r\n                <b>Garagengr\u00f6\u00dfe<\/b> <span class=\"min-value\">0<\/span> <b>bis<\/b> <span class=\"max-value\">1,000<\/span>\r\n                <input type=\"hidden\" name=\"min-garage-size\" class=\"min-input-request\"\r\n                    value=\"0\">\r\n                <input type=\"hidden\" name=\"max-garage-size\" class=\"max-input-request\"\r\n                    value=\"1000\">\r\n            <\/div>\r\n            <div class=\"tfre-range-slider\">\r\n            <\/div>\r\n        <\/div>\r\n    <\/div>\r\n    <div class=\" form-group status-field\">\r\n    <label>Immobilienstatus<\/label>\r\n    <select name=\"status\" title=\"Immobilienstatus\"\r\n        class=\"search-field form-control\" data-default-value=\"\">\r\n        <option value=\"\"  selected='selected'>\r\n            Immobilienstatus        <\/option>\r\n        <option value=\"immobilie-zur-miete\">Immobilie zur Miete<\/option><option value=\"mmobilie-zum-verkauf\">mmobilie zum Verkauf<\/option>    <\/select>\r\n<\/div>                                <\/div>\r\n                                <div class=\" form-group pull-right\">\r\n                                    <a class=\"tf-search-more-btn\">\r\n                                        <div class=\"icon-search-more-white\">\r\n                                            <i class=\"icon-homelengo-filter-search\"><\/i>\r\n                                            <span>\r\n                                                Erweitert                                            <\/span>\r\n                                        <\/div>\r\n                                        <div class=\"icon-search-more-black\" style=\"display:none\">\r\n                                            <i class=\"icon-homelengo-filter-search\"><\/i>\r\n                                            <span>\r\n                                                Erweitert                                            <\/span>\r\n                                        <\/div>\r\n                                    <\/a>\r\n                                <\/div>\r\n                                <div\r\n                                    class=\" form-group submit-search-form pull-right\">\r\n                                    <button type=\"button\" class=\"tfre-advanced-search-btn\">\r\n                                        Suchen                                    <\/button>\r\n                                <\/div>\r\n                            <\/div>\r\n                            <div class=\"tf-search-form-top mobile form-inline\">\r\n                                <div class=\"form-group input-group w-100\">\r\n                                    <div class=\"input-group-prepend\">\r\n                                        <button class=\"input-group-text tf-search-more-btn\" data-toggle=\"collapse\"\r\n                                            aria-expanded=\"false\"><i class=\"icon-homelengo-filter-search\"><\/i><\/button>\r\n                                    <\/div>\r\n                                    <input class=\"form-control search-field\" value=\"\"\r\n                                        data-default-value=\"\" name=\"keyword\" type=\"text\" placeholder=\"Schl\u00fcsselwort eingeben...\">\r\n                                    <div class=\"input-group-append\">\r\n                                        <button type=\"button\" class=\"input-group-text tfre-advanced-search-btn\"><i\r\n                                                class=\"fa fa-search\"><\/i><\/button>\r\n                                    <\/div>\r\n                                <\/div>\r\n                            <\/div>\r\n                            <div class=\"tf-search-form-bottom desktop\">\r\n                                <div class=\"row\">\r\n                                        <div class=\"tfre-slider-range-price-wrap col-xl-6 col-md-6 col-xs-12 form-group price-field\">\r\n                <div class=\"tfre-range-slider-price tfre-range-slider-filter\" data-min-default=\"100\"\r\n            data-max-default=\"5000000\" data-min=\"100\"\r\n            data-max=\"5000000\">\r\n            <div class=\"tfre-title-range-slider\">\r\n                <span>Preisspanne<\/span>\r\n                <b>von<\/b> <span class=\"min-value\">\u20ac100<\/span><b>  bis  <\/b><span class=\"max-value\">\u20ac5,000,000<\/span>\r\n                <input type=\"hidden\" name=\"min-price\" class=\"min-input-request\"\r\n                    value=\"100\">\r\n                <input type=\"hidden\" name=\"max-price\" class=\"max-input-request\"\r\n                    value=\"5000000\">\r\n            <\/div>\r\n            <div class=\"tfre-range-slider\">\r\n            <\/div>\r\n        <\/div>\r\n    <\/div>\r\n        <div class=\"tfre-slider-range-size-wrap col-xl-6 col-md-6 col-xs-12 form-group size-field\">\r\n                <div class=\"tfre-range-slider-size tfre-range-slider-filter\" data-min-default=\"0\" data-max-default=\"1000\" data-min=\"0\"\r\n            data-max=\"1000\">\r\n            <div class=\"tfre-title-range-slider\">\r\n            <span>Gr\u00f6\u00dfenbereich<\/span>\r\n                <b>von<\/b> <span class=\"min-value\">0<\/span> <b>bis<\/b> <span class=\"max-value\">1,000<\/span>\r\n                <input type=\"hidden\" name=\"min-size\" class=\"min-input-request\"\r\n                    value=\"0\">\r\n                <input type=\"hidden\" name=\"max-size\" class=\"max-input-request\"\r\n                    value=\"1000\">\r\n            <\/div>\r\n            <div class=\"tfre-range-slider\">\r\n            <\/div>\r\n        <\/div>\r\n    <\/div>\r\n    <div class=\"col-xl-3 col-md-6 col-xs-12 form-group label-field\">\r\n    <label>Immobilien-Labels<\/label>\r\n    <select name=\"label\" title=\"Immobilien-Labels\"\r\n        class=\"tfre-property-label-ajax search-field form-control\" data-default-value=\"\">\r\n        <option value=\"\"  selected='selected'>\r\n            Immobilien-Labels        <\/option>\r\n        <option  value=\"zu-verkaufen\">Zu verkaufen<\/option><option  value=\"zu-vermieten\">Zu vermieten<\/option>    <\/select>\r\n<\/div><div class=\"col-xl-3 col-md-6 col-xs-12 form-group state-field\">\r\n    <label>Provinzen\/Bundesstaaten<\/label>\r\n    <select name=\"state\" title=\"Provinzen\/Bundesstaaten\"\r\n        class=\"tfre-province-state-ajax search-field form-control\" data-default-value=\"\" data-selected=\"\">\r\n        <option value=\"\"  selected='selected'>\r\n            Provinzen\/Bundesstaaten        <\/option>\r\n        <option  value=\"baden-wuerttemberg\">Baden-W\u00fcrttemberg<\/option><option  value=\"bavaria-bayern\">Bavaria (Bayern)<\/option><option  value=\"berlin\">Berlin<\/option><option  value=\"brandenburg\">Brandenburg<\/option><option  value=\"hamburg\">Hamburg<\/option><option  value=\"hesse-hessen\">Hesse (Hessen)<\/option><option  value=\"lower-saxony-niedersachsen\">Lower Saxony (Niedersachsen)<\/option><option  value=\"north-rhine-westphalia-nordrhein-westfalen\">North Rhine-Westphalia (Nordrhein-Westfalen)<\/option><option  value=\"rhineland-palatinate-rheinland-pfalz\">Rhineland-Palatinate (Rheinland-Pfalz)<\/option><option  value=\"saxony-sachsen\">Saxony (Sachsen)<\/option>    <\/select>\r\n<\/div><div class=\"col-xl-3 col-md-6 col-xs-12 form-group neighborhood-field\">\r\n    <label>Standort<\/label>\r\n    <select name=\"neighborhood\" title=\"Viertel\"\r\n        class=\"tfre-property-neighborhood-ajax search-field form-control\" data-default-value=\"\" data-selected=\"\">\r\n        <option value=\"\"  selected='selected'>\r\n            Viertel        <\/option>\r\n        <option  value=\"altstadt-hamburgo\">Altstadt (Hamburgo)<\/option><option  value=\"altstadt-mainz\">Altstadt (Mainz)<\/option><option  value=\"altstadt-nord-colonia-koeln\">Altstadt-Nord (Colonia \/ K\u00f6ln)<\/option><option  value=\"damsheide\">Damsheide<\/option><option  value=\"innenstadt\">Innenstadt<\/option><option  value=\"maxvorstadt-munich\">Maxvorstadt (M\u00fanich)<\/option><option  value=\"mitte-berlin\">Mitte (Berl\u00edn)<\/option><option  value=\"mitte-hannover\">Mitte (Hannover)<\/option><option  value=\"neustadt-dresden\">Neustadt (Dresden)<\/option><option  value=\"potsdam-west-potsdam\">Potsdam-West (Potsdam)<\/option><option  value=\"provinz-sanchez-ramirez\">Provinz S\u00e1nchez Ram\u00edrez<\/option><option  value=\"stadtteil-la-altagraci\">Stadtteil La Altagraci<\/option><option  value=\"stuttgart-mitte-stuttgart\">Stuttgart-Mitte (Stuttgart)<\/option>    <\/select>\r\n<\/div><div class=\"col-xl-3 col-md-6 col-xs-12 form-group rooms-field\">\r\n    <label>Zimmer<\/label>\r\n    <select name=\"rooms\" title=\"Zimmer\"\r\n        class=\"tfre-property-room-ajax search-field form-control\" data-default-value=\"\">\r\n        <option value=\"\"  selected='selected'>\r\n            Zimmer        <\/option>\r\n        \t\t    \t\t\t    <option  value=\"1\">1<\/option>\r\n\t\t    \t\t\t    <option  value=\"2\">2<\/option>\r\n\t\t    \t\t\t    <option  value=\"3\">3<\/option>\r\n\t\t    \t\t\t    <option  value=\"4\">4<\/option>\r\n\t\t    \t\t\t    <option  value=\"5\">5<\/option>\r\n\t\t    \t\t\t    <option  value=\"6\">6<\/option>\r\n\t\t    \t\t\t    <option  value=\"7\">7<\/option>\r\n\t\t    \t\t\t    <option  value=\"8\">8<\/option>\r\n\t\t    \t\t\t    <option  value=\"9\">9<\/option>\r\n\t\t    \t\t\t    <option  value=\"10\">10<\/option>\r\n\t\t    \t        <\/select>\r\n<\/div><div class=\"col-xl-3 col-md-6 col-xs-12 form-group bathrooms-field\">\r\n    <label>Badezimmer<\/label>\r\n    <select name=\"bathrooms\" title=\"Property bathrooms\"\r\n        class=\"tfre-property-bathroom-ajax search-field form-control\" data-default-value=\"\">\r\n        <option value=\"\"  selected='selected'>\r\n            Badezimmer: Beliebig        <\/option>\r\n                                    <option  value=\"1\">1<\/option>\r\n                            <option  value=\"2\">2<\/option>\r\n                            <option  value=\"3\">3<\/option>\r\n                            <option  value=\"4\">4<\/option>\r\n                            <option  value=\"5\">5<\/option>\r\n                            <option  value=\"6\">6<\/option>\r\n                            <option  value=\"7\">7<\/option>\r\n                            <option  value=\"8\">8<\/option>\r\n                            <option  value=\"9\">9<\/option>\r\n                            <option  value=\"10\">10<\/option>\r\n                        <\/select>\r\n<\/div><div class=\"col-xl-3 col-md-6 col-xs-12 form-group bedrooms-field\">\r\n    <label>Schlafzimmer<\/label>\r\n    <select name=\"bedrooms\" title=\"Property bedrooms\"\r\n        class=\"tfre-property-bedroom-ajax search-field form-control\" data-default-value=\"\">\r\n        <option value=\"\"  selected='selected'>\r\n            Schlafzimmer: Beliebig        <\/option>\r\n                                    <option  value=\"1\">1<\/option>\r\n                            <option  value=\"2\">2<\/option>\r\n                            <option  value=\"3\">3<\/option>\r\n                            <option  value=\"4\">4<\/option>\r\n                            <option  value=\"5\">5<\/option>\r\n                            <option  value=\"6\">6<\/option>\r\n                            <option  value=\"7\">7<\/option>\r\n                            <option  value=\"8\">8<\/option>\r\n                            <option  value=\"9\">9<\/option>\r\n                            <option  value=\"10\">10<\/option>\r\n                        <\/select>\r\n<\/div><div class=\"col-xl-3 col-md-6 col-xs-12 form-group garage-field\">\r\n    <label>Garages<\/label>\r\n    <select name=\"garage\" title=\"Property Garages\"\r\n        class=\"tfre-property-garage-ajax search-field form-control\" data-default-value=\"\">\r\n        <option value=\"\">\r\n            Garagen: Beliebig        <\/option>\r\n                                    <option  value=\"1\">1<\/option>\r\n                            <option  value=\"2\">2<\/option>\r\n                            <option  value=\"3\">3<\/option>\r\n                            <option  value=\"4\">4<\/option>\r\n                            <option  value=\"5\">5<\/option>\r\n                            <option  value=\"6\">6<\/option>\r\n                            <option  value=\"7\">7<\/option>\r\n                            <option  value=\"8\">8<\/option>\r\n                            <option  value=\"9\">9<\/option>\r\n                            <option  value=\"10\">10<\/option>\r\n                        <\/select>\r\n<\/div>    <div class=\"tfre-slider-range-land-size-wrap col-xl-6 col-md-6 col-xs-12 form-group land-size-field\">\r\n                <div class=\"tfre-range-slider-land-size tfre-range-slider-filter\" data-min-default=\"0\" data-max-default=\"1000\" data-min=\"0\"\r\n            data-max=\"1000\">\r\n            <div class=\"tfre-title-range-slider\">\r\n                <span>Gr\u00f6\u00dfenbereich der Grundst\u00fccksfl\u00e4che<\/span>\r\n                <b>von<\/b> <span class=\"min-value\">0<\/span> <b>bis<\/b> <span class=\"max-value\">1,000<\/span>\r\n                <input type=\"hidden\" name=\"min-land-size\" class=\"min-input-request\"\r\n                    value=\"0\">\r\n                <input type=\"hidden\" name=\"max-land-size\" class=\"max-input-request\"\r\n                    value=\"1000\">\r\n            <\/div>\r\n            <div class=\"tfre-range-slider\">\r\n            <\/div>\r\n        <\/div>\r\n    <\/div>\r\n    <div class=\"col-md-12 col-sm-12 col-xs-12 features-wrap clearfix\">\r\n            <div class=\"enable-features\">\r\n                        <a href=\"javascript:void(0)\" class=\"btn-enable-features \">\r\n                Ausstattung <i class=\"fa fa-chevron-down\"><\/i>\r\n            <\/a>\r\n            <input type=\"hidden\" name=\"enable-search-features\" class=\"search-field\" data-default-value=\"0\"\r\n                value=\"0\">\r\n        <\/div>\r\n        <div class=\"features-list\"\r\n        style=\"display: none;\">\r\n        <div class=\"wrap-checkbox\"><div class=\"checkbox-item\"><div class=\"checkbox\"><label><input type=\"checkbox\" name=\"features\" value=\"badezimmer\" \/><span>Badezimmer<\/span><\/label><\/div><\/div><div class=\"checkbox-item\"><div class=\"checkbox\"><label><input type=\"checkbox\" name=\"features\" value=\"3-schlafzimmer\" \/><span>3 Schlafzimmer<\/span><\/label><\/div><\/div><div class=\"checkbox-item\"><div class=\"checkbox\"><label><input type=\"checkbox\" name=\"features\" value=\"2-badezimmer\" \/><span>2 Badezimmer<\/span><\/label><\/div><\/div><div class=\"checkbox-item\"><div class=\"checkbox\"><label><input type=\"checkbox\" name=\"features\" value=\"grosses-wohnzimmer\" \/><span>Gro\u00dfes Wohnzimmer<\/span><\/label><\/div><\/div><div class=\"checkbox-item\"><div class=\"checkbox\"><label><input type=\"checkbox\" name=\"features\" value=\"esszimmer\" \/><span>Esszimmer<\/span><\/label><\/div><\/div><div class=\"checkbox-item\"><div class=\"checkbox\"><label><input type=\"checkbox\" name=\"features\" value=\"moderne-kueche\" \/><span>Moderne K\u00fcche<\/span><\/label><\/div><\/div><div class=\"checkbox-item\"><div class=\"checkbox\"><label><input type=\"checkbox\" name=\"features\" value=\"waschkueche\" \/><span>Waschk\u00fcche<\/span><\/label><\/div><\/div><div class=\"checkbox-item\"><div class=\"checkbox\"><label><input type=\"checkbox\" name=\"features\" value=\"privater-balkon\" \/><span>Privater Balkon<\/span><\/label><\/div><\/div><div class=\"checkbox-item\"><div class=\"checkbox\"><label><input type=\"checkbox\" name=\"features\" value=\"1-parkplatz\" \/><span>1 Parkplatz<\/span><\/label><\/div><\/div><div class=\"checkbox-item\"><div class=\"checkbox\"><label><input type=\"checkbox\" name=\"features\" value=\"136\" \/><span>136<\/span><\/label><\/div><\/div><div class=\"checkbox-item\"><div class=\"checkbox\"><label><input type=\"checkbox\" name=\"features\" value=\"33-m%c2%b2-wohnflaeche\" \/><span>33 m\u00b2 Wohnfl\u00e4che<\/span><\/label><\/div><\/div><div class=\"checkbox-item\"><div class=\"checkbox\"><label><input type=\"checkbox\" name=\"features\" value=\"3-etagen\" \/><span>3 Etagen<\/span><\/label><\/div><\/div><div class=\"checkbox-item\"><div class=\"checkbox\"><label><input type=\"checkbox\" name=\"features\" value=\"keramikboeden\" \/><span>Keramikb\u00f6den<\/span><\/label><\/div><\/div><div class=\"checkbox-item\"><div class=\"checkbox\"><label><input type=\"checkbox\" name=\"features\" value=\"holz-und-aluminiumtueren\" \/><span>Holz- und Aluminiumt\u00fcren<\/span><\/label><\/div><\/div><div class=\"checkbox-item\"><div class=\"checkbox\"><label><input type=\"checkbox\" name=\"features\" value=\"glasschiebetueren\" \/><span>Glasschiebet\u00fcren<\/span><\/label><\/div><\/div><div class=\"checkbox-item\"><div class=\"checkbox\"><label><input type=\"checkbox\" name=\"features\" value=\"neubauprojekt\" \/><span>Neubauprojekt<\/span><\/label><\/div><\/div><div class=\"checkbox-item\"><div class=\"checkbox\"><label><input type=\"checkbox\" name=\"features\" value=\"renoviert\" \/><span>Renoviert<\/span><\/label><\/div><\/div><div class=\"checkbox-item\"><div class=\"checkbox\"><label><input type=\"checkbox\" name=\"features\" value=\"4-schlafzimmer\" \/><span>4 Schlafzimmer<\/span><\/label><\/div><\/div><div class=\"checkbox-item\"><div class=\"checkbox\"><label><input type=\"checkbox\" name=\"features\" value=\"fussbodenheizung\" \/><span>Fu\u00dfbodenheizung<\/span><\/label><\/div><\/div><div class=\"checkbox-item\"><div class=\"checkbox\"><label><input type=\"checkbox\" name=\"features\" value=\"gasheizung-2023\" \/><span>Gasheizung 2023<\/span><\/label><\/div><\/div><div class=\"checkbox-item\"><div class=\"checkbox\"><label><input type=\"checkbox\" name=\"features\" value=\"waermepumpe-2023\" \/><span>W\u00e4rmepumpe 2023<\/span><\/label><\/div><\/div><div class=\"checkbox-item\"><div class=\"checkbox\"><label><input type=\"checkbox\" name=\"features\" value=\"182-m%c2%b2-wohnflaeche\" \/><span>182 m\u00b2 Wohnfl\u00e4che<\/span><\/label><\/div><\/div><div class=\"checkbox-item\"><div class=\"checkbox\"><label><input type=\"checkbox\" name=\"features\" value=\"garten-terrasse\" \/><span>Garten + Terrasse<\/span><\/label><\/div><\/div><div class=\"checkbox-item\"><div class=\"checkbox\"><label><input type=\"checkbox\" name=\"features\" value=\"ruhige-lage\" \/><span>Ruhige Lage<\/span><\/label><\/div><\/div><div class=\"checkbox-item\"><div class=\"checkbox\"><label><input type=\"checkbox\" name=\"features\" value=\"garage-parkplatz\" \/><span>Garage + Parkplatz<\/span><\/label><\/div><\/div><\/div>    <\/div>\r\n<\/div>                                    <div class=\"wrapper-action\">\r\n                                        <a href=\"javascript:void(0)\"\r\n                                                class=\"button btn-show-properties tf-search-more-btn\">Immobilien anzeigen<i class=\"icon-proty-search2\"><\/i><\/a>\r\n                                        <a href=\"javascript:void(0)\"\r\n                                            class=\"btn-clear-all advanced-action\">Filter zur\u00fccksetzen<\/a>\r\n                                    <\/div>\r\n                                <\/div>\r\n                            <\/div>\r\n                            <div class=\"tf-search-form-bottom mobile\">\r\n                                <div class=\"row\">\r\n                                        <div class=\"tfre-slider-range-price-wrap col-xl-6 col-md-6 col-xs-12 form-group price-field\">\r\n                <div class=\"tfre-range-slider-price tfre-range-slider-filter\" data-min-default=\"100\"\r\n            data-max-default=\"5000000\" data-min=\"100\"\r\n            data-max=\"5000000\">\r\n            <div class=\"tfre-title-range-slider\">\r\n                <span>Preisspanne<\/span>\r\n                <b>von<\/b> <span class=\"min-value\">\u20ac100<\/span><b>  bis  <\/b><span class=\"max-value\">\u20ac5,000,000<\/span>\r\n                <input type=\"hidden\" name=\"min-price\" class=\"min-input-request\"\r\n                    value=\"100\">\r\n                <input type=\"hidden\" name=\"max-price\" class=\"max-input-request\"\r\n                    value=\"5000000\">\r\n            <\/div>\r\n            <div class=\"tfre-range-slider\">\r\n            <\/div>\r\n        <\/div>\r\n    <\/div>\r\n        <div class=\"tfre-slider-range-size-wrap col-xl-6 col-md-6 col-xs-12 form-group size-field\">\r\n                <div class=\"tfre-range-slider-size tfre-range-slider-filter\" data-min-default=\"0\" data-max-default=\"1000\" data-min=\"0\"\r\n            data-max=\"1000\">\r\n            <div class=\"tfre-title-range-slider\">\r\n            <span>Gr\u00f6\u00dfenbereich<\/span>\r\n                <b>von<\/b> <span class=\"min-value\">0<\/span> <b>bis<\/b> <span class=\"max-value\">1,000<\/span>\r\n                <input type=\"hidden\" name=\"min-size\" class=\"min-input-request\"\r\n                    value=\"0\">\r\n                <input type=\"hidden\" name=\"max-size\" class=\"max-input-request\"\r\n                    value=\"1000\">\r\n            <\/div>\r\n            <div class=\"tfre-range-slider\">\r\n            <\/div>\r\n        <\/div>\r\n    <\/div>\r\n    <div class=\"col-xl-3 col-md-6 col-xs-12 form-group label-field\">\r\n    <label>Immobilien-Labels<\/label>\r\n    <select name=\"label\" title=\"Immobilien-Labels\"\r\n        class=\"tfre-property-label-ajax search-field form-control\" data-default-value=\"\">\r\n        <option value=\"\"  selected='selected'>\r\n            Immobilien-Labels        <\/option>\r\n        <option  value=\"zu-verkaufen\">Zu verkaufen<\/option><option  value=\"zu-vermieten\">Zu vermieten<\/option>    <\/select>\r\n<\/div><div class=\"col-xl-3 col-md-6 col-xs-12 form-group state-field\">\r\n    <label>Provinzen\/Bundesstaaten<\/label>\r\n    <select name=\"state\" title=\"Provinzen\/Bundesstaaten\"\r\n        class=\"tfre-province-state-ajax search-field form-control\" data-default-value=\"\" data-selected=\"\">\r\n        <option value=\"\"  selected='selected'>\r\n            Provinzen\/Bundesstaaten        <\/option>\r\n        <option  value=\"baden-wuerttemberg\">Baden-W\u00fcrttemberg<\/option><option  value=\"bavaria-bayern\">Bavaria (Bayern)<\/option><option  value=\"berlin\">Berlin<\/option><option  value=\"brandenburg\">Brandenburg<\/option><option  value=\"hamburg\">Hamburg<\/option><option  value=\"hesse-hessen\">Hesse (Hessen)<\/option><option  value=\"lower-saxony-niedersachsen\">Lower Saxony (Niedersachsen)<\/option><option  value=\"north-rhine-westphalia-nordrhein-westfalen\">North Rhine-Westphalia (Nordrhein-Westfalen)<\/option><option  value=\"rhineland-palatinate-rheinland-pfalz\">Rhineland-Palatinate (Rheinland-Pfalz)<\/option><option  value=\"saxony-sachsen\">Saxony (Sachsen)<\/option>    <\/select>\r\n<\/div><div class=\"col-xl-3 col-md-6 col-xs-12 form-group neighborhood-field\">\r\n    <label>Standort<\/label>\r\n    <select name=\"neighborhood\" title=\"Viertel\"\r\n        class=\"tfre-property-neighborhood-ajax search-field form-control\" data-default-value=\"\" data-selected=\"\">\r\n        <option value=\"\"  selected='selected'>\r\n            Viertel        <\/option>\r\n        <option  value=\"altstadt-hamburgo\">Altstadt (Hamburgo)<\/option><option  value=\"altstadt-mainz\">Altstadt (Mainz)<\/option><option  value=\"altstadt-nord-colonia-koeln\">Altstadt-Nord (Colonia \/ K\u00f6ln)<\/option><option  value=\"damsheide\">Damsheide<\/option><option  value=\"innenstadt\">Innenstadt<\/option><option  value=\"maxvorstadt-munich\">Maxvorstadt (M\u00fanich)<\/option><option  value=\"mitte-berlin\">Mitte (Berl\u00edn)<\/option><option  value=\"mitte-hannover\">Mitte (Hannover)<\/option><option  value=\"neustadt-dresden\">Neustadt (Dresden)<\/option><option  value=\"potsdam-west-potsdam\">Potsdam-West (Potsdam)<\/option><option  value=\"provinz-sanchez-ramirez\">Provinz S\u00e1nchez Ram\u00edrez<\/option><option  value=\"stadtteil-la-altagraci\">Stadtteil La Altagraci<\/option><option  value=\"stuttgart-mitte-stuttgart\">Stuttgart-Mitte (Stuttgart)<\/option>    <\/select>\r\n<\/div><div class=\"col-xl-3 col-md-6 col-xs-12 form-group rooms-field\">\r\n    <label>Zimmer<\/label>\r\n    <select name=\"rooms\" title=\"Zimmer\"\r\n        class=\"tfre-property-room-ajax search-field form-control\" data-default-value=\"\">\r\n        <option value=\"\"  selected='selected'>\r\n            Zimmer        <\/option>\r\n        \t\t    \t\t\t    <option  value=\"1\">1<\/option>\r\n\t\t    \t\t\t    <option  value=\"2\">2<\/option>\r\n\t\t    \t\t\t    <option  value=\"3\">3<\/option>\r\n\t\t    \t\t\t    <option  value=\"4\">4<\/option>\r\n\t\t    \t\t\t    <option  value=\"5\">5<\/option>\r\n\t\t    \t\t\t    <option  value=\"6\">6<\/option>\r\n\t\t    \t\t\t    <option  value=\"7\">7<\/option>\r\n\t\t    \t\t\t    <option  value=\"8\">8<\/option>\r\n\t\t    \t\t\t    <option  value=\"9\">9<\/option>\r\n\t\t    \t\t\t    <option  value=\"10\">10<\/option>\r\n\t\t    \t        <\/select>\r\n<\/div><div class=\"col-xl-3 col-md-6 col-xs-12 form-group bathrooms-field\">\r\n    <label>Badezimmer<\/label>\r\n    <select name=\"bathrooms\" title=\"Property bathrooms\"\r\n        class=\"tfre-property-bathroom-ajax search-field form-control\" data-default-value=\"\">\r\n        <option value=\"\"  selected='selected'>\r\n            Badezimmer: Beliebig        <\/option>\r\n                                    <option  value=\"1\">1<\/option>\r\n                            <option  value=\"2\">2<\/option>\r\n                            <option  value=\"3\">3<\/option>\r\n                            <option  value=\"4\">4<\/option>\r\n                            <option  value=\"5\">5<\/option>\r\n                            <option  value=\"6\">6<\/option>\r\n                            <option  value=\"7\">7<\/option>\r\n                            <option  value=\"8\">8<\/option>\r\n                            <option  value=\"9\">9<\/option>\r\n                            <option  value=\"10\">10<\/option>\r\n                        <\/select>\r\n<\/div><div class=\"col-xl-3 col-md-6 col-xs-12 form-group bedrooms-field\">\r\n    <label>Schlafzimmer<\/label>\r\n    <select name=\"bedrooms\" title=\"Property bedrooms\"\r\n        class=\"tfre-property-bedroom-ajax search-field form-control\" data-default-value=\"\">\r\n        <option value=\"\"  selected='selected'>\r\n            Schlafzimmer: Beliebig        <\/option>\r\n                                    <option  value=\"1\">1<\/option>\r\n                            <option  value=\"2\">2<\/option>\r\n                            <option  value=\"3\">3<\/option>\r\n                            <option  value=\"4\">4<\/option>\r\n                            <option  value=\"5\">5<\/option>\r\n                            <option  value=\"6\">6<\/option>\r\n                            <option  value=\"7\">7<\/option>\r\n                            <option  value=\"8\">8<\/option>\r\n                            <option  value=\"9\">9<\/option>\r\n                            <option  value=\"10\">10<\/option>\r\n                        <\/select>\r\n<\/div><div class=\"col-xl-3 col-md-6 col-xs-12 form-group garage-field\">\r\n    <label>Garages<\/label>\r\n    <select name=\"garage\" title=\"Property Garages\"\r\n        class=\"tfre-property-garage-ajax search-field form-control\" data-default-value=\"\">\r\n        <option value=\"\">\r\n            Garagen: Beliebig        <\/option>\r\n                                    <option  value=\"1\">1<\/option>\r\n                            <option  value=\"2\">2<\/option>\r\n                            <option  value=\"3\">3<\/option>\r\n                            <option  value=\"4\">4<\/option>\r\n                            <option  value=\"5\">5<\/option>\r\n                            <option  value=\"6\">6<\/option>\r\n                            <option  value=\"7\">7<\/option>\r\n                            <option  value=\"8\">8<\/option>\r\n                            <option  value=\"9\">9<\/option>\r\n                            <option  value=\"10\">10<\/option>\r\n                        <\/select>\r\n<\/div>    <div class=\"tfre-slider-range-land-size-wrap col-xl-6 col-md-6 col-xs-12 form-group land-size-field\">\r\n                <div class=\"tfre-range-slider-land-size tfre-range-slider-filter\" data-min-default=\"0\" data-max-default=\"1000\" data-min=\"0\"\r\n            data-max=\"1000\">\r\n            <div class=\"tfre-title-range-slider\">\r\n                <span>Gr\u00f6\u00dfenbereich der Grundst\u00fccksfl\u00e4che<\/span>\r\n                <b>von<\/b> <span class=\"min-value\">0<\/span> <b>bis<\/b> <span class=\"max-value\">1,000<\/span>\r\n                <input type=\"hidden\" name=\"min-land-size\" class=\"min-input-request\"\r\n                    value=\"0\">\r\n                <input type=\"hidden\" name=\"max-land-size\" class=\"max-input-request\"\r\n                    value=\"1000\">\r\n            <\/div>\r\n            <div class=\"tfre-range-slider\">\r\n            <\/div>\r\n        <\/div>\r\n    <\/div>\r\n    <div class=\"col-md-12 col-sm-12 col-xs-12 features-wrap clearfix\">\r\n            <div class=\"enable-features\">\r\n                        <a href=\"javascript:void(0)\" class=\"btn-enable-features \">\r\n                Ausstattung <i class=\"fa fa-chevron-down\"><\/i>\r\n            <\/a>\r\n            <input type=\"hidden\" name=\"enable-search-features\" class=\"search-field\" data-default-value=\"0\"\r\n                value=\"0\">\r\n        <\/div>\r\n        <div class=\"features-list\"\r\n        style=\"display: none;\">\r\n        <div class=\"wrap-checkbox\"><div class=\"checkbox-item\"><div class=\"checkbox\"><label><input type=\"checkbox\" name=\"features\" value=\"badezimmer\" \/><span>Badezimmer<\/span><\/label><\/div><\/div><div class=\"checkbox-item\"><div class=\"checkbox\"><label><input type=\"checkbox\" name=\"features\" value=\"3-schlafzimmer\" \/><span>3 Schlafzimmer<\/span><\/label><\/div><\/div><div class=\"checkbox-item\"><div class=\"checkbox\"><label><input type=\"checkbox\" name=\"features\" value=\"2-badezimmer\" \/><span>2 Badezimmer<\/span><\/label><\/div><\/div><div class=\"checkbox-item\"><div class=\"checkbox\"><label><input type=\"checkbox\" name=\"features\" value=\"grosses-wohnzimmer\" \/><span>Gro\u00dfes Wohnzimmer<\/span><\/label><\/div><\/div><div class=\"checkbox-item\"><div class=\"checkbox\"><label><input type=\"checkbox\" name=\"features\" value=\"esszimmer\" \/><span>Esszimmer<\/span><\/label><\/div><\/div><div class=\"checkbox-item\"><div class=\"checkbox\"><label><input type=\"checkbox\" name=\"features\" value=\"moderne-kueche\" \/><span>Moderne K\u00fcche<\/span><\/label><\/div><\/div><div class=\"checkbox-item\"><div class=\"checkbox\"><label><input type=\"checkbox\" name=\"features\" value=\"waschkueche\" \/><span>Waschk\u00fcche<\/span><\/label><\/div><\/div><div class=\"checkbox-item\"><div class=\"checkbox\"><label><input type=\"checkbox\" name=\"features\" value=\"privater-balkon\" \/><span>Privater Balkon<\/span><\/label><\/div><\/div><div class=\"checkbox-item\"><div class=\"checkbox\"><label><input type=\"checkbox\" name=\"features\" value=\"1-parkplatz\" \/><span>1 Parkplatz<\/span><\/label><\/div><\/div><div class=\"checkbox-item\"><div class=\"checkbox\"><label><input type=\"checkbox\" name=\"features\" value=\"136\" \/><span>136<\/span><\/label><\/div><\/div><div class=\"checkbox-item\"><div class=\"checkbox\"><label><input type=\"checkbox\" name=\"features\" value=\"33-m%c2%b2-wohnflaeche\" \/><span>33 m\u00b2 Wohnfl\u00e4che<\/span><\/label><\/div><\/div><div class=\"checkbox-item\"><div class=\"checkbox\"><label><input type=\"checkbox\" name=\"features\" value=\"3-etagen\" \/><span>3 Etagen<\/span><\/label><\/div><\/div><div class=\"checkbox-item\"><div class=\"checkbox\"><label><input type=\"checkbox\" name=\"features\" value=\"keramikboeden\" \/><span>Keramikb\u00f6den<\/span><\/label><\/div><\/div><div class=\"checkbox-item\"><div class=\"checkbox\"><label><input type=\"checkbox\" name=\"features\" value=\"holz-und-aluminiumtueren\" \/><span>Holz- und Aluminiumt\u00fcren<\/span><\/label><\/div><\/div><div class=\"checkbox-item\"><div class=\"checkbox\"><label><input type=\"checkbox\" name=\"features\" value=\"glasschiebetueren\" \/><span>Glasschiebet\u00fcren<\/span><\/label><\/div><\/div><div class=\"checkbox-item\"><div class=\"checkbox\"><label><input type=\"checkbox\" name=\"features\" value=\"neubauprojekt\" \/><span>Neubauprojekt<\/span><\/label><\/div><\/div><div class=\"checkbox-item\"><div class=\"checkbox\"><label><input type=\"checkbox\" name=\"features\" value=\"renoviert\" \/><span>Renoviert<\/span><\/label><\/div><\/div><div class=\"checkbox-item\"><div class=\"checkbox\"><label><input type=\"checkbox\" name=\"features\" value=\"4-schlafzimmer\" \/><span>4 Schlafzimmer<\/span><\/label><\/div><\/div><div class=\"checkbox-item\"><div class=\"checkbox\"><label><input type=\"checkbox\" name=\"features\" value=\"fussbodenheizung\" \/><span>Fu\u00dfbodenheizung<\/span><\/label><\/div><\/div><div class=\"checkbox-item\"><div class=\"checkbox\"><label><input type=\"checkbox\" name=\"features\" value=\"gasheizung-2023\" \/><span>Gasheizung 2023<\/span><\/label><\/div><\/div><div class=\"checkbox-item\"><div class=\"checkbox\"><label><input type=\"checkbox\" name=\"features\" value=\"waermepumpe-2023\" \/><span>W\u00e4rmepumpe 2023<\/span><\/label><\/div><\/div><div class=\"checkbox-item\"><div class=\"checkbox\"><label><input type=\"checkbox\" name=\"features\" value=\"182-m%c2%b2-wohnflaeche\" \/><span>182 m\u00b2 Wohnfl\u00e4che<\/span><\/label><\/div><\/div><div class=\"checkbox-item\"><div class=\"checkbox\"><label><input type=\"checkbox\" name=\"features\" value=\"garten-terrasse\" \/><span>Garten + Terrasse<\/span><\/label><\/div><\/div><div class=\"checkbox-item\"><div class=\"checkbox\"><label><input type=\"checkbox\" name=\"features\" value=\"ruhige-lage\" \/><span>Ruhige Lage<\/span><\/label><\/div><\/div><div class=\"checkbox-item\"><div class=\"checkbox\"><label><input type=\"checkbox\" name=\"features\" value=\"garage-parkplatz\" \/><span>Garage + Parkplatz<\/span><\/label><\/div><\/div><\/div>    <\/div>\r\n<\/div>                                <\/div>\r\n                            <\/div>\r\n                        <\/div>\r\n                    <\/div>\r\n                <\/div>\r\n            <\/div>\r\n        <\/div>\r\n    <\/div>\r\n\t<\/div>\r\n\r\n\t<div class=\"widget_property_search_form_widget tfre-filter-search\">\r\n\t\t<div class=\"popup-search-map\">\r\n\t\t\t<div class=\"overlay\"><\/div>\r\n\t\t\t<div class=\"tfre-sidebar\">\r\n\t\t\t\t<div class=\"tf-btn-close\"><i class=\"icon-homelengo-plus\"><\/i><\/div>\r\n\t\t\t\t\t<div class=\"tfre-advanced-search-wrap\">\r\n\t\t<div data-options=\"{&quot;ajax_url&quot;:&quot;https:\\\/\\\/tysinmobiliaria.com\\\/wp-admin\\\/admin-ajax.php&quot;}\"\r\n\t\t\tclass=\"tfre-property-advanced-search clearfix tab color-dark\">\r\n\t\t\t<div class=\"form-search-wrap\">\r\n\t\t\t\t<div class=\"form-search-inner\">\r\n\t\t\t\t\t\t\t\t\t\t<div data-href=\"https:\/\/tysinmobiliaria.com\/busqueda-avanzada\/\" class=\"search-properties-form\">\r\n\t\t\t\t\t\t<div class=\"tf-search-form\">\r\n\t\t\t\t\t\t\t<div class=\"tf-search-form-top desktop in-sidebar\">\r\n\t\t\t\t\t\t\t\t<div class=\" form-group keyword-field\">\r\n\t<label>Schl\u00fcsselwort<\/label>\r\n\t<input type=\"text\" class=\"form-control search-field\" data-default-value=\"\"\r\n\t\tvalue=\"\" name=\"keyword\"\r\n\t\tplaceholder=\"Schl\u00fcsselwort suchen\">\r\n<\/div><div class=\" form-group type-field\">\r\n    <label>Typ<\/label>\r\n    <select name=\"type\" title=\"Immobilientyp\"\r\n        class=\"tfre-property-type-ajax search-field form-control\" data-default-value=\"\">\r\n        <option value=\"\"  selected='selected'>\r\n            Immobilientypen        <\/option>\r\n        <option  value=\"immobilie-zum-verkauf\">Immobilie zum Verkauf<\/option><option  value=\"immobilie-zur-miete\">Immobilie zur Miete<\/option>    <\/select>\r\n<\/div><div class=\" form-group country-field\">\r\n    <label>Land der Immobilie<\/label>\r\n    <select name=\"country\" title=\"Land der Immobilie\"\r\n        class=\"tfre-property-country-ajax search-field form-control\" data-default-value=\"\"\r\n        data-selected=\"\">\r\n        <option value=\"\"  selected='selected'>\r\n            Land der Immobilie        <\/option>\r\n                    <option  value=\"BE\">Belgium<\/option>\r\n                    <option  value=\"DO\">Dominikanische Republik<\/option>\r\n                    <option  value=\"FR\">France<\/option>\r\n                    <option  value=\"DE\">Germany<\/option>\r\n                    <option  value=\"IT\">Italy<\/option>\r\n                    <option  value=\"NL\">Netherlands the<\/option>\r\n                    <option  value=\"US\">Vereinigte Staaten<\/option>\r\n            <\/select>\r\n<\/div>    <div class=\"tfre-slider-range-garage-size-wrap  form-group garage-size-field\">\r\n                <div class=\"tfre-range-slider-garage-size tfre-range-slider-filter\" data-min-default=\"0\" data-max-default=\"1000\" data-min=\"0\"\r\n            data-max=\"1000\">\r\n            <div class=\"tfre-title-range-slider\">\r\n                <span>Gr\u00f6\u00dfenbereich der Garagen<\/span>\r\n                <b>Garagengr\u00f6\u00dfe<\/b> <span class=\"min-value\">0<\/span> <b>bis<\/b> <span class=\"max-value\">1,000<\/span>\r\n                <input type=\"hidden\" name=\"min-garage-size\" class=\"min-input-request\"\r\n                    value=\"0\">\r\n                <input type=\"hidden\" name=\"max-garage-size\" class=\"max-input-request\"\r\n                    value=\"1000\">\r\n            <\/div>\r\n            <div class=\"tfre-range-slider\">\r\n            <\/div>\r\n        <\/div>\r\n    <\/div>\r\n    <div class=\" form-group status-field\">\r\n    <label>Immobilienstatus<\/label>\r\n    <select name=\"status\" title=\"Immobilienstatus\"\r\n        class=\"search-field form-control\" data-default-value=\"\">\r\n        <option value=\"\"  selected='selected'>\r\n            Immobilienstatus        <\/option>\r\n        <option value=\"immobilie-zur-miete\">Immobilie zur Miete<\/option><option value=\"mmobilie-zum-verkauf\">mmobilie zum Verkauf<\/option>    <\/select>\r\n<\/div>    <div class=\"tfre-slider-range-price-wrap  form-group price-field\">\r\n                <div class=\"tfre-range-slider-price tfre-range-slider-filter\" data-min-default=\"100\"\r\n            data-max-default=\"5000000\" data-min=\"100\"\r\n            data-max=\"5000000\">\r\n            <div class=\"tfre-title-range-slider\">\r\n                <span>Preisspanne<\/span>\r\n                <b>von<\/b> <span class=\"min-value\">\u20ac100<\/span><b>  bis  <\/b><span class=\"max-value\">\u20ac5,000,000<\/span>\r\n                <input type=\"hidden\" name=\"min-price\" class=\"min-input-request\"\r\n                    value=\"100\">\r\n                <input type=\"hidden\" name=\"max-price\" class=\"max-input-request\"\r\n                    value=\"5000000\">\r\n            <\/div>\r\n            <div class=\"tfre-range-slider\">\r\n            <\/div>\r\n        <\/div>\r\n    <\/div>\r\n        <div class=\"tfre-slider-range-size-wrap  form-group size-field\">\r\n                <div class=\"tfre-range-slider-size tfre-range-slider-filter\" data-min-default=\"0\" data-max-default=\"1000\" data-min=\"0\"\r\n            data-max=\"1000\">\r\n            <div class=\"tfre-title-range-slider\">\r\n            <span>Gr\u00f6\u00dfenbereich<\/span>\r\n                <b>von<\/b> <span class=\"min-value\">0<\/span> <b>bis<\/b> <span class=\"max-value\">1,000<\/span>\r\n                <input type=\"hidden\" name=\"min-size\" class=\"min-input-request\"\r\n                    value=\"0\">\r\n                <input type=\"hidden\" name=\"max-size\" class=\"max-input-request\"\r\n                    value=\"1000\">\r\n            <\/div>\r\n            <div class=\"tfre-range-slider\">\r\n            <\/div>\r\n        <\/div>\r\n    <\/div>\r\n    <div class=\" form-group label-field\">\r\n    <label>Immobilien-Labels<\/label>\r\n    <select name=\"label\" title=\"Immobilien-Labels\"\r\n        class=\"tfre-property-label-ajax search-field form-control\" data-default-value=\"\">\r\n        <option value=\"\"  selected='selected'>\r\n            Immobilien-Labels        <\/option>\r\n        <option  value=\"zu-verkaufen\">Zu verkaufen<\/option><option  value=\"zu-vermieten\">Zu vermieten<\/option>    <\/select>\r\n<\/div><div class=\" form-group state-field\">\r\n    <label>Provinzen\/Bundesstaaten<\/label>\r\n    <select name=\"state\" title=\"Provinzen\/Bundesstaaten\"\r\n        class=\"tfre-province-state-ajax search-field form-control\" data-default-value=\"\" data-selected=\"\">\r\n        <option value=\"\"  selected='selected'>\r\n            Provinzen\/Bundesstaaten        <\/option>\r\n        <option  value=\"baden-wuerttemberg\">Baden-W\u00fcrttemberg<\/option><option  value=\"bavaria-bayern\">Bavaria (Bayern)<\/option><option  value=\"berlin\">Berlin<\/option><option  value=\"brandenburg\">Brandenburg<\/option><option  value=\"hamburg\">Hamburg<\/option><option  value=\"hesse-hessen\">Hesse (Hessen)<\/option><option  value=\"lower-saxony-niedersachsen\">Lower Saxony (Niedersachsen)<\/option><option  value=\"north-rhine-westphalia-nordrhein-westfalen\">North Rhine-Westphalia (Nordrhein-Westfalen)<\/option><option  value=\"rhineland-palatinate-rheinland-pfalz\">Rhineland-Palatinate (Rheinland-Pfalz)<\/option><option  value=\"saxony-sachsen\">Saxony (Sachsen)<\/option>    <\/select>\r\n<\/div><div class=\" form-group neighborhood-field\">\r\n    <label>Standort<\/label>\r\n    <select name=\"neighborhood\" title=\"Viertel\"\r\n        class=\"tfre-property-neighborhood-ajax search-field form-control\" data-default-value=\"\" data-selected=\"\">\r\n        <option value=\"\"  selected='selected'>\r\n            Viertel        <\/option>\r\n        <option  value=\"altstadt-hamburgo\">Altstadt (Hamburgo)<\/option><option  value=\"altstadt-mainz\">Altstadt (Mainz)<\/option><option  value=\"altstadt-nord-colonia-koeln\">Altstadt-Nord (Colonia \/ K\u00f6ln)<\/option><option  value=\"damsheide\">Damsheide<\/option><option  value=\"innenstadt\">Innenstadt<\/option><option  value=\"maxvorstadt-munich\">Maxvorstadt (M\u00fanich)<\/option><option  value=\"mitte-berlin\">Mitte (Berl\u00edn)<\/option><option  value=\"mitte-hannover\">Mitte (Hannover)<\/option><option  value=\"neustadt-dresden\">Neustadt (Dresden)<\/option><option  value=\"potsdam-west-potsdam\">Potsdam-West (Potsdam)<\/option><option  value=\"provinz-sanchez-ramirez\">Provinz S\u00e1nchez Ram\u00edrez<\/option><option  value=\"stadtteil-la-altagraci\">Stadtteil La Altagraci<\/option><option  value=\"stuttgart-mitte-stuttgart\">Stuttgart-Mitte (Stuttgart)<\/option>    <\/select>\r\n<\/div><div class=\" form-group rooms-field\">\r\n    <label>Zimmer<\/label>\r\n    <select name=\"rooms\" title=\"Zimmer\"\r\n        class=\"tfre-property-room-ajax search-field form-control\" data-default-value=\"\">\r\n        <option value=\"\"  selected='selected'>\r\n            Zimmer        <\/option>\r\n        \t\t    \t\t\t    <option  value=\"1\">1<\/option>\r\n\t\t    \t\t\t    <option  value=\"2\">2<\/option>\r\n\t\t    \t\t\t    <option  value=\"3\">3<\/option>\r\n\t\t    \t\t\t    <option  value=\"4\">4<\/option>\r\n\t\t    \t\t\t    <option  value=\"5\">5<\/option>\r\n\t\t    \t\t\t    <option  value=\"6\">6<\/option>\r\n\t\t    \t\t\t    <option  value=\"7\">7<\/option>\r\n\t\t    \t\t\t    <option  value=\"8\">8<\/option>\r\n\t\t    \t\t\t    <option  value=\"9\">9<\/option>\r\n\t\t    \t\t\t    <option  value=\"10\">10<\/option>\r\n\t\t    \t        <\/select>\r\n<\/div><div class=\" form-group bathrooms-field\">\r\n    <label>Badezimmer<\/label>\r\n    <select name=\"bathrooms\" title=\"Property bathrooms\"\r\n        class=\"tfre-property-bathroom-ajax search-field form-control\" data-default-value=\"\">\r\n        <option value=\"\"  selected='selected'>\r\n            Badezimmer: Beliebig        <\/option>\r\n                                    <option  value=\"1\">1<\/option>\r\n                            <option  value=\"2\">2<\/option>\r\n                            <option  value=\"3\">3<\/option>\r\n                            <option  value=\"4\">4<\/option>\r\n                            <option  value=\"5\">5<\/option>\r\n                            <option  value=\"6\">6<\/option>\r\n                            <option  value=\"7\">7<\/option>\r\n                            <option  value=\"8\">8<\/option>\r\n                            <option  value=\"9\">9<\/option>\r\n                            <option  value=\"10\">10<\/option>\r\n                        <\/select>\r\n<\/div><div class=\" form-group bedrooms-field\">\r\n    <label>Schlafzimmer<\/label>\r\n    <select name=\"bedrooms\" title=\"Property bedrooms\"\r\n        class=\"tfre-property-bedroom-ajax search-field form-control\" data-default-value=\"\">\r\n        <option value=\"\"  selected='selected'>\r\n            Schlafzimmer: Beliebig        <\/option>\r\n                                    <option  value=\"1\">1<\/option>\r\n                            <option  value=\"2\">2<\/option>\r\n                            <option  value=\"3\">3<\/option>\r\n                            <option  value=\"4\">4<\/option>\r\n                            <option  value=\"5\">5<\/option>\r\n                            <option  value=\"6\">6<\/option>\r\n                            <option  value=\"7\">7<\/option>\r\n                            <option  value=\"8\">8<\/option>\r\n                            <option  value=\"9\">9<\/option>\r\n                            <option  value=\"10\">10<\/option>\r\n                        <\/select>\r\n<\/div><div class=\" form-group garage-field\">\r\n    <label>Garages<\/label>\r\n    <select name=\"garage\" title=\"Property Garages\"\r\n        class=\"tfre-property-garage-ajax search-field form-control\" data-default-value=\"\">\r\n        <option value=\"\">\r\n            Garagen: Beliebig        <\/option>\r\n                                    <option  value=\"1\">1<\/option>\r\n                            <option  value=\"2\">2<\/option>\r\n                            <option  value=\"3\">3<\/option>\r\n                            <option  value=\"4\">4<\/option>\r\n                            <option  value=\"5\">5<\/option>\r\n                            <option  value=\"6\">6<\/option>\r\n                            <option  value=\"7\">7<\/option>\r\n                            <option  value=\"8\">8<\/option>\r\n                            <option  value=\"9\">9<\/option>\r\n                            <option  value=\"10\">10<\/option>\r\n                        <\/select>\r\n<\/div>    <div class=\"tfre-slider-range-land-size-wrap  form-group land-size-field\">\r\n                <div class=\"tfre-range-slider-land-size tfre-range-slider-filter\" data-min-default=\"0\" data-max-default=\"1000\" data-min=\"0\"\r\n            data-max=\"1000\">\r\n            <div class=\"tfre-title-range-slider\">\r\n                <span>Gr\u00f6\u00dfenbereich der Grundst\u00fccksfl\u00e4che<\/span>\r\n                <b>von<\/b> <span class=\"min-value\">0<\/span> <b>bis<\/b> <span class=\"max-value\">1,000<\/span>\r\n                <input type=\"hidden\" name=\"min-land-size\" class=\"min-input-request\"\r\n                    value=\"0\">\r\n                <input type=\"hidden\" name=\"max-land-size\" class=\"max-input-request\"\r\n                    value=\"1000\">\r\n            <\/div>\r\n            <div class=\"tfre-range-slider\">\r\n            <\/div>\r\n        <\/div>\r\n    <\/div>\r\n    <div class=\"col-md-12 col-sm-12 col-xs-12 features-wrap clearfix\">\r\n            <div class=\"enable-features\">\r\n                        <a href=\"javascript:void(0)\" class=\"btn-enable-features \">\r\n                Ausstattung <i class=\"fa fa-chevron-down\"><\/i>\r\n            <\/a>\r\n            <input type=\"hidden\" name=\"enable-search-features\" class=\"search-field\" data-default-value=\"0\"\r\n                value=\"0\">\r\n        <\/div>\r\n        <div class=\"features-list\"\r\n        style=\"display: none;\">\r\n        <div class=\"wrap-checkbox\"><div class=\"checkbox-item\"><div class=\"checkbox\"><label><input type=\"checkbox\" name=\"features\" value=\"badezimmer\" \/><span>Badezimmer<\/span><\/label><\/div><\/div><div class=\"checkbox-item\"><div class=\"checkbox\"><label><input type=\"checkbox\" name=\"features\" value=\"3-schlafzimmer\" \/><span>3 Schlafzimmer<\/span><\/label><\/div><\/div><div class=\"checkbox-item\"><div class=\"checkbox\"><label><input type=\"checkbox\" name=\"features\" value=\"2-badezimmer\" \/><span>2 Badezimmer<\/span><\/label><\/div><\/div><div class=\"checkbox-item\"><div class=\"checkbox\"><label><input type=\"checkbox\" name=\"features\" value=\"grosses-wohnzimmer\" \/><span>Gro\u00dfes Wohnzimmer<\/span><\/label><\/div><\/div><div class=\"checkbox-item\"><div class=\"checkbox\"><label><input type=\"checkbox\" name=\"features\" value=\"esszimmer\" \/><span>Esszimmer<\/span><\/label><\/div><\/div><div class=\"checkbox-item\"><div class=\"checkbox\"><label><input type=\"checkbox\" name=\"features\" value=\"moderne-kueche\" \/><span>Moderne K\u00fcche<\/span><\/label><\/div><\/div><div class=\"checkbox-item\"><div class=\"checkbox\"><label><input type=\"checkbox\" name=\"features\" value=\"waschkueche\" \/><span>Waschk\u00fcche<\/span><\/label><\/div><\/div><div class=\"checkbox-item\"><div class=\"checkbox\"><label><input type=\"checkbox\" name=\"features\" value=\"privater-balkon\" \/><span>Privater Balkon<\/span><\/label><\/div><\/div><div class=\"checkbox-item\"><div class=\"checkbox\"><label><input type=\"checkbox\" name=\"features\" value=\"1-parkplatz\" \/><span>1 Parkplatz<\/span><\/label><\/div><\/div><div class=\"checkbox-item\"><div class=\"checkbox\"><label><input type=\"checkbox\" name=\"features\" value=\"136\" \/><span>136<\/span><\/label><\/div><\/div><div class=\"checkbox-item\"><div class=\"checkbox\"><label><input type=\"checkbox\" name=\"features\" value=\"33-m%c2%b2-wohnflaeche\" \/><span>33 m\u00b2 Wohnfl\u00e4che<\/span><\/label><\/div><\/div><div class=\"checkbox-item\"><div class=\"checkbox\"><label><input type=\"checkbox\" name=\"features\" value=\"3-etagen\" \/><span>3 Etagen<\/span><\/label><\/div><\/div><div class=\"checkbox-item\"><div class=\"checkbox\"><label><input type=\"checkbox\" name=\"features\" value=\"keramikboeden\" \/><span>Keramikb\u00f6den<\/span><\/label><\/div><\/div><div class=\"checkbox-item\"><div class=\"checkbox\"><label><input type=\"checkbox\" name=\"features\" value=\"holz-und-aluminiumtueren\" \/><span>Holz- und Aluminiumt\u00fcren<\/span><\/label><\/div><\/div><div class=\"checkbox-item\"><div class=\"checkbox\"><label><input type=\"checkbox\" name=\"features\" value=\"glasschiebetueren\" \/><span>Glasschiebet\u00fcren<\/span><\/label><\/div><\/div><div class=\"checkbox-item\"><div class=\"checkbox\"><label><input type=\"checkbox\" name=\"features\" value=\"neubauprojekt\" \/><span>Neubauprojekt<\/span><\/label><\/div><\/div><div class=\"checkbox-item\"><div class=\"checkbox\"><label><input type=\"checkbox\" name=\"features\" value=\"renoviert\" \/><span>Renoviert<\/span><\/label><\/div><\/div><div class=\"checkbox-item\"><div class=\"checkbox\"><label><input type=\"checkbox\" name=\"features\" value=\"4-schlafzimmer\" \/><span>4 Schlafzimmer<\/span><\/label><\/div><\/div><div class=\"checkbox-item\"><div class=\"checkbox\"><label><input type=\"checkbox\" name=\"features\" value=\"fussbodenheizung\" \/><span>Fu\u00dfbodenheizung<\/span><\/label><\/div><\/div><div class=\"checkbox-item\"><div class=\"checkbox\"><label><input type=\"checkbox\" name=\"features\" value=\"gasheizung-2023\" \/><span>Gasheizung 2023<\/span><\/label><\/div><\/div><div class=\"checkbox-item\"><div class=\"checkbox\"><label><input type=\"checkbox\" name=\"features\" value=\"waermepumpe-2023\" \/><span>W\u00e4rmepumpe 2023<\/span><\/label><\/div><\/div><div class=\"checkbox-item\"><div class=\"checkbox\"><label><input type=\"checkbox\" name=\"features\" value=\"182-m%c2%b2-wohnflaeche\" \/><span>182 m\u00b2 Wohnfl\u00e4che<\/span><\/label><\/div><\/div><div class=\"checkbox-item\"><div class=\"checkbox\"><label><input type=\"checkbox\" name=\"features\" value=\"garten-terrasse\" \/><span>Garten + Terrasse<\/span><\/label><\/div><\/div><div class=\"checkbox-item\"><div class=\"checkbox\"><label><input type=\"checkbox\" name=\"features\" value=\"ruhige-lage\" \/><span>Ruhige Lage<\/span><\/label><\/div><\/div><div class=\"checkbox-item\"><div class=\"checkbox\"><label><input type=\"checkbox\" name=\"features\" value=\"garage-parkplatz\" \/><span>Garage + Parkplatz<\/span><\/label><\/div><\/div><\/div>    <\/div>\r\n<\/div>\t\t\t\t\t\t\t<\/div>\r\n\t\t\t\t\t\t<\/div>\r\n\t\t\t\t\t<\/div>\r\n\t\t\t\t<\/div>\r\n\t\t\t<\/div>\r\n\t\t<\/div>\r\n\t<\/div>\r\n\t\t\t<\/div>\r\n\t\t<\/div>\r\n\t<\/div>\r\n\r\n<div class=\"tfre_message\"><\/div>\r\n\r\n<div class=\"cards-container map-header no-sidebar sidebar-right row\">\r\n\t\t\t<div class=\"col-md-12 properties-list-wrap\">\r\n\t\t\t<form method=\"get\" action=\"https:\/\/tysinmobiliaria.com\/de\/immobilienauflistung\/\" class=\"tfre-my-property-search\">\r\n\t\t\t\t\t<input type=\"hidden\" name=\"layout_archive_property\" id=\"layout_archive_property\"\r\n\t\t\t\t\t\tvalue=\"grid\">\r\n\t\t\t\t\t<input type=\"hidden\" name=\"column_layout\" id=\"column_layout\"\r\n\t\t\t\t\t\tvalue=\"column-3\">\r\n\t\t\t\t\t\t<input type=\"hidden\" name=\"item_style_layout_grid\" id=\"item_style_layout_grid\"\r\n\t\t\t\t\t\tvalue=\"style1\">\r\n\t\t\t\t\t<input type=\"hidden\" name=\"item_style_layout_list\" id=\"item_style_layout_list\"\r\n\t\t\t\t\t\tvalue=\"style2\">\r\n\t\t\t\t\t<input type=\"hidden\" name=\"item_per_page\" id=\"item_per_page\"\r\n\t\t\t\t\tvalue=\"12\">\r\n\t\t\t\t<div class=\"row\">\r\n\t\t\t\t\t<div class=\"col-md-6\">\r\n\t\t\t\t\t\t<h4 class=\"tfre-heading-property\">Immobilienangebote<\/h4>\r\n\t\t\t\t\t\t<p class=\"count-properties-desc\">\r\n\t\t\t\t\t\t\tZeige <span class=\"count-result count-total\">7<\/span> <span class=\"text-result\">Ergebnisse<\/span>\t\t\t\t\t\t<\/p>\r\n\t\t\t\t\t<\/div>\r\n\r\n                    \r\n\t\t\t\t\t<div class=\"col-md-6 toolbar-search-list\">\r\n\t\t\t\t\t<a href=\"javascript:void(0)\" class=\"btn-clear-all card-clear\">Filter zur\u00fccksetzen <\/a>\r\n\t\t\t\t\t\t\r\n\t\t\t\t\t<div class=\"form-group\">\r\n\t\t\t\t\t\t\t<a class=\"btn-display-properties-grid active\" data-style-layout=\"style1\" data-style-layout-column=\"column-3\"><i class=\"icon-homelengo-btn-grid\"><\/i><\/a>\r\n\t\t\t\t\t\t<\/div>\r\n\t\t\t\t\t\t<div class=\"form-group\">\r\n\t\t\t\t\t\t\t<a class=\"btn-display-properties-list \" data-style-layout=\"style2\" data-style-layout-column=\"column-1\"><i class=\"icon-homelengo-btn-list\"><\/i><\/a>\r\n\t\t\t\t\t\t<\/div>\r\n\t\t\t\t\t\t<div class=\"form-group\">\r\n\t\t\t\t\t\t\t<select name=\"sortby\" id=\"property_order_by\" class=\"form-control\" title=\"Sort By\">\r\n\t\t\t\t\t\t\t\t\t\t\t\t\t\t\t\t\t<option value=\"\/de\/wp-json\/wp\/v2\/pages\/4377?orderBy=default\"\r\n\t\t\t\t\t\t\t\t\t\t>\r\n\t\t\t\t\t\t\t\t\t\tStandardsortierung\t\t\t\t\t\t\t\t\t<\/option>\r\n\t\t\t\t\t\t\t\t\t\t\t\t\t\t\t\t\t<option value=\"\/de\/wp-json\/wp\/v2\/pages\/4377?orderBy=featured\"\r\n\t\t\t\t\t\t\t\t\t\t>\r\n\t\t\t\t\t\t\t\t\t\tZuerst nach Empfehlungen\t\t\t\t\t\t\t\t\t<\/option>\r\n\t\t\t\t\t\t\t\t\t\t\t\t\t\t\t\t\t<option value=\"\/de\/wp-json\/wp\/v2\/pages\/4377?orderBy=latest\"\r\n\t\t\t\t\t\t\t\t\t\t>\r\n\t\t\t\t\t\t\t\t\t\tNeueste zuerst\t\t\t\t\t\t\t\t\t<\/option>\r\n\t\t\t\t\t\t\t\t\t\t\t\t\t\t\t\t\t<option value=\"\/de\/wp-json\/wp\/v2\/pages\/4377?orderBy=price\"\r\n\t\t\t\t\t\t\t\t\t\t>\r\n\t\t\t\t\t\t\t\t\t\tPreis: aufsteigend\t\t\t\t\t\t\t\t\t<\/option>\r\n\t\t\t\t\t\t\t\t\t\t\t\t\t\t\t\t\t<option value=\"\/de\/wp-json\/wp\/v2\/pages\/4377?orderBy=price-desc\"\r\n\t\t\t\t\t\t\t\t\t\t>\r\n\t\t\t\t\t\t\t\t\t\tPreis: absteigend\t\t\t\t\t\t\t\t\t<\/option>\r\n\t\t\t\t\t\t\t\t\t\t\t\t\t\t\t<\/select>\r\n\t\t\t\t\t\t<\/div>\r\n\t\t\t\t\t\t\t\t\t\t\t<\/div>\r\n\t\t\t\t<\/div>\r\n\t\t\t<\/form>\r\n\t\t\t<div class=\"tf-properties-wrap style1\">\r\n\t\t\t\t<div class=\"wrap-properties-post column-3\">\r\n\t\t\t\t\t<div class=\"group-card-item-property properties row\">\r\n\t\t\t\t\t\t<div class=\"item\">\n\t\t<div class=\"properties-post property-inner\">\n\t\t<div class=\"featured-property card-image\">\n\t\t\t<a class=\"view-gallery property-thumb\"\n\t\t\t\tdata-gallery=\"[&quot;https:\\\/\\\/tysinmobiliaria.com\\\/wp-content\\\/uploads\\\/2025\\\/12\\\/IMG-20251215-WA0128-495x495.jpg&quot;,&quot;https:\\\/\\\/tysinmobiliaria.com\\\/wp-content\\\/uploads\\\/2025\\\/12\\\/Tys-4.jpg&quot;,&quot;https:\\\/\\\/tysinmobiliaria.com\\\/wp-content\\\/uploads\\\/2025\\\/12\\\/tys-1-4.jpg&quot;,&quot;https:\\\/\\\/tysinmobiliaria.com\\\/wp-content\\\/uploads\\\/2025\\\/12\\\/tys_2-3.jpg&quot;]\"\n\t\t\t\thref=\"https:\/\/tysinmobiliaria.com\/de\/real-estate\/projekt-new-amsterdam\/\">\n\t\t\t\t<img decoding=\"async\" loading=\"lazy\" class=\"lazy tfre-image-map\" src=\"\" data-src=\"https:\/\/tysinmobiliaria.com\/wp-content\/uploads\/2025\/12\/IMG-20251215-WA0128-615x410.jpg\" data-image=\"https:\/\/tysinmobiliaria.com\/wp-content\/uploads\/2025\/12\/IMG-20251215-WA0128-615x410.jpg\" data-location=\"\" data-bed=\"3\" data-bath=\"2\"  data-size=\"136\" data-measurement-units=\"m2\" data-id=\"8640\" data-price=\"\u20ac266,000\" data-price-prefix=\"\" data-price-postfix=\"\" title=\"Projekt New Amsterdam\" alt=\"image\">\t\t\t<\/a>\n\t\t\t\t\t\t\t\t\t\t\t\t\t<div class=\"bottom-infor-features\">\n\t\t\t\t\t\t\t\t\t\t\t\t\t\t\t<ul class=\"list-text\">\n\t\t\t\t\t\t\t\t\t\t\t\t\t\t\t\t\t\t\t\t<\/ul>\n\t\t\t\t\t\t\t\t\t\t<ul class=\"list-controller\">\n\t\t\t\t\t\t<li>\n\t\t\t\t\t\t\t<a class=\"compare tfre-compare-property hv-tool\" href=\"javascript:void(0)\"\n\t\t\t\t\t\t\t\tdata-property-id=\"8640\" data-toggle=\"tooltip\"\n\t\t\t\t\t\t\t\tdata-tooltip=\"Zum Vergleich hinzuf\u00fcgen\"\n\t\t\t\t\t\t\t\ttitle=\"Vergleichen\">\n\t\t\t\t\t\t\t\t<i class=\"far fa-plus\"><\/i>\n\t\t\t\t\t\t\t<\/a>\n\t\t\t\t\t\t<\/li>\n\t\t\t\t\t\t<li>\n\t\t\t\t\t\t\t<div class=\"bookmark\">\n\t\t\t\t\t\t\t\t<div class=\"bg-bookmark\">\n\t\t\t\t\t\t\t\t\t<a href=\"javascript:void(0)\"\n\t\t\t\t\t\t\t\t\t\tclass=\"tfre-property-favorite hv-tool \"\n\t\t\t\t\t\t\t\t\t\tdata-tfre-data-property-id=\"8640\"\n\t\t\t\t\t\t\t\t\t\tdata-toggle=\"tooltip\" data-tooltip=\"Zu Favoriten hinzuf\u00fcgen\"\n\t\t\t\t\t\t\t\t\t\tdata-tfre-data-title-not-favorite=\"Zu Favoriten hinzuf\u00fcgen\"\n\t\t\t\t\t\t\t\t\t\tdata-tfre-data-title-favorited=\"Es ist Ihr Favorit\"\n\t\t\t\t\t\t\t\t\t\tdata-tfre-data-icon-not-favorite=\"far fa-bookmark\"\n\t\t\t\t\t\t\t\t\t\tdata-tfre-data-icon-favorited=\"far fa-bookmark\">\n\t\t\t\t\t\t\t\t\t\t<i class=\"far fa-bookmark\"><\/i>\n\t\t\t\t\t\t\t\t\t<\/a>\n\t\t\t\t\t\t\t\t<\/div>\n\t\t\t\t\t\t\t<\/div>\n\t\t\t\t\t\t<\/li>\n\t\t\t\t\t\t<li>\n\t\t\t\t\t\t\t<a class=\"property-quick-view zoomGallery hv-tool\"\n\t\t\t\t\t\t\t\tdata-gallery=\"[&quot;https:\\\/\\\/tysinmobiliaria.com\\\/wp-content\\\/uploads\\\/2025\\\/12\\\/IMG-20251215-WA0128-495x495.jpg&quot;,&quot;https:\\\/\\\/tysinmobiliaria.com\\\/wp-content\\\/uploads\\\/2025\\\/12\\\/Tys-4.jpg&quot;,&quot;https:\\\/\\\/tysinmobiliaria.com\\\/wp-content\\\/uploads\\\/2025\\\/12\\\/tys-1-4.jpg&quot;,&quot;https:\\\/\\\/tysinmobiliaria.com\\\/wp-content\\\/uploads\\\/2025\\\/12\\\/tys_2-3.jpg&quot;]\"\n\t\t\t\t\t\t\t\thref=\"javascript:void(0)\"\n\t\t\t\t\t\t\t\tdata-tooltip=\"Schnellansicht\"\n\t\t\t\t\t\t\t\tdata-toggle=\"modal\" data-target=\"#property_quick_view_modal\"\n\t\t\t\t\t\t\t\tdata-property-id=\"8640\">\n\t\t\t\t\t\t\t\t<i class=\"icon-homelengo-eyes\"><\/i>\n\t\t\t\t\t\t\t<\/a>\n\t\t\t\t\t\t<\/li>\n\t\t\t\t\t<\/ul>\n\t\t\t\t\t\t\t<\/div>\n\t\t<\/div>\n\t\t<div class=\"content\">\n\t\t\t<div class=\"heading\">\n\t\t\t\t<h3 class=\"title\">\n\t\t\t\t\t<a\n\t\t\t\t\t\thref=\"https:\/\/tysinmobiliaria.com\/de\/real-estate\/projekt-new-amsterdam\/\">Projekt New Amsterdam<\/a>\n\t\t\t\t<\/h3>\n\t\t\t\t\t\t\t\t\t<div class=\"address\">\n\t\t\t\t\t\t<i class=\"icon-homelengo-location-3\"><\/i>\n\t\t\t\t\t\t<span><\/span>\n\t\t\t\t\t<\/div>\n\t\t\t\t\t\t\t<\/div>\n\t\t\t<div class=\"description\">\n\t\t\t\t\t\t\t\t\t<div class=\"property-information\">\n\t\t\t\t\t\t<i class=\"icon-homelengo-bed2\"><\/i>\n\t\t\t\t\t\t<span class=\"value\">3<\/span>\t\t\t\t\t<\/div>\n\t\t\t\t\t\t\t\t\t\t\t\t\t<div class=\"property-information\">\n\t\t\t\t\t\t<i class=\"icon-homelengo-bath3\"><\/i>\n\t\t\t\t\t\t<span class=\"value\">2<\/span>\t\t\t\t\t<\/div>\n\t\t\t\t\t\t\t\t\t\t\t\t\t<div class=\"property-information\">\n\t\t\t\t\t\t<i class=\"icon-homelengo-ruler\"><\/i>\n\t\t\t\t\t\t<span class=\"value\">136 m2<\/span>\t\t\t\t\t<\/div>\n\t\t\t\t\t\t\t\t\t\t\t\t\t\t\t\t\t\t\t\t\t\t\t<\/div>\n\t\t\t\t\t\t\t<div class=\"bottom\">\n\t\t\t\t\t\t\t\t\t\t\t<a href=\"https:\/\/tysinmobiliaria.com\/en\/agent\/alexandy-burgos-espino\/\" class=\"avatar\">\n\t\t\t\t\t\t\t<img alt=\"Alexandy Burgos Espino\"\n\t\t\t\t\t\t\tsrc=\"\"\n\t\t\t\t\t\t\tonerror=\"this.src = 'https:\/\/tysinmobiliaria.com\/wp-content\/uploads\/2025\/09\/Avatar_TS.png';\"\n\t\t\t\t\t\t\tclass=\"avatar avatar-96 photo\" loading=\"lazy\"><span>Alexandy Burgos Espino<\/span>\n\t\t\t\t\t\t<\/a>\n\t\t\t\t\t\t\t\t\t\t\t\t\t\t\t\t\t<span class=\"price\">\n\t\t\t\t\t\t\t\t\t\t\t\t\t\t\t\t\u20ac266,000\t\t\t\t\t\t\t\t\t\t\t\t\t\t\t<\/span>\n\t\t\t\t\t\t\t\t\t<\/div>\n\t\t\t\t\t<\/div>\n\t<\/div>\n<\/div>\t\t\t\t\t\t\t<div class=\"item\">\n\t\t<div class=\"properties-post property-inner\">\n\t\t<div class=\"featured-property card-image\">\n\t\t\t<a class=\"view-gallery property-thumb\"\n\t\t\t\tdata-gallery=\"[&quot;https:\\\/\\\/tysinmobiliaria.com\\\/wp-content\\\/uploads\\\/2025\\\/12\\\/WhatsApp-Image-2025-12-12-at-7.57.12-PM-2-495x495.jpeg&quot;,&quot;https:\\\/\\\/tysinmobiliaria.com\\\/wp-content\\\/uploads\\\/2025\\\/12\\\/WhatsApp-Image-2025-12-12-at-7.57.13-PM-2-1-495x495.jpeg&quot;,&quot;https:\\\/\\\/tysinmobiliaria.com\\\/wp-content\\\/uploads\\\/2025\\\/12\\\/WhatsApp-Image-2025-12-12-at-7.57.12-PM-1-495x495.jpeg&quot;,&quot;https:\\\/\\\/tysinmobiliaria.com\\\/wp-content\\\/uploads\\\/2025\\\/12\\\/WhatsApp-Image-2025-12-12-at-7.57.15-PM-495x495.jpeg&quot;]\"\n\t\t\t\thref=\"https:\/\/tysinmobiliaria.com\/de\/real-estate\/gemuetliche-wohnung-in-cadaques-caribe-bayahibe\/\">\n\t\t\t\t<img decoding=\"async\" loading=\"lazy\" class=\"lazy tfre-image-map\" src=\"\" data-src=\"https:\/\/tysinmobiliaria.com\/wp-content\/uploads\/2025\/12\/WhatsApp-Image-2025-12-12-at-7.57.12-PM-2-615x410.jpeg\" data-image=\"https:\/\/tysinmobiliaria.com\/wp-content\/uploads\/2025\/12\/WhatsApp-Image-2025-12-12-at-7.57.12-PM-2-615x410.jpeg\" data-location=\"\" data-bed=\"1\" data-bath=\"1\"  data-size=\"38\" data-measurement-units=\"m2\" data-id=\"8572\" data-price=\"\u20ac2,750\" data-price-prefix=\"\" data-price-postfix=\"\" title=\"Gem\u00fctliche Wohnung in Cadaqu\u00e9s Caribe, Bayahibe\" alt=\"image\">\t\t\t<\/a>\n\t\t\t\t\t\t\t\t\t\t\t\t\t<div class=\"bottom-infor-features\">\n\t\t\t\t\t\t\t\t\t\t\t\t\t\t\t<ul class=\"list-text\">\n\t\t\t\t\t\t\t\t\t\t\t\t\t\t\t\t\t\t\t\t\t\t<li>\n\t\t\t\t\t\t\t\t\t<span class=\"status-text\">mmobilie zum Verkauf<\/span>\n\t\t\t\t\t\t\t\t<\/li>\n\t\t\t\t\t\t\t\t\t\t\t\t\t<\/ul>\n\t\t\t\t\t\t\t\t\t\t<ul class=\"list-controller\">\n\t\t\t\t\t\t<li>\n\t\t\t\t\t\t\t<a class=\"compare tfre-compare-property hv-tool\" href=\"javascript:void(0)\"\n\t\t\t\t\t\t\t\tdata-property-id=\"8572\" data-toggle=\"tooltip\"\n\t\t\t\t\t\t\t\tdata-tooltip=\"Zum Vergleich hinzuf\u00fcgen\"\n\t\t\t\t\t\t\t\ttitle=\"Vergleichen\">\n\t\t\t\t\t\t\t\t<i class=\"far fa-plus\"><\/i>\n\t\t\t\t\t\t\t<\/a>\n\t\t\t\t\t\t<\/li>\n\t\t\t\t\t\t<li>\n\t\t\t\t\t\t\t<div class=\"bookmark\">\n\t\t\t\t\t\t\t\t<div class=\"bg-bookmark\">\n\t\t\t\t\t\t\t\t\t<a href=\"javascript:void(0)\"\n\t\t\t\t\t\t\t\t\t\tclass=\"tfre-property-favorite hv-tool \"\n\t\t\t\t\t\t\t\t\t\tdata-tfre-data-property-id=\"8572\"\n\t\t\t\t\t\t\t\t\t\tdata-toggle=\"tooltip\" data-tooltip=\"Zu Favoriten hinzuf\u00fcgen\"\n\t\t\t\t\t\t\t\t\t\tdata-tfre-data-title-not-favorite=\"Zu Favoriten hinzuf\u00fcgen\"\n\t\t\t\t\t\t\t\t\t\tdata-tfre-data-title-favorited=\"Es ist Ihr Favorit\"\n\t\t\t\t\t\t\t\t\t\tdata-tfre-data-icon-not-favorite=\"far fa-bookmark\"\n\t\t\t\t\t\t\t\t\t\tdata-tfre-data-icon-favorited=\"far fa-bookmark\">\n\t\t\t\t\t\t\t\t\t\t<i class=\"far fa-bookmark\"><\/i>\n\t\t\t\t\t\t\t\t\t<\/a>\n\t\t\t\t\t\t\t\t<\/div>\n\t\t\t\t\t\t\t<\/div>\n\t\t\t\t\t\t<\/li>\n\t\t\t\t\t\t<li>\n\t\t\t\t\t\t\t<a class=\"property-quick-view zoomGallery hv-tool\"\n\t\t\t\t\t\t\t\tdata-gallery=\"[&quot;https:\\\/\\\/tysinmobiliaria.com\\\/wp-content\\\/uploads\\\/2025\\\/12\\\/WhatsApp-Image-2025-12-12-at-7.57.12-PM-2-495x495.jpeg&quot;,&quot;https:\\\/\\\/tysinmobiliaria.com\\\/wp-content\\\/uploads\\\/2025\\\/12\\\/WhatsApp-Image-2025-12-12-at-7.57.13-PM-2-1-495x495.jpeg&quot;,&quot;https:\\\/\\\/tysinmobiliaria.com\\\/wp-content\\\/uploads\\\/2025\\\/12\\\/WhatsApp-Image-2025-12-12-at-7.57.12-PM-1-495x495.jpeg&quot;,&quot;https:\\\/\\\/tysinmobiliaria.com\\\/wp-content\\\/uploads\\\/2025\\\/12\\\/WhatsApp-Image-2025-12-12-at-7.57.15-PM-495x495.jpeg&quot;]\"\n\t\t\t\t\t\t\t\thref=\"javascript:void(0)\"\n\t\t\t\t\t\t\t\tdata-tooltip=\"Schnellansicht\"\n\t\t\t\t\t\t\t\tdata-toggle=\"modal\" data-target=\"#property_quick_view_modal\"\n\t\t\t\t\t\t\t\tdata-property-id=\"8572\">\n\t\t\t\t\t\t\t\t<i class=\"icon-homelengo-eyes\"><\/i>\n\t\t\t\t\t\t\t<\/a>\n\t\t\t\t\t\t<\/li>\n\t\t\t\t\t<\/ul>\n\t\t\t\t\t\t\t<\/div>\n\t\t<\/div>\n\t\t<div class=\"content\">\n\t\t\t<div class=\"heading\">\n\t\t\t\t<h3 class=\"title\">\n\t\t\t\t\t<a\n\t\t\t\t\t\thref=\"https:\/\/tysinmobiliaria.com\/de\/real-estate\/gemuetliche-wohnung-in-cadaques-caribe-bayahibe\/\">Gem\u00fctliche Wohnung in Cadaqu\u00e9s Caribe, Bayahibe<\/a>\n\t\t\t\t<\/h3>\n\t\t\t\t\t\t\t\t\t<div class=\"address\">\n\t\t\t\t\t\t<i class=\"icon-homelengo-location-3\"><\/i>\n\t\t\t\t\t\t<span><\/span>\n\t\t\t\t\t<\/div>\n\t\t\t\t\t\t\t<\/div>\n\t\t\t<div class=\"description\">\n\t\t\t\t\t\t\t\t\t<div class=\"property-information\">\n\t\t\t\t\t\t<i class=\"icon-homelengo-bed2\"><\/i>\n\t\t\t\t\t\t<span class=\"value\">1<\/span>\t\t\t\t\t<\/div>\n\t\t\t\t\t\t\t\t\t\t\t\t\t<div class=\"property-information\">\n\t\t\t\t\t\t<i class=\"icon-homelengo-bath3\"><\/i>\n\t\t\t\t\t\t<span class=\"value\">1<\/span>\t\t\t\t\t<\/div>\n\t\t\t\t\t\t\t\t\t\t\t\t\t<div class=\"property-information\">\n\t\t\t\t\t\t<i class=\"icon-homelengo-ruler\"><\/i>\n\t\t\t\t\t\t<span class=\"value\">38 m2<\/span>\t\t\t\t\t<\/div>\n\t\t\t\t\t\t\t\t\t\t\t\t\t\t\t\t\t\t\t\t\t\t\t<\/div>\n\t\t\t\t\t\t\t<div class=\"bottom\">\n\t\t\t\t\t\t\t\t\t\t\t<a href=\"https:\/\/tysinmobiliaria.com\/de\/agent\/alexandy-burgos-espino\/\" class=\"avatar\">\n\t\t\t\t\t\t\t<img alt=\"Alexandy Burgos Espino\"\n\t\t\t\t\t\t\tsrc=\"\"\n\t\t\t\t\t\t\tonerror=\"this.src = 'https:\/\/tysinmobiliaria.com\/wp-content\/uploads\/2025\/09\/Avatar_TS.png';\"\n\t\t\t\t\t\t\tclass=\"avatar avatar-96 photo\" loading=\"lazy\"><span>Alexandy Burgos Espino<\/span>\n\t\t\t\t\t\t<\/a>\n\t\t\t\t\t\t\t\t\t\t\t\t\t\t\t\t\t<span class=\"price\">\n\t\t\t\t\t\t\t\t\t\t\t\t\t\t\t\t\u20ac2,750\t\t\t\t\t\t\t\t\t\t\t\t\t\t\t<\/span>\n\t\t\t\t\t\t\t\t\t<\/div>\n\t\t\t\t\t<\/div>\n\t<\/div>\n<\/div>\t\t\t\t\t\t\t<div class=\"item\">\n\t\t<div class=\"properties-post property-inner\">\n\t\t<div class=\"featured-property card-image\">\n\t\t\t<a class=\"view-gallery property-thumb\"\n\t\t\t\tdata-gallery=\"[&quot;https:\\\/\\\/tysinmobiliaria.com\\\/wp-content\\\/uploads\\\/2025\\\/10\\\/huis-te-koop-in-neerpelt-31393@2x-1-scaled.jpg&quot;,&quot;https:\\\/\\\/tysinmobiliaria.com\\\/wp-content\\\/uploads\\\/2025\\\/10\\\/Huis-te-koop-2.png&quot;,&quot;https:\\\/\\\/tysinmobiliaria.com\\\/wp-content\\\/uploads\\\/2025\\\/10\\\/huis-te-koop-in-neerpelt-31394@2x-3-495x495.jpg&quot;,&quot;https:\\\/\\\/tysinmobiliaria.com\\\/wp-content\\\/uploads\\\/2025\\\/10\\\/huis-te-koop-in-neerpelt-31395@2x-5-495x495.jpg&quot;,&quot;https:\\\/\\\/tysinmobiliaria.com\\\/wp-content\\\/uploads\\\/2025\\\/10\\\/huis-te-koop-in-neerpelt-31396-4-495x495.jpg&quot;,&quot;https:\\\/\\\/tysinmobiliaria.com\\\/wp-content\\\/uploads\\\/2025\\\/10\\\/huis-te-koop-in-neerpelt-31398-4-495x495.jpg&quot;,&quot;https:\\\/\\\/tysinmobiliaria.com\\\/wp-content\\\/uploads\\\/2025\\\/10\\\/huis-te-koop-in-neerpelt-31399-3-495x495.jpg&quot;,&quot;https:\\\/\\\/tysinmobiliaria.com\\\/wp-content\\\/uploads\\\/2025\\\/10\\\/huis-te-koop-in-neerpelt-31401-4-495x495.jpg&quot;,&quot;https:\\\/\\\/tysinmobiliaria.com\\\/wp-content\\\/uploads\\\/2025\\\/10\\\/huis-te-koop-in-neerpelt-31402-4-495x495.jpg&quot;,&quot;https:\\\/\\\/tysinmobiliaria.com\\\/wp-content\\\/uploads\\\/2025\\\/10\\\/huis-te-koop-in-neerpelt-31403-3-495x495.jpg&quot;,&quot;https:\\\/\\\/tysinmobiliaria.com\\\/wp-content\\\/uploads\\\/2025\\\/10\\\/huis-te-koop-in-neerpelt-31404-4-495x495.jpg&quot;,&quot;https:\\\/\\\/tysinmobiliaria.com\\\/wp-content\\\/uploads\\\/2025\\\/10\\\/huis-te-koop-in-neerpelt-31405-4-495x495.jpg&quot;,&quot;https:\\\/\\\/tysinmobiliaria.com\\\/wp-content\\\/uploads\\\/2025\\\/10\\\/huis-te-koop-in-neerpelt-31406-4-495x495.jpg&quot;,&quot;https:\\\/\\\/tysinmobiliaria.com\\\/wp-content\\\/uploads\\\/2025\\\/10\\\/huis-te-koop-in-neerpelt-31407-4-495x495.jpg&quot;,&quot;https:\\\/\\\/tysinmobiliaria.com\\\/wp-content\\\/uploads\\\/2025\\\/10\\\/huis-te-koop-in-neerpelt-31408-4-495x495.jpg&quot;,&quot;https:\\\/\\\/tysinmobiliaria.com\\\/wp-content\\\/uploads\\\/2025\\\/10\\\/huis-te-koop-in-neerpelt-31409-4-495x495.jpg&quot;,&quot;https:\\\/\\\/tysinmobiliaria.com\\\/wp-content\\\/uploads\\\/2025\\\/10\\\/huis-te-koop-in-neerpelt-31410-3-495x495.jpg&quot;,&quot;https:\\\/\\\/tysinmobiliaria.com\\\/wp-content\\\/uploads\\\/2025\\\/10\\\/huis-te-koop-in-neerpelt-31411-4-495x495.jpg&quot;,&quot;https:\\\/\\\/tysinmobiliaria.com\\\/wp-content\\\/uploads\\\/2025\\\/10\\\/huis-te-koop-in-neerpelt-31412-4-495x495.jpg&quot;,&quot;https:\\\/\\\/tysinmobiliaria.com\\\/wp-content\\\/uploads\\\/2025\\\/10\\\/huis-te-koop-in-neerpelt-31413-4.jpg&quot;,&quot;https:\\\/\\\/tysinmobiliaria.com\\\/wp-content\\\/uploads\\\/2025\\\/10\\\/huis-te-koop-in-neerpelt-31414-4.jpg&quot;,&quot;https:\\\/\\\/tysinmobiliaria.com\\\/wp-content\\\/uploads\\\/2025\\\/10\\\/huis-te-koop-in-neerpelt-31415-4-495x495.jpg&quot;,&quot;https:\\\/\\\/tysinmobiliaria.com\\\/wp-content\\\/uploads\\\/2025\\\/10\\\/huis-te-koop-in-neerpelt-31394-5-495x495.jpg&quot;,&quot;https:\\\/\\\/tysinmobiliaria.com\\\/wp-content\\\/uploads\\\/2025\\\/10\\\/huis-te-koop-in-neerpelt-31393-4-495x495.jpg&quot;,&quot;https:\\\/\\\/tysinmobiliaria.com\\\/wp-content\\\/uploads\\\/2025\\\/10\\\/Huis-te-koop-2.png&quot;]\"\n\t\t\t\thref=\"https:\/\/tysinmobiliaria.com\/de\/real-estate\/haus-zu-verkaufen\/\">\n\t\t\t\t<img decoding=\"async\" loading=\"lazy\" class=\"lazy tfre-image-map\" src=\"\" data-src=\"https:\/\/tysinmobiliaria.com\/wp-content\/uploads\/2025\/10\/huis-te-koop-in-neerpelt-31393@2x-1-scaled.jpg\" data-image=\"https:\/\/tysinmobiliaria.com\/wp-content\/uploads\/2025\/10\/huis-te-koop-in-neerpelt-31393@2x-1-scaled.jpg\" data-location=\"Dwarsstraat 7, 3910 Pelt, Limburg, Belgium\" data-bed=\"4\" data-bath=\"1\"  data-size=\"182\" data-measurement-units=\"m2\" data-id=\"7278\" data-price=\"\u20ac325,000\" data-price-prefix=\"\" data-price-postfix=\"\" title=\"Haus zu verkaufen\" alt=\"image\">\t\t\t<\/a>\n\t\t\t\t\t\t\t\t\t\t\t\t<span class=\"label-text\">Zu verkaufen<\/span>\n\t\t\t\t\t\t\t\t\t\t<div class=\"bottom-infor-features\">\n\t\t\t\t\t\t\t\t\t\t\t\t\t\t\t<ul class=\"list-text\">\n\t\t\t\t\t\t\t\t\t\t\t\t\t\t\t\t\t\t\t\t\t\t<li>\n\t\t\t\t\t\t\t\t\t<span class=\"status-text\">mmobilie zum Verkauf<\/span>\n\t\t\t\t\t\t\t\t<\/li>\n\t\t\t\t\t\t\t\t\t\t\t\t\t<\/ul>\n\t\t\t\t\t\t\t\t\t\t<ul class=\"list-controller\">\n\t\t\t\t\t\t<li>\n\t\t\t\t\t\t\t<a class=\"compare tfre-compare-property hv-tool\" href=\"javascript:void(0)\"\n\t\t\t\t\t\t\t\tdata-property-id=\"7278\" data-toggle=\"tooltip\"\n\t\t\t\t\t\t\t\tdata-tooltip=\"Zum Vergleich hinzuf\u00fcgen\"\n\t\t\t\t\t\t\t\ttitle=\"Vergleichen\">\n\t\t\t\t\t\t\t\t<i class=\"far fa-plus\"><\/i>\n\t\t\t\t\t\t\t<\/a>\n\t\t\t\t\t\t<\/li>\n\t\t\t\t\t\t<li>\n\t\t\t\t\t\t\t<div class=\"bookmark\">\n\t\t\t\t\t\t\t\t<div class=\"bg-bookmark\">\n\t\t\t\t\t\t\t\t\t<a href=\"javascript:void(0)\"\n\t\t\t\t\t\t\t\t\t\tclass=\"tfre-property-favorite hv-tool \"\n\t\t\t\t\t\t\t\t\t\tdata-tfre-data-property-id=\"7278\"\n\t\t\t\t\t\t\t\t\t\tdata-toggle=\"tooltip\" data-tooltip=\"Zu Favoriten hinzuf\u00fcgen\"\n\t\t\t\t\t\t\t\t\t\tdata-tfre-data-title-not-favorite=\"Zu Favoriten hinzuf\u00fcgen\"\n\t\t\t\t\t\t\t\t\t\tdata-tfre-data-title-favorited=\"Es ist Ihr Favorit\"\n\t\t\t\t\t\t\t\t\t\tdata-tfre-data-icon-not-favorite=\"far fa-bookmark\"\n\t\t\t\t\t\t\t\t\t\tdata-tfre-data-icon-favorited=\"far fa-bookmark\">\n\t\t\t\t\t\t\t\t\t\t<i class=\"far fa-bookmark\"><\/i>\n\t\t\t\t\t\t\t\t\t<\/a>\n\t\t\t\t\t\t\t\t<\/div>\n\t\t\t\t\t\t\t<\/div>\n\t\t\t\t\t\t<\/li>\n\t\t\t\t\t\t<li>\n\t\t\t\t\t\t\t<a class=\"property-quick-view zoomGallery hv-tool\"\n\t\t\t\t\t\t\t\tdata-gallery=\"[&quot;https:\\\/\\\/tysinmobiliaria.com\\\/wp-content\\\/uploads\\\/2025\\\/10\\\/huis-te-koop-in-neerpelt-31393@2x-1-scaled.jpg&quot;,&quot;https:\\\/\\\/tysinmobiliaria.com\\\/wp-content\\\/uploads\\\/2025\\\/10\\\/Huis-te-koop-2.png&quot;,&quot;https:\\\/\\\/tysinmobiliaria.com\\\/wp-content\\\/uploads\\\/2025\\\/10\\\/huis-te-koop-in-neerpelt-31394@2x-3-495x495.jpg&quot;,&quot;https:\\\/\\\/tysinmobiliaria.com\\\/wp-content\\\/uploads\\\/2025\\\/10\\\/huis-te-koop-in-neerpelt-31395@2x-5-495x495.jpg&quot;,&quot;https:\\\/\\\/tysinmobiliaria.com\\\/wp-content\\\/uploads\\\/2025\\\/10\\\/huis-te-koop-in-neerpelt-31396-4-495x495.jpg&quot;,&quot;https:\\\/\\\/tysinmobiliaria.com\\\/wp-content\\\/uploads\\\/2025\\\/10\\\/huis-te-koop-in-neerpelt-31398-4-495x495.jpg&quot;,&quot;https:\\\/\\\/tysinmobiliaria.com\\\/wp-content\\\/uploads\\\/2025\\\/10\\\/huis-te-koop-in-neerpelt-31399-3-495x495.jpg&quot;,&quot;https:\\\/\\\/tysinmobiliaria.com\\\/wp-content\\\/uploads\\\/2025\\\/10\\\/huis-te-koop-in-neerpelt-31401-4-495x495.jpg&quot;,&quot;https:\\\/\\\/tysinmobiliaria.com\\\/wp-content\\\/uploads\\\/2025\\\/10\\\/huis-te-koop-in-neerpelt-31402-4-495x495.jpg&quot;,&quot;https:\\\/\\\/tysinmobiliaria.com\\\/wp-content\\\/uploads\\\/2025\\\/10\\\/huis-te-koop-in-neerpelt-31403-3-495x495.jpg&quot;,&quot;https:\\\/\\\/tysinmobiliaria.com\\\/wp-content\\\/uploads\\\/2025\\\/10\\\/huis-te-koop-in-neerpelt-31404-4-495x495.jpg&quot;,&quot;https:\\\/\\\/tysinmobiliaria.com\\\/wp-content\\\/uploads\\\/2025\\\/10\\\/huis-te-koop-in-neerpelt-31405-4-495x495.jpg&quot;,&quot;https:\\\/\\\/tysinmobiliaria.com\\\/wp-content\\\/uploads\\\/2025\\\/10\\\/huis-te-koop-in-neerpelt-31406-4-495x495.jpg&quot;,&quot;https:\\\/\\\/tysinmobiliaria.com\\\/wp-content\\\/uploads\\\/2025\\\/10\\\/huis-te-koop-in-neerpelt-31407-4-495x495.jpg&quot;,&quot;https:\\\/\\\/tysinmobiliaria.com\\\/wp-content\\\/uploads\\\/2025\\\/10\\\/huis-te-koop-in-neerpelt-31408-4-495x495.jpg&quot;,&quot;https:\\\/\\\/tysinmobiliaria.com\\\/wp-content\\\/uploads\\\/2025\\\/10\\\/huis-te-koop-in-neerpelt-31409-4-495x495.jpg&quot;,&quot;https:\\\/\\\/tysinmobiliaria.com\\\/wp-content\\\/uploads\\\/2025\\\/10\\\/huis-te-koop-in-neerpelt-31410-3-495x495.jpg&quot;,&quot;https:\\\/\\\/tysinmobiliaria.com\\\/wp-content\\\/uploads\\\/2025\\\/10\\\/huis-te-koop-in-neerpelt-31411-4-495x495.jpg&quot;,&quot;https:\\\/\\\/tysinmobiliaria.com\\\/wp-content\\\/uploads\\\/2025\\\/10\\\/huis-te-koop-in-neerpelt-31412-4-495x495.jpg&quot;,&quot;https:\\\/\\\/tysinmobiliaria.com\\\/wp-content\\\/uploads\\\/2025\\\/10\\\/huis-te-koop-in-neerpelt-31413-4.jpg&quot;,&quot;https:\\\/\\\/tysinmobiliaria.com\\\/wp-content\\\/uploads\\\/2025\\\/10\\\/huis-te-koop-in-neerpelt-31414-4.jpg&quot;,&quot;https:\\\/\\\/tysinmobiliaria.com\\\/wp-content\\\/uploads\\\/2025\\\/10\\\/huis-te-koop-in-neerpelt-31415-4-495x495.jpg&quot;,&quot;https:\\\/\\\/tysinmobiliaria.com\\\/wp-content\\\/uploads\\\/2025\\\/10\\\/huis-te-koop-in-neerpelt-31394-5-495x495.jpg&quot;,&quot;https:\\\/\\\/tysinmobiliaria.com\\\/wp-content\\\/uploads\\\/2025\\\/10\\\/huis-te-koop-in-neerpelt-31393-4-495x495.jpg&quot;,&quot;https:\\\/\\\/tysinmobiliaria.com\\\/wp-content\\\/uploads\\\/2025\\\/10\\\/Huis-te-koop-2.png&quot;]\"\n\t\t\t\t\t\t\t\thref=\"javascript:void(0)\"\n\t\t\t\t\t\t\t\tdata-tooltip=\"Schnellansicht\"\n\t\t\t\t\t\t\t\tdata-toggle=\"modal\" data-target=\"#property_quick_view_modal\"\n\t\t\t\t\t\t\t\tdata-property-id=\"7278\">\n\t\t\t\t\t\t\t\t<i class=\"icon-homelengo-eyes\"><\/i>\n\t\t\t\t\t\t\t<\/a>\n\t\t\t\t\t\t<\/li>\n\t\t\t\t\t<\/ul>\n\t\t\t\t\t\t\t<\/div>\n\t\t<\/div>\n\t\t<div class=\"content\">\n\t\t\t<div class=\"heading\">\n\t\t\t\t<h3 class=\"title\">\n\t\t\t\t\t<a\n\t\t\t\t\t\thref=\"https:\/\/tysinmobiliaria.com\/de\/real-estate\/haus-zu-verkaufen\/\">Haus zu verkaufen<\/a>\n\t\t\t\t<\/h3>\n\t\t\t\t\t\t\t\t\t<div class=\"address\">\n\t\t\t\t\t\t<i class=\"icon-homelengo-location-3\"><\/i>\n\t\t\t\t\t\t<span>Dwarsstraat 7, 3910 Pelt, Limburg, Belgium<\/span>\n\t\t\t\t\t<\/div>\n\t\t\t\t\t\t\t<\/div>\n\t\t\t<div class=\"description\">\n\t\t\t\t\t\t\t\t\t<div class=\"property-information\">\n\t\t\t\t\t\t<i class=\"icon-homelengo-bed2\"><\/i>\n\t\t\t\t\t\t<span class=\"value\">4<\/span>\t\t\t\t\t<\/div>\n\t\t\t\t\t\t\t\t\t\t\t\t\t<div class=\"property-information\">\n\t\t\t\t\t\t<i class=\"icon-homelengo-bath3\"><\/i>\n\t\t\t\t\t\t<span class=\"value\">1<\/span>\t\t\t\t\t<\/div>\n\t\t\t\t\t\t\t\t\t\t\t\t\t<div class=\"property-information\">\n\t\t\t\t\t\t<i class=\"icon-homelengo-ruler\"><\/i>\n\t\t\t\t\t\t<span class=\"value\">182 m2<\/span>\t\t\t\t\t<\/div>\n\t\t\t\t\t\t\t\t\t\t\t\t\t\t\t\t\t\t\t\t\t\t\t<\/div>\n\t\t\t\t\t\t\t<div class=\"bottom\">\n\t\t\t\t\t\t\t\t\t\t\t<a href=\"https:\/\/tysinmobiliaria.com\/de\/agent\/alexandy-burgos-espino\/\" class=\"avatar\">\n\t\t\t\t\t\t\t<img alt=\"Alexandy Burgos Espino\"\n\t\t\t\t\t\t\tsrc=\"\"\n\t\t\t\t\t\t\tonerror=\"this.src = 'https:\/\/tysinmobiliaria.com\/wp-content\/uploads\/2025\/09\/Avatar_TS.png';\"\n\t\t\t\t\t\t\tclass=\"avatar avatar-96 photo\" loading=\"lazy\"><span>Alexandy Burgos Espino<\/span>\n\t\t\t\t\t\t<\/a>\n\t\t\t\t\t\t\t\t\t\t\t\t\t\t\t\t\t<span class=\"price\">\n\t\t\t\t\t\t\t\t\t\t\t\t\t\t\t\t\u20ac325,000\t\t\t\t\t\t\t\t\t\t\t\t\t\t\t<\/span>\n\t\t\t\t\t\t\t\t\t<\/div>\n\t\t\t\t\t<\/div>\n\t<\/div>\n<\/div>\t\t\t\t\t\t\t<div class=\"item\">\n\t\t<div class=\"properties-post property-inner\">\n\t\t<div class=\"featured-property card-image\">\n\t\t\t<a class=\"view-gallery property-thumb\"\n\t\t\t\tdata-gallery=\"[&quot;https:\\\/\\\/tysinmobiliaria.com\\\/wp-content\\\/uploads\\\/2025\\\/10\\\/Local-comercial-615x410.png&quot;,&quot;https:\\\/\\\/tysinmobiliaria.com\\\/wp-content\\\/uploads\\\/2025\\\/10\\\/Local-comercial.png&quot;,&quot;https:\\\/\\\/tysinmobiliaria.com\\\/wp-content\\\/uploads\\\/2025\\\/10\\\/1Local-comercial-4-495x495.png&quot;]\"\n\t\t\t\thref=\"https:\/\/tysinmobiliaria.com\/de\/real-estate\/6460-2\/\">\n\t\t\t\t<img decoding=\"async\" loading=\"lazy\" class=\"lazy tfre-image-map\" src=\"\" data-src=\"https:\/\/tysinmobiliaria.com\/wp-content\/uploads\/2025\/10\/Local-comercial-615x410.png\" data-image=\"https:\/\/tysinmobiliaria.com\/wp-content\/uploads\/2025\/10\/Local-comercial-615x410.png\" data-location=\"\" data-bed=\"0\" data-bath=\"1\"  data-size=\"32\" data-measurement-units=\"m2\" data-id=\"6460\" data-price=\"\u20ac136\" data-price-prefix=\"\" data-price-postfix=\"\" title=\"Gewerbefl\u00e4che\" alt=\"image\">\t\t\t<\/a>\n\t\t\t\t\t\t\t\t\t\t\t\t<span class=\"label-text\">Zu vermieten<\/span>\n\t\t\t\t\t\t\t\t\t\t<div class=\"bottom-infor-features\">\n\t\t\t\t\t\t\t\t\t\t\t\t\t\t\t<ul class=\"list-text\">\n\t\t\t\t\t\t\t\t\t\t\t\t\t\t\t\t\t\t\t\t\t\t<li>\n\t\t\t\t\t\t\t\t\t<span class=\"status-text\">Immobilie zur Miete<\/span>\n\t\t\t\t\t\t\t\t<\/li>\n\t\t\t\t\t\t\t\t\t\t\t\t\t<\/ul>\n\t\t\t\t\t\t\t\t\t\t<ul class=\"list-controller\">\n\t\t\t\t\t\t<li>\n\t\t\t\t\t\t\t<a class=\"compare tfre-compare-property hv-tool\" href=\"javascript:void(0)\"\n\t\t\t\t\t\t\t\tdata-property-id=\"6460\" data-toggle=\"tooltip\"\n\t\t\t\t\t\t\t\tdata-tooltip=\"Zum Vergleich hinzuf\u00fcgen\"\n\t\t\t\t\t\t\t\ttitle=\"Vergleichen\">\n\t\t\t\t\t\t\t\t<i class=\"far fa-plus\"><\/i>\n\t\t\t\t\t\t\t<\/a>\n\t\t\t\t\t\t<\/li>\n\t\t\t\t\t\t<li>\n\t\t\t\t\t\t\t<div class=\"bookmark\">\n\t\t\t\t\t\t\t\t<div class=\"bg-bookmark\">\n\t\t\t\t\t\t\t\t\t<a href=\"javascript:void(0)\"\n\t\t\t\t\t\t\t\t\t\tclass=\"tfre-property-favorite hv-tool \"\n\t\t\t\t\t\t\t\t\t\tdata-tfre-data-property-id=\"6460\"\n\t\t\t\t\t\t\t\t\t\tdata-toggle=\"tooltip\" data-tooltip=\"Zu Favoriten hinzuf\u00fcgen\"\n\t\t\t\t\t\t\t\t\t\tdata-tfre-data-title-not-favorite=\"Zu Favoriten hinzuf\u00fcgen\"\n\t\t\t\t\t\t\t\t\t\tdata-tfre-data-title-favorited=\"Es ist Ihr Favorit\"\n\t\t\t\t\t\t\t\t\t\tdata-tfre-data-icon-not-favorite=\"far fa-bookmark\"\n\t\t\t\t\t\t\t\t\t\tdata-tfre-data-icon-favorited=\"far fa-bookmark\">\n\t\t\t\t\t\t\t\t\t\t<i class=\"far fa-bookmark\"><\/i>\n\t\t\t\t\t\t\t\t\t<\/a>\n\t\t\t\t\t\t\t\t<\/div>\n\t\t\t\t\t\t\t<\/div>\n\t\t\t\t\t\t<\/li>\n\t\t\t\t\t\t<li>\n\t\t\t\t\t\t\t<a class=\"property-quick-view zoomGallery hv-tool\"\n\t\t\t\t\t\t\t\tdata-gallery=\"[&quot;https:\\\/\\\/tysinmobiliaria.com\\\/wp-content\\\/uploads\\\/2025\\\/10\\\/Local-comercial-615x410.png&quot;,&quot;https:\\\/\\\/tysinmobiliaria.com\\\/wp-content\\\/uploads\\\/2025\\\/10\\\/Local-comercial.png&quot;,&quot;https:\\\/\\\/tysinmobiliaria.com\\\/wp-content\\\/uploads\\\/2025\\\/10\\\/1Local-comercial-4-495x495.png&quot;]\"\n\t\t\t\t\t\t\t\thref=\"javascript:void(0)\"\n\t\t\t\t\t\t\t\tdata-tooltip=\"Schnellansicht\"\n\t\t\t\t\t\t\t\tdata-toggle=\"modal\" data-target=\"#property_quick_view_modal\"\n\t\t\t\t\t\t\t\tdata-property-id=\"6460\">\n\t\t\t\t\t\t\t\t<i class=\"icon-homelengo-eyes\"><\/i>\n\t\t\t\t\t\t\t<\/a>\n\t\t\t\t\t\t<\/li>\n\t\t\t\t\t<\/ul>\n\t\t\t\t\t\t\t<\/div>\n\t\t<\/div>\n\t\t<div class=\"content\">\n\t\t\t<div class=\"heading\">\n\t\t\t\t<h3 class=\"title\">\n\t\t\t\t\t<a\n\t\t\t\t\t\thref=\"https:\/\/tysinmobiliaria.com\/de\/real-estate\/6460-2\/\">Gewerbefl\u00e4che<\/a>\n\t\t\t\t<\/h3>\n\t\t\t\t\t\t\t\t\t<div class=\"address\">\n\t\t\t\t\t\t<i class=\"icon-homelengo-location-3\"><\/i>\n\t\t\t\t\t\t<span><\/span>\n\t\t\t\t\t<\/div>\n\t\t\t\t\t\t\t<\/div>\n\t\t\t<div class=\"description\">\n\t\t\t\t\t\t\t\t\t<div class=\"property-information\">\n\t\t\t\t\t\t<i class=\"icon-homelengo-bed2\"><\/i>\n\t\t\t\t\t\t<span class=\"value\">0<\/span>\t\t\t\t\t<\/div>\n\t\t\t\t\t\t\t\t\t\t\t\t\t<div class=\"property-information\">\n\t\t\t\t\t\t<i class=\"icon-homelengo-bath3\"><\/i>\n\t\t\t\t\t\t<span class=\"value\">1<\/span>\t\t\t\t\t<\/div>\n\t\t\t\t\t\t\t\t\t\t\t\t\t<div class=\"property-information\">\n\t\t\t\t\t\t<i class=\"icon-homelengo-ruler\"><\/i>\n\t\t\t\t\t\t<span class=\"value\">32 m2<\/span>\t\t\t\t\t<\/div>\n\t\t\t\t\t\t\t\t\t\t\t\t\t\t\t\t\t\t\t\t\t\t\t<\/div>\n\t\t\t\t\t\t\t<div class=\"bottom\">\n\t\t\t\t\t\t\t\t\t\t\t<a href=\"\" class=\"avatar\">\n\t\t\t\t\t\t\t<img alt=\"\"\n\t\t\t\t\t\t\tsrc=\"\"\n\t\t\t\t\t\t\tonerror=\"this.src = 'https:\/\/tysinmobiliaria.com\/wp-content\/uploads\/2025\/09\/Avatar_TS.png';\"\n\t\t\t\t\t\t\tclass=\"avatar avatar-96 photo\" loading=\"lazy\"><span><\/span>\n\t\t\t\t\t\t<\/a>\n\t\t\t\t\t\t\t\t\t\t\t\t\t\t\t\t\t<span class=\"price\">\n\t\t\t\t\t\t\t\t\t\t\t\t\t\t\t\t\u20ac136\t\t\t\t\t\t\t\t\t\t\t\t\t\t\t<\/span>\n\t\t\t\t\t\t\t\t\t<\/div>\n\t\t\t\t\t<\/div>\n\t<\/div>\n<\/div>\t\t\t\t\t\t\t<div class=\"item\">\n\t\t<div class=\"properties-post property-inner\">\n\t\t<div class=\"featured-property card-image\">\n\t\t\t<a class=\"view-gallery property-thumb\"\n\t\t\t\tdata-gallery=\"[&quot;https:\\\/\\\/tysinmobiliaria.com\\\/wp-content\\\/uploads\\\/2025\\\/09\\\/Screenshot-2025-09-21-180242-1-615x410.png&quot;,&quot;https:\\\/\\\/tysinmobiliaria.com\\\/wp-content\\\/uploads\\\/2025\\\/09\\\/Apartamento_2-2-scaled.png&quot;,&quot;https:\\\/\\\/tysinmobiliaria.com\\\/wp-content\\\/uploads\\\/2025\\\/09\\\/Screenshot-2025-09-21-180242-1-495x495.png&quot;,&quot;https:\\\/\\\/tysinmobiliaria.com\\\/wp-content\\\/uploads\\\/2024\\\/04\\\/Baner2-495x495.png&quot;]\"\n\t\t\t\thref=\"https:\/\/tysinmobiliaria.com\/de\/real-estate\/residencial-alexandy-6\/\">\n\t\t\t\t<img decoding=\"async\" loading=\"lazy\" class=\"lazy tfre-image-map\" src=\"\" data-src=\"https:\/\/tysinmobiliaria.com\/wp-content\/uploads\/2025\/09\/Screenshot-2025-09-21-180242-1-615x410.png\" data-image=\"https:\/\/tysinmobiliaria.com\/wp-content\/uploads\/2025\/09\/Screenshot-2025-09-21-180242-1-615x410.png\" data-location=\"Calle Proyecto 1, Fantino, S\u00e1nchez Ram\u00edrez, Dominican Republic\" data-bed=\"3\" data-bath=\"2\"  data-size=\"136\" data-measurement-units=\"m2\" data-id=\"6623\" data-price=\"\u20ac75,906\" data-price-prefix=\"\" data-price-postfix=\"\" title=\"Residencial Alexandy\" alt=\"image\">\t\t\t<\/a>\n\t\t\t\t\t\t\t\t\t\t\t\t<span class=\"label-text\">Zu verkaufen<\/span>\n\t\t\t\t\t\t\t\t\t\t<div class=\"bottom-infor-features\">\n\t\t\t\t\t\t\t\t\t\t\t\t\t\t\t<ul class=\"list-text\">\n\t\t\t\t\t\t\t\t\t\t\t\t\t\t\t\t\t\t\t\t\t\t<li>\n\t\t\t\t\t\t\t\t\t<span class=\"status-text\">mmobilie zum Verkauf<\/span>\n\t\t\t\t\t\t\t\t<\/li>\n\t\t\t\t\t\t\t\t\t\t\t\t\t<\/ul>\n\t\t\t\t\t\t\t\t\t\t<ul class=\"list-controller\">\n\t\t\t\t\t\t<li>\n\t\t\t\t\t\t\t<a class=\"compare tfre-compare-property hv-tool\" href=\"javascript:void(0)\"\n\t\t\t\t\t\t\t\tdata-property-id=\"6623\" data-toggle=\"tooltip\"\n\t\t\t\t\t\t\t\tdata-tooltip=\"Zum Vergleich hinzuf\u00fcgen\"\n\t\t\t\t\t\t\t\ttitle=\"Vergleichen\">\n\t\t\t\t\t\t\t\t<i class=\"far fa-plus\"><\/i>\n\t\t\t\t\t\t\t<\/a>\n\t\t\t\t\t\t<\/li>\n\t\t\t\t\t\t<li>\n\t\t\t\t\t\t\t<div class=\"bookmark\">\n\t\t\t\t\t\t\t\t<div class=\"bg-bookmark\">\n\t\t\t\t\t\t\t\t\t<a href=\"javascript:void(0)\"\n\t\t\t\t\t\t\t\t\t\tclass=\"tfre-property-favorite hv-tool \"\n\t\t\t\t\t\t\t\t\t\tdata-tfre-data-property-id=\"6623\"\n\t\t\t\t\t\t\t\t\t\tdata-toggle=\"tooltip\" data-tooltip=\"Zu Favoriten hinzuf\u00fcgen\"\n\t\t\t\t\t\t\t\t\t\tdata-tfre-data-title-not-favorite=\"Zu Favoriten hinzuf\u00fcgen\"\n\t\t\t\t\t\t\t\t\t\tdata-tfre-data-title-favorited=\"Es ist Ihr Favorit\"\n\t\t\t\t\t\t\t\t\t\tdata-tfre-data-icon-not-favorite=\"far fa-bookmark\"\n\t\t\t\t\t\t\t\t\t\tdata-tfre-data-icon-favorited=\"far fa-bookmark\">\n\t\t\t\t\t\t\t\t\t\t<i class=\"far fa-bookmark\"><\/i>\n\t\t\t\t\t\t\t\t\t<\/a>\n\t\t\t\t\t\t\t\t<\/div>\n\t\t\t\t\t\t\t<\/div>\n\t\t\t\t\t\t<\/li>\n\t\t\t\t\t\t<li>\n\t\t\t\t\t\t\t<a class=\"property-quick-view zoomGallery hv-tool\"\n\t\t\t\t\t\t\t\tdata-gallery=\"[&quot;https:\\\/\\\/tysinmobiliaria.com\\\/wp-content\\\/uploads\\\/2025\\\/09\\\/Screenshot-2025-09-21-180242-1-615x410.png&quot;,&quot;https:\\\/\\\/tysinmobiliaria.com\\\/wp-content\\\/uploads\\\/2025\\\/09\\\/Apartamento_2-2-scaled.png&quot;,&quot;https:\\\/\\\/tysinmobiliaria.com\\\/wp-content\\\/uploads\\\/2025\\\/09\\\/Screenshot-2025-09-21-180242-1-495x495.png&quot;,&quot;https:\\\/\\\/tysinmobiliaria.com\\\/wp-content\\\/uploads\\\/2024\\\/04\\\/Baner2-495x495.png&quot;]\"\n\t\t\t\t\t\t\t\thref=\"javascript:void(0)\"\n\t\t\t\t\t\t\t\tdata-tooltip=\"Schnellansicht\"\n\t\t\t\t\t\t\t\tdata-toggle=\"modal\" data-target=\"#property_quick_view_modal\"\n\t\t\t\t\t\t\t\tdata-property-id=\"6623\">\n\t\t\t\t\t\t\t\t<i class=\"icon-homelengo-eyes\"><\/i>\n\t\t\t\t\t\t\t<\/a>\n\t\t\t\t\t\t<\/li>\n\t\t\t\t\t<\/ul>\n\t\t\t\t\t\t\t<\/div>\n\t\t<\/div>\n\t\t<div class=\"content\">\n\t\t\t<div class=\"heading\">\n\t\t\t\t<h3 class=\"title\">\n\t\t\t\t\t<a\n\t\t\t\t\t\thref=\"https:\/\/tysinmobiliaria.com\/de\/real-estate\/residencial-alexandy-6\/\">Residencial Alexandy<\/a>\n\t\t\t\t<\/h3>\n\t\t\t\t\t\t\t\t\t<div class=\"address\">\n\t\t\t\t\t\t<i class=\"icon-homelengo-location-3\"><\/i>\n\t\t\t\t\t\t<span>Calle Proyecto 1, Fantino, S\u00e1nchez Ram\u00edrez, Dominican Republic<\/span>\n\t\t\t\t\t<\/div>\n\t\t\t\t\t\t\t<\/div>\n\t\t\t<div class=\"description\">\n\t\t\t\t\t\t\t\t\t<div class=\"property-information\">\n\t\t\t\t\t\t<i class=\"icon-homelengo-bed2\"><\/i>\n\t\t\t\t\t\t<span class=\"value\">3<\/span>\t\t\t\t\t<\/div>\n\t\t\t\t\t\t\t\t\t\t\t\t\t<div class=\"property-information\">\n\t\t\t\t\t\t<i class=\"icon-homelengo-bath3\"><\/i>\n\t\t\t\t\t\t<span class=\"value\">2<\/span>\t\t\t\t\t<\/div>\n\t\t\t\t\t\t\t\t\t\t\t\t\t<div class=\"property-information\">\n\t\t\t\t\t\t<i class=\"icon-homelengo-ruler\"><\/i>\n\t\t\t\t\t\t<span class=\"value\">136 m2<\/span>\t\t\t\t\t<\/div>\n\t\t\t\t\t\t\t\t\t\t\t\t\t\t\t\t\t\t\t\t\t\t\t<\/div>\n\t\t\t\t\t\t\t<div class=\"bottom\">\n\t\t\t\t\t\t\t\t\t\t\t<a href=\"https:\/\/tysinmobiliaria.com\/de\/agent\/alexandy-burgos-espino\/\" class=\"avatar\">\n\t\t\t\t\t\t\t<img alt=\"Alexandy Burgos Espino\"\n\t\t\t\t\t\t\tsrc=\"\"\n\t\t\t\t\t\t\tonerror=\"this.src = 'https:\/\/tysinmobiliaria.com\/wp-content\/uploads\/2025\/09\/Avatar_TS.png';\"\n\t\t\t\t\t\t\tclass=\"avatar avatar-96 photo\" loading=\"lazy\"><span>Alexandy Burgos Espino<\/span>\n\t\t\t\t\t\t<\/a>\n\t\t\t\t\t\t\t\t\t\t\t\t\t\t\t\t\t<span class=\"price\">\n\t\t\t\t\t\t\t\t\t\t\t\t\t\t\t\t\u20ac75,906\t\t\t\t\t\t\t\t\t\t\t\t\t\t\t<\/span>\n\t\t\t\t\t\t\t\t\t<\/div>\n\t\t\t\t\t<\/div>\n\t<\/div>\n<\/div>\t\t\t\t\t\t\t<div class=\"item\">\n\t\t<div class=\"properties-post property-inner\">\n\t\t<div class=\"featured-property card-image\">\n\t\t\t<a class=\"view-gallery property-thumb\"\n\t\t\t\tdata-gallery=\"[&quot;https:\\\/\\\/tysinmobiliaria.com\\\/wp-content\\\/uploads\\\/2025\\\/09\\\/Baner2-4-615x410.png&quot;,&quot;https:\\\/\\\/tysinmobiliaria.com\\\/wp-content\\\/uploads\\\/2025\\\/09\\\/Apartamento_2-1-scaled.png&quot;,&quot;https:\\\/\\\/tysinmobiliaria.com\\\/wp-content\\\/uploads\\\/2025\\\/09\\\/Screenshot-2025-09-21-180226-1.png&quot;,&quot;https:\\\/\\\/tysinmobiliaria.com\\\/wp-content\\\/uploads\\\/2024\\\/04\\\/Baner-495x495.png&quot;,&quot;https:\\\/\\\/tysinmobiliaria.com\\\/wp-content\\\/uploads\\\/2024\\\/04\\\/Baner2-495x495.png&quot;]\"\n\t\t\t\thref=\"https:\/\/tysinmobiliaria.com\/de\/real-estate\/residencial-alexandy-4\/\">\n\t\t\t\t<img decoding=\"async\" loading=\"lazy\" class=\"lazy tfre-image-map\" src=\"\" data-src=\"https:\/\/tysinmobiliaria.com\/wp-content\/uploads\/2025\/09\/Baner2-4-615x410.png\" data-image=\"https:\/\/tysinmobiliaria.com\/wp-content\/uploads\/2025\/09\/Baner2-4-615x410.png\" data-location=\"Calle Proyecto 1, Fantino, S\u00e1nchez Ram\u00edrez, Dominican Republic\" data-bed=\"0\" data-bath=\"2\"  data-size=\"136\" data-measurement-units=\"m2\" data-id=\"6588\" data-price=\"\u20ac76,043\" data-price-prefix=\"\" data-price-postfix=\"\" title=\"Residencial Alexandy\" alt=\"image\">\t\t\t<\/a>\n\t\t\t\t\t\t\t\t\t\t\t\t<span class=\"label-text\">Zu verkaufen<\/span>\n\t\t\t\t\t\t\t\t\t\t<div class=\"bottom-infor-features\">\n\t\t\t\t\t\t\t\t\t\t\t\t\t\t\t<ul class=\"list-text\">\n\t\t\t\t\t\t\t\t\t\t\t\t\t\t\t\t\t\t\t\t\t\t<li>\n\t\t\t\t\t\t\t\t\t<span class=\"status-text\">mmobilie zum Verkauf<\/span>\n\t\t\t\t\t\t\t\t<\/li>\n\t\t\t\t\t\t\t\t\t\t\t\t\t<\/ul>\n\t\t\t\t\t\t\t\t\t\t<ul class=\"list-controller\">\n\t\t\t\t\t\t<li>\n\t\t\t\t\t\t\t<a class=\"compare tfre-compare-property hv-tool\" href=\"javascript:void(0)\"\n\t\t\t\t\t\t\t\tdata-property-id=\"6588\" data-toggle=\"tooltip\"\n\t\t\t\t\t\t\t\tdata-tooltip=\"Zum Vergleich hinzuf\u00fcgen\"\n\t\t\t\t\t\t\t\ttitle=\"Vergleichen\">\n\t\t\t\t\t\t\t\t<i class=\"far fa-plus\"><\/i>\n\t\t\t\t\t\t\t<\/a>\n\t\t\t\t\t\t<\/li>\n\t\t\t\t\t\t<li>\n\t\t\t\t\t\t\t<div class=\"bookmark\">\n\t\t\t\t\t\t\t\t<div class=\"bg-bookmark\">\n\t\t\t\t\t\t\t\t\t<a href=\"javascript:void(0)\"\n\t\t\t\t\t\t\t\t\t\tclass=\"tfre-property-favorite hv-tool \"\n\t\t\t\t\t\t\t\t\t\tdata-tfre-data-property-id=\"6588\"\n\t\t\t\t\t\t\t\t\t\tdata-toggle=\"tooltip\" data-tooltip=\"Zu Favoriten hinzuf\u00fcgen\"\n\t\t\t\t\t\t\t\t\t\tdata-tfre-data-title-not-favorite=\"Zu Favoriten hinzuf\u00fcgen\"\n\t\t\t\t\t\t\t\t\t\tdata-tfre-data-title-favorited=\"Es ist Ihr Favorit\"\n\t\t\t\t\t\t\t\t\t\tdata-tfre-data-icon-not-favorite=\"far fa-bookmark\"\n\t\t\t\t\t\t\t\t\t\tdata-tfre-data-icon-favorited=\"far fa-bookmark\">\n\t\t\t\t\t\t\t\t\t\t<i class=\"far fa-bookmark\"><\/i>\n\t\t\t\t\t\t\t\t\t<\/a>\n\t\t\t\t\t\t\t\t<\/div>\n\t\t\t\t\t\t\t<\/div>\n\t\t\t\t\t\t<\/li>\n\t\t\t\t\t\t<li>\n\t\t\t\t\t\t\t<a class=\"property-quick-view zoomGallery hv-tool\"\n\t\t\t\t\t\t\t\tdata-gallery=\"[&quot;https:\\\/\\\/tysinmobiliaria.com\\\/wp-content\\\/uploads\\\/2025\\\/09\\\/Baner2-4-615x410.png&quot;,&quot;https:\\\/\\\/tysinmobiliaria.com\\\/wp-content\\\/uploads\\\/2025\\\/09\\\/Apartamento_2-1-scaled.png&quot;,&quot;https:\\\/\\\/tysinmobiliaria.com\\\/wp-content\\\/uploads\\\/2025\\\/09\\\/Screenshot-2025-09-21-180226-1.png&quot;,&quot;https:\\\/\\\/tysinmobiliaria.com\\\/wp-content\\\/uploads\\\/2024\\\/04\\\/Baner-495x495.png&quot;,&quot;https:\\\/\\\/tysinmobiliaria.com\\\/wp-content\\\/uploads\\\/2024\\\/04\\\/Baner2-495x495.png&quot;]\"\n\t\t\t\t\t\t\t\thref=\"javascript:void(0)\"\n\t\t\t\t\t\t\t\tdata-tooltip=\"Schnellansicht\"\n\t\t\t\t\t\t\t\tdata-toggle=\"modal\" data-target=\"#property_quick_view_modal\"\n\t\t\t\t\t\t\t\tdata-property-id=\"6588\">\n\t\t\t\t\t\t\t\t<i class=\"icon-homelengo-eyes\"><\/i>\n\t\t\t\t\t\t\t<\/a>\n\t\t\t\t\t\t<\/li>\n\t\t\t\t\t<\/ul>\n\t\t\t\t\t\t\t<\/div>\n\t\t<\/div>\n\t\t<div class=\"content\">\n\t\t\t<div class=\"heading\">\n\t\t\t\t<h3 class=\"title\">\n\t\t\t\t\t<a\n\t\t\t\t\t\thref=\"https:\/\/tysinmobiliaria.com\/de\/real-estate\/residencial-alexandy-4\/\">Residencial Alexandy<\/a>\n\t\t\t\t<\/h3>\n\t\t\t\t\t\t\t\t\t<div class=\"address\">\n\t\t\t\t\t\t<i class=\"icon-homelengo-location-3\"><\/i>\n\t\t\t\t\t\t<span>Calle Proyecto 1, Fantino, S\u00e1nchez Ram\u00edrez, Dominican Republic<\/span>\n\t\t\t\t\t<\/div>\n\t\t\t\t\t\t\t<\/div>\n\t\t\t<div class=\"description\">\n\t\t\t\t\t\t\t\t\t<div class=\"property-information\">\n\t\t\t\t\t\t<i class=\"icon-homelengo-bed2\"><\/i>\n\t\t\t\t\t\t<span class=\"value\">0<\/span>\t\t\t\t\t<\/div>\n\t\t\t\t\t\t\t\t\t\t\t\t\t<div class=\"property-information\">\n\t\t\t\t\t\t<i class=\"icon-homelengo-bath3\"><\/i>\n\t\t\t\t\t\t<span class=\"value\">2<\/span>\t\t\t\t\t<\/div>\n\t\t\t\t\t\t\t\t\t\t\t\t\t<div class=\"property-information\">\n\t\t\t\t\t\t<i class=\"icon-homelengo-ruler\"><\/i>\n\t\t\t\t\t\t<span class=\"value\">136 m2<\/span>\t\t\t\t\t<\/div>\n\t\t\t\t\t\t\t\t\t\t\t\t\t\t\t\t\t\t\t\t\t\t\t<\/div>\n\t\t\t\t\t\t\t<div class=\"bottom\">\n\t\t\t\t\t\t\t\t\t\t\t<a href=\"\" class=\"avatar\">\n\t\t\t\t\t\t\t<img alt=\"\"\n\t\t\t\t\t\t\tsrc=\"\"\n\t\t\t\t\t\t\tonerror=\"this.src = 'https:\/\/tysinmobiliaria.com\/wp-content\/uploads\/2025\/09\/Avatar_TS.png';\"\n\t\t\t\t\t\t\tclass=\"avatar avatar-96 photo\" loading=\"lazy\"><span><\/span>\n\t\t\t\t\t\t<\/a>\n\t\t\t\t\t\t\t\t\t\t\t\t\t\t\t\t\t<span class=\"price\">\n\t\t\t\t\t\t\t\t\t\t\t\t\t\t\t\t\u20ac76,043\t\t\t\t\t\t\t\t\t\t\t\t\t\t\t<\/span>\n\t\t\t\t\t\t\t\t\t<\/div>\n\t\t\t\t\t<\/div>\n\t<\/div>\n<\/div>\t\t\t\t\t\t\t<div class=\"item\">\n\t\t<div class=\"properties-post property-inner\">\n\t\t<div class=\"featured-property card-image\">\n\t\t\t<a class=\"view-gallery property-thumb\"\n\t\t\t\tdata-gallery=\"[&quot;https:\\\/\\\/tysinmobiliaria.com\\\/wp-content\\\/uploads\\\/2025\\\/08\\\/Banner-_Laterar1-495x495.png&quot;,&quot;https:\\\/\\\/tysinmobiliaria.com\\\/wp-content\\\/uploads\\\/2025\\\/09\\\/Screenshot-2025-09-21-180226.png&quot;]\"\n\t\t\t\thref=\"https:\/\/tysinmobiliaria.com\/de\/real-estate\/residencial-alexandy\/\">\n\t\t\t\t<img decoding=\"async\" loading=\"lazy\" class=\"lazy tfre-image-map\" src=\"\" data-src=\"https:\/\/tysinmobiliaria.com\/wp-content\/uploads\/2025\/09\/Baner2-4-615x410.png\" data-image=\"https:\/\/tysinmobiliaria.com\/wp-content\/uploads\/2025\/09\/Baner2-4-615x410.png\" data-location=\"Calle Proyecto 1, Fantino, S\u00e1nchez Ram\u00edrez, Dominican Republic\" data-bed=\"3\" data-bath=\"2\"  data-size=\"136\" data-measurement-units=\"m2\" data-id=\"6524\" data-price=\"\u20ac76,111\" data-price-prefix=\"\" data-price-postfix=\"\" title=\"Residencial Alexandy\" alt=\"image\">\t\t\t<\/a>\n\t\t\t\t\t\t\t\t\t\t\t\t<span class=\"label-text\">Zu verkaufen<\/span>\n\t\t\t\t\t\t\t\t\t\t<div class=\"bottom-infor-features\">\n\t\t\t\t\t\t\t\t\t\t\t\t\t\t\t<ul class=\"list-text\">\n\t\t\t\t\t\t\t\t\t\t\t\t\t\t\t\t\t\t\t\t\t\t<li>\n\t\t\t\t\t\t\t\t\t<span class=\"status-text\">mmobilie zum Verkauf<\/span>\n\t\t\t\t\t\t\t\t<\/li>\n\t\t\t\t\t\t\t\t\t\t\t\t\t<\/ul>\n\t\t\t\t\t\t\t\t\t\t<ul class=\"list-controller\">\n\t\t\t\t\t\t<li>\n\t\t\t\t\t\t\t<a class=\"compare tfre-compare-property hv-tool\" href=\"javascript:void(0)\"\n\t\t\t\t\t\t\t\tdata-property-id=\"6524\" data-toggle=\"tooltip\"\n\t\t\t\t\t\t\t\tdata-tooltip=\"Zum Vergleich hinzuf\u00fcgen\"\n\t\t\t\t\t\t\t\ttitle=\"Vergleichen\">\n\t\t\t\t\t\t\t\t<i class=\"far fa-plus\"><\/i>\n\t\t\t\t\t\t\t<\/a>\n\t\t\t\t\t\t<\/li>\n\t\t\t\t\t\t<li>\n\t\t\t\t\t\t\t<div class=\"bookmark\">\n\t\t\t\t\t\t\t\t<div class=\"bg-bookmark\">\n\t\t\t\t\t\t\t\t\t<a href=\"javascript:void(0)\"\n\t\t\t\t\t\t\t\t\t\tclass=\"tfre-property-favorite hv-tool \"\n\t\t\t\t\t\t\t\t\t\tdata-tfre-data-property-id=\"6524\"\n\t\t\t\t\t\t\t\t\t\tdata-toggle=\"tooltip\" data-tooltip=\"Zu Favoriten hinzuf\u00fcgen\"\n\t\t\t\t\t\t\t\t\t\tdata-tfre-data-title-not-favorite=\"Zu Favoriten hinzuf\u00fcgen\"\n\t\t\t\t\t\t\t\t\t\tdata-tfre-data-title-favorited=\"Es ist Ihr Favorit\"\n\t\t\t\t\t\t\t\t\t\tdata-tfre-data-icon-not-favorite=\"far fa-bookmark\"\n\t\t\t\t\t\t\t\t\t\tdata-tfre-data-icon-favorited=\"far fa-bookmark\">\n\t\t\t\t\t\t\t\t\t\t<i class=\"far fa-bookmark\"><\/i>\n\t\t\t\t\t\t\t\t\t<\/a>\n\t\t\t\t\t\t\t\t<\/div>\n\t\t\t\t\t\t\t<\/div>\n\t\t\t\t\t\t<\/li>\n\t\t\t\t\t\t<li>\n\t\t\t\t\t\t\t<a class=\"property-quick-view zoomGallery hv-tool\"\n\t\t\t\t\t\t\t\tdata-gallery=\"[&quot;https:\\\/\\\/tysinmobiliaria.com\\\/wp-content\\\/uploads\\\/2025\\\/08\\\/Banner-_Laterar1-495x495.png&quot;,&quot;https:\\\/\\\/tysinmobiliaria.com\\\/wp-content\\\/uploads\\\/2025\\\/09\\\/Screenshot-2025-09-21-180226.png&quot;]\"\n\t\t\t\t\t\t\t\thref=\"javascript:void(0)\"\n\t\t\t\t\t\t\t\tdata-tooltip=\"Schnellansicht\"\n\t\t\t\t\t\t\t\tdata-toggle=\"modal\" data-target=\"#property_quick_view_modal\"\n\t\t\t\t\t\t\t\tdata-property-id=\"6524\">\n\t\t\t\t\t\t\t\t<i class=\"icon-homelengo-eyes\"><\/i>\n\t\t\t\t\t\t\t<\/a>\n\t\t\t\t\t\t<\/li>\n\t\t\t\t\t<\/ul>\n\t\t\t\t\t\t\t<\/div>\n\t\t<\/div>\n\t\t<div class=\"content\">\n\t\t\t<div class=\"heading\">\n\t\t\t\t<h3 class=\"title\">\n\t\t\t\t\t<a\n\t\t\t\t\t\thref=\"https:\/\/tysinmobiliaria.com\/de\/real-estate\/residencial-alexandy\/\">Residencial Alexandy<\/a>\n\t\t\t\t<\/h3>\n\t\t\t\t\t\t\t\t\t<div class=\"address\">\n\t\t\t\t\t\t<i class=\"icon-homelengo-location-3\"><\/i>\n\t\t\t\t\t\t<span>Calle Proyecto 1, Fantino, S\u00e1nchez Ram\u00edrez, Dominican Republic<\/span>\n\t\t\t\t\t<\/div>\n\t\t\t\t\t\t\t<\/div>\n\t\t\t<div class=\"description\">\n\t\t\t\t\t\t\t\t\t<div class=\"property-information\">\n\t\t\t\t\t\t<i class=\"icon-homelengo-bed2\"><\/i>\n\t\t\t\t\t\t<span class=\"value\">3<\/span>\t\t\t\t\t<\/div>\n\t\t\t\t\t\t\t\t\t\t\t\t\t<div class=\"property-information\">\n\t\t\t\t\t\t<i class=\"icon-homelengo-bath3\"><\/i>\n\t\t\t\t\t\t<span class=\"value\">2<\/span>\t\t\t\t\t<\/div>\n\t\t\t\t\t\t\t\t\t\t\t\t\t<div class=\"property-information\">\n\t\t\t\t\t\t<i class=\"icon-homelengo-ruler\"><\/i>\n\t\t\t\t\t\t<span class=\"value\">136 m2<\/span>\t\t\t\t\t<\/div>\n\t\t\t\t\t\t\t\t\t\t\t\t\t\t\t\t\t\t\t\t\t\t\t<\/div>\n\t\t\t\t\t\t\t<div class=\"bottom\">\n\t\t\t\t\t\t\t\t\t\t\t<a href=\"\" class=\"avatar\">\n\t\t\t\t\t\t\t<img alt=\"\"\n\t\t\t\t\t\t\tsrc=\"\"\n\t\t\t\t\t\t\tonerror=\"this.src = 'https:\/\/tysinmobiliaria.com\/wp-content\/uploads\/2025\/09\/Avatar_TS.png';\"\n\t\t\t\t\t\t\tclass=\"avatar avatar-96 photo\" loading=\"lazy\"><span><\/span>\n\t\t\t\t\t\t<\/a>\n\t\t\t\t\t\t\t\t\t\t\t\t\t\t\t\t\t<span class=\"price\">\n\t\t\t\t\t\t\t\t\t\t\t\t\t\t\t\t\u20ac76,111\t\t\t\t\t\t\t\t\t\t\t\t\t\t\t<\/span>\n\t\t\t\t\t\t\t\t\t<\/div>\n\t\t\t\t\t<\/div>\n\t<\/div>\n<\/div>\t\t\t\t\t\t\t\t\t\t\t\t\t\t\t\t\t\t\t\t<div class=\"wrapper-btn-load-more\"><a class=\"btn-load-more\"><span>Weitere Immobilien laden<\/span><\/a><\/div>\r\n\t\t\t\t\t\t\t\t\t\t\t<\/div>\r\n\t\t\t\t<\/div>\r\n\t\t\t<\/div>\r\n\t\t\t<div class=\"overlay-filter-tab\" style=\"display: none;\">\r\n\t\t\t\t<div class=\"filter-loader\"><\/div>\r\n\t\t\t<\/div>\r\n\t\t\t\t\t<\/div>\r\n\t\t\t\r\n\t\r\n\t\r\n<\/div>\r\n<div class=\"fixed-map-stopper\"><\/div>\r\n<div class=\"modal fade property_quick_view_modal\" id=\"property_quick_view_modal\" tabindex=\"-1\" role=\"dialog\">\r\n\t<div class=\"modal-xl modal-dialog modal-dialog-centered\" role=\"document\">\r\n\t\t<div class=\"modal-content\">\r\n\t\t\t<div class=\"modal-body\">\r\n\t\t\t<\/div>\r\n\t\t<\/div>\r\n\t<\/div>\r\n<\/div>\t\t\t\t\t\t\t\t<\/div>\n\t\t\t\t<\/div>\n\t\t\t\t<\/div>\n\t\t","protected":false},"excerpt":{"rendered":"","protected":false},"author":1,"featured_media":0,"parent":0,"menu_order":0,"comment_status":"closed","ping_status":"closed","template":"elementor_header_footer","meta":{"_monsterinsights_skip_tracking":false,"footnotes":""},"class_list":["post-4377","page","type-page","status-publish","hentry"],"aioseo_notices":[],"aioseo_head":"\n\t\t<!-- All in One SEO 5.0.1.1 - aioseo.com -->\n\t<meta name=\"description\" content=\"Wohnanlage Alexandy Die Wohnanlage Alexandy ist ein exklusives dreist\u00f6ckiges Projekt in Fantino, Provinz S\u00e1nchez Ram\u00edrez, Dominikanische Republik.Mit einem modernen und funktionalen Design bietet jede Wohnung 136,33 m\u00b2 Wohnfl\u00e4che, strategisch aufgeteilt, um Komfort, Ger\u00e4umigkeit und Eleganz zu gew\u00e4hrleisten. Wohnungsaufteilung 3 Schlafzimmer, einschlie\u00dflich eines Hauptschlafzimmers mit eigenem Bad und begehbarem Kleiderschrank. 2 komplette Badezimmer. Gro\u00dfes Wohn- und\" \/>\n\t<meta name=\"robots\" content=\"max-image-preview:large\" \/>\n\t<link rel=\"canonical\" href=\"https:\/\/tysinmobiliaria.com\/de\/real-estate\/residencial-alexandy\/\" \/>\n\t<meta name=\"generator\" content=\"All in One SEO (AIOSEO) 5.0.1.1\" \/>\n\t\t<meta property=\"og:locale\" content=\"de_DE\" \/>\n\t\t<meta property=\"og:site_name\" content=\"T&amp;S Inmobiliaria - Compra, venta y alquiler de inmuebles con asesor\u00eda profesional\" \/>\n\t\t<meta property=\"og:type\" content=\"article\" \/>\n\t\t<meta property=\"og:title\" content=\"Residencial Alexandy - T&amp;S Inmobiliaria\" \/>\n\t\t<meta property=\"og:description\" content=\"Wohnanlage Alexandy Die Wohnanlage Alexandy ist ein exklusives dreist\u00f6ckiges Projekt in Fantino, Provinz S\u00e1nchez Ram\u00edrez, Dominikanische Republik.Mit einem modernen und funktionalen Design bietet jede Wohnung 136,33 m\u00b2 Wohnfl\u00e4che, strategisch aufgeteilt, um Komfort, Ger\u00e4umigkeit und Eleganz zu gew\u00e4hrleisten. Wohnungsaufteilung 3 Schlafzimmer, einschlie\u00dflich eines Hauptschlafzimmers mit eigenem Bad und begehbarem Kleiderschrank. 2 komplette Badezimmer. Gro\u00dfes Wohn- und\" \/>\n\t\t<meta property=\"og:url\" content=\"https:\/\/tysinmobiliaria.com\/de\/real-estate\/residencial-alexandy\/\" \/>\n\t\t<meta property=\"article:published_time\" content=\"2025-09-24T21:05:37+00:00\" \/>\n\t\t<meta property=\"article:modified_time\" content=\"2025-11-06T16:22:56+00:00\" \/>\n\t\t<meta name=\"twitter:card\" content=\"summary_large_image\" \/>\n\t\t<meta name=\"twitter:title\" content=\"Residencial Alexandy - T&amp;S Inmobiliaria\" \/>\n\t\t<meta name=\"twitter:description\" content=\"Wohnanlage Alexandy Die Wohnanlage Alexandy ist ein exklusives dreist\u00f6ckiges Projekt in Fantino, Provinz S\u00e1nchez Ram\u00edrez, Dominikanische Republik.Mit einem modernen und funktionalen Design bietet jede Wohnung 136,33 m\u00b2 Wohnfl\u00e4che, strategisch aufgeteilt, um Komfort, Ger\u00e4umigkeit und Eleganz zu gew\u00e4hrleisten. Wohnungsaufteilung 3 Schlafzimmer, einschlie\u00dflich eines Hauptschlafzimmers mit eigenem Bad und begehbarem Kleiderschrank. 2 komplette Badezimmer. Gro\u00dfes Wohn- und\" \/>\n\t\t<script type=\"application\/ld+json\" class=\"aioseo-schema\">\n\t\t\t{\"@context\":\"https:\\\/\\\/schema.org\",\"@graph\":[{\"@type\":\"BreadcrumbList\",\"@id\":\"https:\\\/\\\/tysinmobiliaria.com\\\/de\\\/real-estate\\\/residencial-alexandy\\\/#breadcrumblist\",\"itemListElement\":[{\"@type\":\"ListItem\",\"@id\":\"https:\\\/\\\/tysinmobiliaria.com\\\/de\\\/#listItem\",\"position\":1,\"name\":\"Home\",\"item\":\"https:\\\/\\\/tysinmobiliaria.com\\\/de\\\/\",\"nextItem\":{\"@type\":\"ListItem\",\"@id\":\"https:\\\/\\\/tysinmobiliaria.com\\\/de\\\/immobilienauflistung\\\/#listItem\",\"name\":\"Immobilienauflistung\"}},{\"@type\":\"ListItem\",\"@id\":\"https:\\\/\\\/tysinmobiliaria.com\\\/de\\\/immobilienauflistung\\\/#listItem\",\"position\":2,\"name\":\"Immobilienauflistung\",\"previousItem\":{\"@type\":\"ListItem\",\"@id\":\"https:\\\/\\\/tysinmobiliaria.com\\\/de\\\/#listItem\",\"name\":\"Home\"}}]},{\"@type\":\"Organization\",\"@id\":\"https:\\\/\\\/tysinmobiliaria.com\\\/de\\\/#organization\",\"name\":\"T&S Inmobiliaria\",\"description\":\"Compra, venta y alquiler de inmuebles con asesor\\u00eda profesional\",\"url\":\"https:\\\/\\\/tysinmobiliaria.com\\\/de\\\/\"},{\"@type\":\"Person\",\"@id\":\"https:\\\/\\\/tysinmobiliaria.com\\\/de\\\/author\\\/alex\\\/#author\",\"url\":\"https:\\\/\\\/tysinmobiliaria.com\\\/de\\\/author\\\/alex\\\/\",\"name\":\"Alexandy\",\"image\":{\"@type\":\"ImageObject\",\"@id\":\"https:\\\/\\\/tysinmobiliaria.com\\\/de\\\/real-estate\\\/residencial-alexandy\\\/#authorImage\",\"url\":\"https:\\\/\\\/secure.gravatar.com\\\/avatar\\\/80e9760c8eabb0d4a0c81c8bec1e105a45c5f95d4f00739d9d2d45f28a70af57?s=96&d=mm&r=g\",\"width\":96,\"height\":96,\"caption\":\"Alexandy\"}},{\"@type\":\"WebPage\",\"@id\":\"https:\\\/\\\/tysinmobiliaria.com\\\/de\\\/real-estate\\\/residencial-alexandy\\\/#webpage\",\"url\":\"https:\\\/\\\/tysinmobiliaria.com\\\/de\\\/real-estate\\\/residencial-alexandy\\\/\",\"name\":\"Residencial Alexandy - T&S Inmobiliaria\",\"description\":\"Wohnanlage Alexandy Die Wohnanlage Alexandy ist ein exklusives dreist\\u00f6ckiges Projekt in Fantino, Provinz S\\u00e1nchez Ram\\u00edrez, Dominikanische Republik.Mit einem modernen und funktionalen Design bietet jede Wohnung 136,33 m\\u00b2 Wohnfl\\u00e4che, strategisch aufgeteilt, um Komfort, Ger\\u00e4umigkeit und Eleganz zu gew\\u00e4hrleisten. Wohnungsaufteilung 3 Schlafzimmer, einschlie\\u00dflich eines Hauptschlafzimmers mit eigenem Bad und begehbarem Kleiderschrank. 2 komplette Badezimmer. Gro\\u00dfes Wohn- und\",\"inLanguage\":\"de-DE\",\"isPartOf\":{\"@id\":\"https:\\\/\\\/tysinmobiliaria.com\\\/de\\\/#website\"},\"breadcrumb\":{\"@id\":\"https:\\\/\\\/tysinmobiliaria.com\\\/de\\\/real-estate\\\/residencial-alexandy\\\/#breadcrumblist\"},\"author\":{\"@id\":\"https:\\\/\\\/tysinmobiliaria.com\\\/de\\\/author\\\/alex\\\/#author\"},\"creator\":{\"@id\":\"https:\\\/\\\/tysinmobiliaria.com\\\/de\\\/author\\\/alex\\\/#author\"},\"image\":{\"@type\":\"ImageObject\",\"url\":\"https:\\\/\\\/tysinmobiliaria.com\\\/wp-content\\\/uploads\\\/2025\\\/09\\\/Baner2-4.png\",\"@id\":\"https:\\\/\\\/tysinmobiliaria.com\\\/de\\\/real-estate\\\/residencial-alexandy\\\/#mainImage\",\"width\":1200,\"height\":850},\"primaryImageOfPage\":{\"@id\":\"https:\\\/\\\/tysinmobiliaria.com\\\/de\\\/real-estate\\\/residencial-alexandy\\\/#mainImage\"},\"datePublished\":\"2025-09-24T21:05:37+00:00\",\"dateModified\":\"2025-11-06T16:22:56+00:00\"},{\"@type\":\"WebSite\",\"@id\":\"https:\\\/\\\/tysinmobiliaria.com\\\/de\\\/#website\",\"url\":\"https:\\\/\\\/tysinmobiliaria.com\\\/de\\\/\",\"name\":\"T&S Inmobiliaria\",\"description\":\"Compra, venta y alquiler de inmuebles con asesor\\u00eda profesional\",\"inLanguage\":\"de-DE\",\"publisher\":{\"@id\":\"https:\\\/\\\/tysinmobiliaria.com\\\/de\\\/#organization\"}}]}\n\t\t<\/script>\n\t\t<!-- All in One SEO -->\n\n","aioseo_head_json":{"title":"Residencial Alexandy - T&S Inmobiliaria","description":"Wohnanlage Alexandy Die Wohnanlage Alexandy ist ein exklusives dreist\u00f6ckiges Projekt in Fantino, Provinz S\u00e1nchez Ram\u00edrez, Dominikanische Republik.Mit einem modernen und funktionalen Design bietet jede Wohnung 136,33 m\u00b2 Wohnfl\u00e4che, strategisch aufgeteilt, um Komfort, Ger\u00e4umigkeit und Eleganz zu gew\u00e4hrleisten. Wohnungsaufteilung 3 Schlafzimmer, einschlie\u00dflich eines Hauptschlafzimmers mit eigenem Bad und begehbarem Kleiderschrank. 2 komplette Badezimmer. Gro\u00dfes Wohn- und","canonical_url":"https:\/\/tysinmobiliaria.com\/de\/real-estate\/residencial-alexandy\/","robots":"max-image-preview:large","keywords":"","webmasterTools":{"miscellaneous":""},"schema":{"@context":"https:\/\/schema.org","@graph":[{"@type":"BreadcrumbList","@id":"https:\/\/tysinmobiliaria.com\/de\/real-estate\/residencial-alexandy\/#breadcrumblist","itemListElement":[{"@type":"ListItem","@id":"https:\/\/tysinmobiliaria.com\/de\/#listItem","position":1,"name":"Home","item":"https:\/\/tysinmobiliaria.com\/de\/","nextItem":{"@type":"ListItem","@id":"https:\/\/tysinmobiliaria.com\/de\/immobilienauflistung\/#listItem","name":"Immobilienauflistung"}},{"@type":"ListItem","@id":"https:\/\/tysinmobiliaria.com\/de\/immobilienauflistung\/#listItem","position":2,"name":"Immobilienauflistung","previousItem":{"@type":"ListItem","@id":"https:\/\/tysinmobiliaria.com\/de\/#listItem","name":"Home"}}]},{"@type":"Organization","@id":"https:\/\/tysinmobiliaria.com\/de\/#organization","name":"T&S Inmobiliaria","description":"Compra, venta y alquiler de inmuebles con asesor\u00eda profesional","url":"https:\/\/tysinmobiliaria.com\/de\/"},{"@type":"Person","@id":"https:\/\/tysinmobiliaria.com\/de\/author\/alex\/#author","url":"https:\/\/tysinmobiliaria.com\/de\/author\/alex\/","name":"Alexandy","image":{"@type":"ImageObject","@id":"https:\/\/tysinmobiliaria.com\/de\/real-estate\/residencial-alexandy\/#authorImage","url":"https:\/\/secure.gravatar.com\/avatar\/80e9760c8eabb0d4a0c81c8bec1e105a45c5f95d4f00739d9d2d45f28a70af57?s=96&d=mm&r=g","width":96,"height":96,"caption":"Alexandy"}},{"@type":"WebPage","@id":"https:\/\/tysinmobiliaria.com\/de\/real-estate\/residencial-alexandy\/#webpage","url":"https:\/\/tysinmobiliaria.com\/de\/real-estate\/residencial-alexandy\/","name":"Residencial Alexandy - T&S Inmobiliaria","description":"Wohnanlage Alexandy Die Wohnanlage Alexandy ist ein exklusives dreist\u00f6ckiges Projekt in Fantino, Provinz S\u00e1nchez Ram\u00edrez, Dominikanische Republik.Mit einem modernen und funktionalen Design bietet jede Wohnung 136,33 m\u00b2 Wohnfl\u00e4che, strategisch aufgeteilt, um Komfort, Ger\u00e4umigkeit und Eleganz zu gew\u00e4hrleisten. Wohnungsaufteilung 3 Schlafzimmer, einschlie\u00dflich eines Hauptschlafzimmers mit eigenem Bad und begehbarem Kleiderschrank. 2 komplette Badezimmer. Gro\u00dfes Wohn- und","inLanguage":"de-DE","isPartOf":{"@id":"https:\/\/tysinmobiliaria.com\/de\/#website"},"breadcrumb":{"@id":"https:\/\/tysinmobiliaria.com\/de\/real-estate\/residencial-alexandy\/#breadcrumblist"},"author":{"@id":"https:\/\/tysinmobiliaria.com\/de\/author\/alex\/#author"},"creator":{"@id":"https:\/\/tysinmobiliaria.com\/de\/author\/alex\/#author"},"image":{"@type":"ImageObject","url":"https:\/\/tysinmobiliaria.com\/wp-content\/uploads\/2025\/09\/Baner2-4.png","@id":"https:\/\/tysinmobiliaria.com\/de\/real-estate\/residencial-alexandy\/#mainImage","width":1200,"height":850},"primaryImageOfPage":{"@id":"https:\/\/tysinmobiliaria.com\/de\/real-estate\/residencial-alexandy\/#mainImage"},"datePublished":"2025-09-24T21:05:37+00:00","dateModified":"2025-11-06T16:22:56+00:00"},{"@type":"WebSite","@id":"https:\/\/tysinmobiliaria.com\/de\/#website","url":"https:\/\/tysinmobiliaria.com\/de\/","name":"T&S Inmobiliaria","description":"Compra, venta y alquiler de inmuebles con asesor\u00eda profesional","inLanguage":"de-DE","publisher":{"@id":"https:\/\/tysinmobiliaria.com\/de\/#organization"}}]},"og:locale":"de_DE","og:site_name":"T&amp;S Inmobiliaria - Compra, venta y alquiler de inmuebles con asesor\u00eda profesional","og:type":"article","og:title":"Residencial Alexandy - T&amp;S Inmobiliaria","og:description":"Wohnanlage Alexandy Die Wohnanlage Alexandy ist ein exklusives dreist\u00f6ckiges Projekt in Fantino, Provinz S\u00e1nchez Ram\u00edrez, Dominikanische Republik.Mit einem modernen und funktionalen Design bietet jede Wohnung 136,33 m\u00b2 Wohnfl\u00e4che, strategisch aufgeteilt, um Komfort, Ger\u00e4umigkeit und Eleganz zu gew\u00e4hrleisten. Wohnungsaufteilung 3 Schlafzimmer, einschlie\u00dflich eines Hauptschlafzimmers mit eigenem Bad und begehbarem Kleiderschrank. 2 komplette Badezimmer. Gro\u00dfes Wohn- und","og:url":"https:\/\/tysinmobiliaria.com\/de\/real-estate\/residencial-alexandy\/","article:published_time":"2025-09-24T21:05:37+00:00","article:modified_time":"2025-11-06T16:22:56+00:00","twitter:card":"summary_large_image","twitter:title":"Residencial Alexandy - T&amp;S Inmobiliaria","twitter:description":"Wohnanlage Alexandy Die Wohnanlage Alexandy ist ein exklusives dreist\u00f6ckiges Projekt in Fantino, Provinz S\u00e1nchez Ram\u00edrez, Dominikanische Republik.Mit einem modernen und funktionalen Design bietet jede Wohnung 136,33 m\u00b2 Wohnfl\u00e4che, strategisch aufgeteilt, um Komfort, Ger\u00e4umigkeit und Eleganz zu gew\u00e4hrleisten. Wohnungsaufteilung 3 Schlafzimmer, einschlie\u00dflich eines Hauptschlafzimmers mit eigenem Bad und begehbarem Kleiderschrank. 2 komplette Badezimmer. Gro\u00dfes Wohn- und"},"aioseo_meta_data":{"post_id":"4377","title":null,"description":null,"keywords":null,"keyphrases":null,"primary_term":null,"canonical_url":null,"og_title":null,"og_description":null,"og_object_type":"default","og_image_type":"default","og_image_url":null,"og_image_width":null,"og_image_height":null,"og_image_custom_url":null,"og_image_custom_fields":null,"og_video":null,"og_custom_url":null,"og_article_section":null,"og_article_tags":null,"twitter_use_og":false,"twitter_card":"default","twitter_image_type":"default","twitter_image_url":null,"twitter_image_custom_url":null,"twitter_image_custom_fields":null,"twitter_title":null,"twitter_description":null,"schema":{"blockGraphs":[],"customGraphs":[],"default":{"data":{"Article":[],"Course":[],"Dataset":[],"FAQPage":[],"Movie":[],"Person":[],"Product":[],"ProductReview":[],"Car":[],"Recipe":[],"Service":[],"SoftwareApplication":[],"WebPage":[]},"graphName":"","isEnabled":true},"graphs":[]},"schema_type":"default","schema_type_options":null,"pillar_content":false,"robots_default":true,"robots_noindex":false,"robots_noarchive":false,"robots_nosnippet":false,"robots_nofollow":false,"robots_noimageindex":false,"robots_noodp":false,"robots_notranslate":false,"robots_max_snippet":null,"robots_max_videopreview":null,"robots_max_imagepreview":"large","priority":null,"frequency":null,"local_seo":null,"breadcrumb_settings":null,"limit_modified_date":false,"ai":null,"created":"2025-09-14 17:08:34","updated":"2025-09-14 17:36:41","seo_analyzer_scan_date":null,"focus_keyword":null,"additional_keywords":null,"truseo_locale":null},"aioseo_breadcrumb":"<div class=\"aioseo-breadcrumbs\"><span class=\"aioseo-breadcrumb\">\n\t\t\t<a href=\"https:\/\/tysinmobiliaria.com\/de\/\" title=\"Home\">Home<\/a>\n\t\t<\/span><span class=\"aioseo-breadcrumb-separator\">&raquo;<\/span><span class=\"aioseo-breadcrumb\">\n\t\t\tImmobilienauflistung\n\t\t<\/span><\/div>","aioseo_breadcrumb_json":[{"label":"Home","link":"https:\/\/tysinmobiliaria.com\/de\/"},{"label":"Immobilienauflistung","link":"https:\/\/tysinmobiliaria.com\/de\/immobilienauflistung\/"}],"_links":{"self":[{"href":"https:\/\/tysinmobiliaria.com\/de\/wp-json\/wp\/v2\/pages\/4377","targetHints":{"allow":["GET"]}}],"collection":[{"href":"https:\/\/tysinmobiliaria.com\/de\/wp-json\/wp\/v2\/pages"}],"about":[{"href":"https:\/\/tysinmobiliaria.com\/de\/wp-json\/wp\/v2\/types\/page"}],"author":[{"embeddable":true,"href":"https:\/\/tysinmobiliaria.com\/de\/wp-json\/wp\/v2\/users\/1"}],"replies":[{"embeddable":true,"href":"https:\/\/tysinmobiliaria.com\/de\/wp-json\/wp\/v2\/comments?post=4377"}],"version-history":[{"count":0,"href":"https:\/\/tysinmobiliaria.com\/de\/wp-json\/wp\/v2\/pages\/4377\/revisions"}],"wp:attachment":[{"href":"https:\/\/tysinmobiliaria.com\/de\/wp-json\/wp\/v2\/media?parent=4377"}],"curies":[{"name":"wp","href":"https:\/\/api.w.org\/{rel}","templated":true}]}}