{"id":7459,"date":"2025-10-17T18:44:04","date_gmt":"2025-10-17T18:44:04","guid":{"rendered":"https:\/\/tysinmobiliaria.com\/?page_id=7459"},"modified":"2025-10-18T19:01:16","modified_gmt":"2025-10-18T19:01:16","slug":"immobilie-zu-vermieten","status":"publish","type":"page","link":"https:\/\/tysinmobiliaria.com\/de\/immobilie-zu-vermieten\/","title":{"rendered":"Immobilie zu vermieten"},"content":{"rendered":"\t\t<div data-elementor-type=\"wp-page\" data-elementor-id=\"7459\" class=\"elementor elementor-7459 elementor-7362\" data-elementor-post-type=\"page\">\n\t\t\t\t<div class=\"elementor-element elementor-element-78c2acbb e-flex e-con-boxed e-con e-parent\" data-id=\"78c2acbb\" data-element_type=\"container\" data-e-type=\"container\">\n\t\t\t\t\t<div class=\"e-con-inner\">\n\t\t\t\t<div class=\"elementor-element elementor-element-1da96d42 elementor-widget elementor-widget-tf_properties_list\" data-id=\"1da96d42\" data-element_type=\"widget\" data-e-type=\"widget\" data-widget_type=\"tf_properties_list.default\">\n\t\t\t\t<div class=\"elementor-widget-container\">\n\t\t\t\t\t\t\t\t<div id=\"tf-properties-1da96d42\" class=\"tf-properties-wrap themesflat-properties-taxonomy grid1   \" data-tabid=\"1da96d42\">\r\n\t\t\t\t<div class=\"wrap-properties-post column-4\">\r\n\t\t\t\t\t\t\t\t\t\t<div class=\"content-tab\">\r\n\t\t\t\t\t\t<div class=\"content-tab-inner tab-inner-all\">\r\n\t\t\t\t\t\t\t<div class=\"properties row\">\r\n\t\t\t\t\t\t\t\t\t\t\t\t\t\t\t\t\t\t\t\t\t\t\t\t\t\t\t<div class=\"item\">\r\n\t\t<div class=\"properties-post properties-post-6460\">\r\n\t\t<div class=\"featured-property\">\r\n\t\t<a class=\"view-gallery\" data-gallery=\"[&quot;https:\\\/\\\/tysinmobiliaria.com\\\/wp-content\\\/uploads\\\/2025\\\/10\\\/Local-comercial-615x410.png&quot;,&quot;https:\\\/\\\/tysinmobiliaria.com\\\/wp-content\\\/uploads\\\/2025\\\/10\\\/Local-comercial.png&quot;,&quot;https:\\\/\\\/tysinmobiliaria.com\\\/wp-content\\\/uploads\\\/2025\\\/10\\\/1Local-comercial-4-495x495.png&quot;]\"\r\n\t\t\t\thref=\"https:\/\/tysinmobiliaria.com\/de\/real-estate\/6460-2\/\">\r\n\t\t\t\t<img decoding=\"async\" loading=\"lazy\" class=\"lazy\" src=\"\" data-src=\"https:\/\/tysinmobiliaria.com\/wp-content\/uploads\/2025\/10\/Local-comercial-615x410.png\" alt=\"image\">\t\t\t<\/a>\r\n\t\t\t\t\t\t\t\t\t\t\t\t<span class=\"label-text\">Zu vermieten<\/span>\r\n\t\t\t\t\t\t\t\t\t\t<div class=\"bottom-infor-features\">\r\n\t\t\t\t\t\t\t\t\t<ul class=\"list-text\">\r\n\t\t\t\t\t\t\t\t\t\t\t\t\t\t\t\t\t\t\t<li>\r\n\t\t\t\t\t\t\t\t<span class=\"status-text\">Immobilie zur Miete<\/span>\r\n\t\t\t\t\t\t\t<\/li>\r\n\t\t\t\t\t\t\t\t\t\t\t<\/ul>\r\n\t\t\t\t\t\t\t\t\t\t\t\t\t<ul class=\"list-controller\">\r\n\t\t\t\t\t\t<li>\r\n\t\t\t\t\t\t\t<a class=\"compare tfre-compare-property hv-tool\" href=\"javascript:void(0)\"\r\n\t\t\t\t\t\t\t\tdata-property-id=\"6460\" data-toggle=\"tooltip\"\r\n\t\t\t\t\t\t\t\tdata-tooltip=\"Zum Vergleich hinzuf\u00fcgen\"\r\n\t\t\t\t\t\t\t\ttitle=\"Vergleichen\">\r\n\t\t\t\t\t\t\t\t<i class=\"far fa-plus\"><\/i>\r\n\t\t\t\t\t\t\t<\/a>\r\n\t\t\t\t\t\t<\/li>\r\n\t\t\t\t\t\t<li>\r\n\t\t\t\t\t\t\t<div class=\"bookmark\">\r\n\t\t\t\t\t\t\t\t<div class=\"bg-bookmark\">\r\n\t\t\t\t\t\t\t\t\t<a href=\"javascript:void(0)\" aria-label=\"wishlist\"\r\n\t\t\t\t\t\t\t\t\t\tclass=\"tfre-property-favorite hv-tool \"\r\n\t\t\t\t\t\t\t\t\t\tdata-tfre-data-property-id=\"6460\"\r\n\t\t\t\t\t\t\t\t\t\tdata-toggle=\"tooltip\" data-tooltip=\"Zu Favoriten hinzuf\u00fcgen\"\r\n\t\t\t\t\t\t\t\t\t\tdata-tfre-data-title-not-favorite=\"Zu Favoriten hinzuf\u00fcgen\"\r\n\t\t\t\t\t\t\t\t\t\tdata-tfre-data-title-favorited=\"Es ist Ihr Favorit\"\r\n\t\t\t\t\t\t\t\t\t\tdata-tfre-data-icon-not-favorite=\"far fa-bookmark\"\r\n\t\t\t\t\t\t\t\t\t\tdata-tfre-data-icon-favorited=\"far fa-bookmark\">\r\n\t\t\t\t\t\t\t\t\t\t<i class=\"far fa-bookmark\"><\/i>\r\n\t\t\t\t\t\t\t\t\t<\/a>\r\n\t\t\t\t\t\t\t\t<\/div>\r\n\t\t\t\t\t\t\t<\/div>\r\n\t\t\t\t\t\t<\/li>\r\n\t\t\t\t\t\t<li>\r\n\t\t\t\t\t\t\t<a class=\"property-quick-view zoomGallery hv-tool\"\r\n\t\t\t\t\t\t\t\tdata-gallery=\"[&quot;https:\\\/\\\/tysinmobiliaria.com\\\/wp-content\\\/uploads\\\/2025\\\/10\\\/Local-comercial-615x410.png&quot;,&quot;https:\\\/\\\/tysinmobiliaria.com\\\/wp-content\\\/uploads\\\/2025\\\/10\\\/Local-comercial.png&quot;,&quot;https:\\\/\\\/tysinmobiliaria.com\\\/wp-content\\\/uploads\\\/2025\\\/10\\\/1Local-comercial-4-495x495.png&quot;]\"\r\n\t\t\t\t\t\t\t\thref=\"javascript:void(0)\"\r\n\t\t\t\t\t\t\t\tdata-tooltip=\"Schnellansicht\"\r\n\t\t\t\t\t\t\t\tdata-toggle=\"modal\"\r\n\t\t\t\t\t\t\t\tdata-target=\"#property_quick_view_modal_1da96d42\"\r\n\t\t\t\t\t\t\t\tdata-property-id=\"6460\"\r\n\t\t\t\t\t\t\t\tdata-elementor-id=\"1da96d42\">\r\n\t\t\t\t\t\t\t\t<i class=\"icon-homelengo-eyes\"><\/i>\r\n\t\t\t\t\t\t\t<\/a>\r\n\t\t\t\t\t\t<\/li>\r\n\t\t\t\t\t<\/ul>\r\n\t\t\t\t\t\t\t<\/div>\r\n\t\t<\/div>\r\n\t\t<div class=\"content\">\r\n\t\t\t<div class=\"heading\">\r\n\t\t\t\t<h3 class=\"title\">\r\n\t\t\t\t\t<a\r\n\t\t\t\t\t\thref=\"https:\/\/tysinmobiliaria.com\/de\/real-estate\/6460-2\/\">Gewerbefl\u00e4che<\/a>\r\n\t\t\t\t<\/h3>\r\n\t\t\t\t\t\t\t\t\t<div class=\"address\">\r\n\t\t\t\t\t\t<i class=\"icon-homelengo-location-3\"><\/i>\r\n\t\t\t\t\t\t<span><\/span>\r\n\t\t\t\t\t<\/div>\r\n\t\t\t\t\t\t\t<\/div>\r\n\t\t\t<div class=\"description\">\r\n\t\t\t\t\t\t\t\t\t<div class=\"property-information\">\r\n\t\t\t\t\t\t<i class=\"icon-homelengo-bed2\"><\/i>\r\n\t\t\t\t\t\t<span class=\"value\">0<\/span>\t\t\t\t\t<\/div>\r\n\t\t\t\t\t\t\t\t\t\t\t\t\t<div class=\"property-information\">\r\n\t\t\t\t\t\t<i class=\"icon-homelengo-bath3\"><\/i>\r\n\t\t\t\t\t\t<span class=\"value\">1<\/span>\t\t\t\t\t<\/div>\r\n\t\t\t\t\t\t\t\t\t\t\t\t\t<div class=\"property-information\">\r\n\t\t\t\t\t\t<i class=\"icon-homelengo-ruler\"><\/i>\r\n\t\t\t\t\t\t<span class=\"value\">32 m2<\/span>\t\t\t\t\t<\/div>\r\n\t\t\t\t\t\t\t\t\t\t\t\t\t\t\t\t\t\t\t\t\t\t\t<\/div>\r\n\t\t<\/div>\r\n\t\t\t\t\t<div class=\"bottom\">\r\n\t\t\t\t\t\t\t\t\t<a href=\"\" class=\"avatar\">\r\n\t\t\t\t\t\t<img alt=\"author avatar\"\r\n\t\t\t\t\t\t\tsrc=\"\"\r\n\t\t\t\t\t\t\tonerror=\"this.src = 'https:\/\/tysinmobiliaria.com\/wp-content\/uploads\/2025\/09\/Avatar_TS.png';\" class=\"avatar avatar-96 photo\"\r\n\t\t\t\t\t\t\tloading=\"lazy\"><span><\/span>\r\n\t\t\t\t\t<\/a>\r\n\t\t\t\t\t\t\t\t\t\t\t\t\t<span class=\"price\">\r\n\t\t\t\t\t\t\t\t\t\t\t\t\u20ac136\t\t\t\t\t\t\t\t\t\t\t<\/span>\r\n\t\t\t\t\t\t\t<\/div>\r\n\t\t\t<\/div>\r\n<\/div>\t\t\t\t\t\t\t\t\t\t\t\t\t\t\t\t\t\t\t\t\t\t\t\t\t<\/div>\r\n\t\t\t\t\t\t<\/div>\r\n\t\t\t\t\t\t\t\t\t\t\t<\/div>\r\n\t\t\t\t\t\t\t\t\t<\/div>\r\n\t\t\t\t<div class=\"modal fade property_quick_view_modal\" id=\"property_quick_view_modal_1da96d42\"\r\n\ttabindex=\"-1\" role=\"dialog\">\r\n\t<div class=\"modal-xl modal-dialog modal-dialog-centered\" role=\"document\">\r\n\t\t<div class=\"modal-content\">\r\n\t\t\t<div class=\"modal-body\">\r\n\t\t\t<\/div>\r\n\t\t<\/div>\r\n\t<\/div>\r\n<\/div>\t\t\t<\/div>\r\n\r\n\t\t\t\t\t\t\t<\/div>\n\t\t\t\t<\/div>\n\t\t\t\t\t<\/div>\n\t\t\t\t<\/div>\n\t\t<div class=\"elementor-element elementor-element-383429b e-flex e-con-boxed e-con e-parent\" data-id=\"383429b\" data-element_type=\"container\" data-e-type=\"container\">\n\t\t\t\t\t<div class=\"e-con-inner\">\n\t\t\t\t<div class=\"elementor-element elementor-element-20929a2d elementor-widget elementor-widget-spacer\" data-id=\"20929a2d\" data-element_type=\"widget\" data-e-type=\"widget\" data-widget_type=\"spacer.default\">\n\t\t\t\t\t\t\t<div class=\"elementor-spacer\">\n\t\t\t<div class=\"elementor-spacer-inner\"><\/div>\n\t\t<\/div>\n\t\t\t\t\t\t<\/div>\n\t\t\t\t\t<\/div>\n\t\t\t\t<\/div>\n\t\t<div class=\"elementor-element elementor-element-3416fdc2 e-flex e-con-boxed e-con e-parent\" data-id=\"3416fdc2\" data-element_type=\"container\" data-e-type=\"container\" data-settings=\"{&quot;background_background&quot;:&quot;classic&quot;}\">\n\t\t\t\t\t<div class=\"e-con-inner\">\n\t\t<div class=\"elementor-element elementor-element-6fda081b e-con-full e-flex e-con e-child\" data-id=\"6fda081b\" data-element_type=\"container\" data-e-type=\"container\" data-settings=\"{&quot;background_background&quot;:&quot;classic&quot;}\">\n\t\t<div class=\"elementor-element elementor-element-7cb6b5d7 e-con-full e-flex e-con e-child\" data-id=\"7cb6b5d7\" data-element_type=\"container\" data-e-type=\"container\">\n\t\t\t\t<div class=\"elementor-element elementor-element-6340c1bb elementor-widget elementor-widget-tf-title-section\" data-id=\"6340c1bb\" data-element_type=\"widget\" data-e-type=\"widget\" data-widget_type=\"tf-title-section.default\">\n\t\t\t\t<div class=\"elementor-widget-container\">\n\t\t\t\t\t<div id=\"tf-title-section-6340c1bb\" class=\"tf-title-section tf-split-text style1\" data-tabid=\"6340c1bb\"> \r\n\t\t\t\t\r\n\t\t\t\t<div class=\"title-section\">\r\n\t\t\t\t\t<div class=\"subtitle\">Publica tus propiedades con nosotros<\/div>\r\n\t\t\t\t\t<h4 class=\"heading\" data-splitting>Mehr Kunden, mehr Verk\u00e4ufe, mehr Chancen.<\/h4>\r\n\t\t\t\t\t\r\n\t\t\t\t<\/div>                \r\n            <\/div>\t\t\t\t<\/div>\n\t\t\t\t<\/div>\n\t\t\t\t<div class=\"elementor-element elementor-element-6d4ab6da elementor-align-left elementor-widget elementor-widget-button\" data-id=\"6d4ab6da\" data-element_type=\"widget\" data-e-type=\"widget\" data-widget_type=\"button.default\">\n\t\t\t\t\t\t\t\t\t\t<a class=\"elementor-button elementor-button-link elementor-size-sm\" href=\"https:\/\/tysinmobiliaria.com\/nl\/contactpersonen\/\">\n\t\t\t\t\t\t<span class=\"elementor-button-content-wrapper\">\n\t\t\t\t\t\t\t\t\t<span class=\"elementor-button-text\">Cantactenos!<\/span>\n\t\t\t\t\t<\/span>\n\t\t\t\t\t<\/a>\n\t\t\t\t\t\t\t\t<\/div>\n\t\t\t\t<\/div>\n\t\t<div class=\"elementor-element elementor-element-411466b6 e-con-full e-flex e-con e-child\" data-id=\"411466b6\" data-element_type=\"container\" data-e-type=\"container\">\n\t\t\t\t<div class=\"elementor-element elementor-element-239795a1 elementor-widget elementor-widget-image\" data-id=\"239795a1\" data-element_type=\"widget\" data-e-type=\"widget\" data-widget_type=\"image.default\">\n\t\t\t\t\t\t\t\t\t\t\t\t\t\t\t<img fetchpriority=\"high\" decoding=\"async\" width=\"1122\" height=\"570\" src=\"https:\/\/tysinmobiliaria.com\/wp-content\/uploads\/2025\/10\/Baner_home-1.png\" class=\"attachment-full size-full wp-image-6822\" alt=\"\" srcset=\"https:\/\/tysinmobiliaria.com\/wp-content\/uploads\/2025\/10\/Baner_home-1.png 1122w, https:\/\/tysinmobiliaria.com\/wp-content\/uploads\/2025\/10\/Baner_home-1-300x152.png 300w, https:\/\/tysinmobiliaria.com\/wp-content\/uploads\/2025\/10\/Baner_home-1-1024x520.png 1024w, https:\/\/tysinmobiliaria.com\/wp-content\/uploads\/2025\/10\/Baner_home-1-768x390.png 768w, https:\/\/tysinmobiliaria.com\/wp-content\/uploads\/2025\/10\/Baner_home-1-600x305.png 600w\" sizes=\"(max-width: 1122px) 100vw, 1122px\" \/>\t\t\t\t\t\t\t\t\t\t\t\t\t\t\t<\/div>\n\t\t\t\t<\/div>\n\t\t\t\t<\/div>\n\t\t\t\t\t<\/div>\n\t\t\t\t<\/div>\n\t\t\t\t<\/div>\n\t\t","protected":false},"excerpt":{"rendered":"<p>No se han encontrado propiedades Publica tus propiedades con nosotros Mehr Kunden, mehr Verk\u00e4ufe, mehr Chancen. Cantactenos!<\/p>\n","protected":false},"author":1,"featured_media":0,"parent":0,"menu_order":0,"comment_status":"closed","ping_status":"closed","template":"","meta":{"_monsterinsights_skip_tracking":false,"footnotes":""},"class_list":["post-7459","page","type-page","status-publish","hentry"],"aioseo_notices":[],"aioseo_head":"\n\t\t<!-- All in One SEO 5.0.1.1 - aioseo.com -->\n\t<meta name=\"description\" content=\"\ud83c\udfe2 Gewerbefl\u00e4che zu vermieten \u2013 Calle Los Leones, Viertel Los Maestros, Fantino Ausgezeichnete Gelegenheit, Ihr Gesch\u00e4ft zu starten oder zu erweitern. Diese 3 m\u00b2 gro\u00dfe Gewerbefl\u00e4che befindet sich in der Calle Los Leones, im Viertel Los Maestros, Fantino \u2013 einer stark frequentierten und gewerblichen Gegend, ideal f\u00fcr kleine Unternehmen oder Dienstleister. Der Raum verf\u00fcgt \u00fcber\" \/>\n\t<meta name=\"robots\" content=\"max-image-preview:large\" \/>\n\t<link rel=\"canonical\" href=\"https:\/\/tysinmobiliaria.com\/de\/real-estate\/6460-2\/\" \/>\n\t<meta name=\"generator\" content=\"All in One SEO (AIOSEO) 5.0.1.1\" \/>\n\t\t<meta property=\"og:locale\" content=\"de_DE\" \/>\n\t\t<meta property=\"og:site_name\" content=\"T&amp;S Inmobiliaria - Compra, venta y alquiler de inmuebles con asesor\u00eda profesional\" \/>\n\t\t<meta property=\"og:type\" content=\"article\" \/>\n\t\t<meta property=\"og:title\" content=\"Gewerbefl\u00e4che - T&amp;S Inmobiliaria\" \/>\n\t\t<meta property=\"og:description\" content=\"\ud83c\udfe2 Gewerbefl\u00e4che zu vermieten \u2013 Calle Los Leones, Viertel Los Maestros, Fantino Ausgezeichnete Gelegenheit, Ihr Gesch\u00e4ft zu starten oder zu erweitern. Diese 3 m\u00b2 gro\u00dfe Gewerbefl\u00e4che befindet sich in der Calle Los Leones, im Viertel Los Maestros, Fantino \u2013 einer stark frequentierten und gewerblichen Gegend, ideal f\u00fcr kleine Unternehmen oder Dienstleister. Der Raum verf\u00fcgt \u00fcber\" \/>\n\t\t<meta property=\"og:url\" content=\"https:\/\/tysinmobiliaria.com\/de\/real-estate\/6460-2\/\" \/>\n\t\t<meta property=\"article:published_time\" content=\"2025-10-04T17:51:39+00:00\" \/>\n\t\t<meta property=\"article:modified_time\" content=\"2025-11-06T16:22:52+00:00\" \/>\n\t\t<meta name=\"twitter:card\" content=\"summary_large_image\" \/>\n\t\t<meta name=\"twitter:title\" content=\"Gewerbefl\u00e4che - T&amp;S Inmobiliaria\" \/>\n\t\t<meta name=\"twitter:description\" content=\"\ud83c\udfe2 Gewerbefl\u00e4che zu vermieten \u2013 Calle Los Leones, Viertel Los Maestros, Fantino Ausgezeichnete Gelegenheit, Ihr Gesch\u00e4ft zu starten oder zu erweitern. Diese 3 m\u00b2 gro\u00dfe Gewerbefl\u00e4che befindet sich in der Calle Los Leones, im Viertel Los Maestros, Fantino \u2013 einer stark frequentierten und gewerblichen Gegend, ideal f\u00fcr kleine Unternehmen oder Dienstleister. Der Raum verf\u00fcgt \u00fcber\" \/>\n\t\t<script type=\"application\/ld+json\" class=\"aioseo-schema\">\n\t\t\t{\"@context\":\"https:\\\/\\\/schema.org\",\"@graph\":[{\"@type\":\"BreadcrumbList\",\"@id\":\"https:\\\/\\\/tysinmobiliaria.com\\\/de\\\/real-estate\\\/6460-2\\\/#breadcrumblist\",\"itemListElement\":[{\"@type\":\"ListItem\",\"@id\":\"https:\\\/\\\/tysinmobiliaria.com\\\/de\\\/#listItem\",\"position\":1,\"name\":\"Home\",\"item\":\"https:\\\/\\\/tysinmobiliaria.com\\\/de\\\/\",\"nextItem\":{\"@type\":\"ListItem\",\"@id\":\"https:\\\/\\\/tysinmobiliaria.com\\\/de\\\/immobilie-zu-vermieten\\\/#listItem\",\"name\":\"Immobilie zu vermieten\"}},{\"@type\":\"ListItem\",\"@id\":\"https:\\\/\\\/tysinmobiliaria.com\\\/de\\\/immobilie-zu-vermieten\\\/#listItem\",\"position\":2,\"name\":\"Immobilie zu vermieten\",\"previousItem\":{\"@type\":\"ListItem\",\"@id\":\"https:\\\/\\\/tysinmobiliaria.com\\\/de\\\/#listItem\",\"name\":\"Home\"}}]},{\"@type\":\"Organization\",\"@id\":\"https:\\\/\\\/tysinmobiliaria.com\\\/de\\\/#organization\",\"name\":\"T&S Inmobiliaria\",\"description\":\"Compra, venta y alquiler de inmuebles con asesor\\u00eda profesional\",\"url\":\"https:\\\/\\\/tysinmobiliaria.com\\\/de\\\/\"},{\"@type\":\"Person\",\"@id\":\"https:\\\/\\\/tysinmobiliaria.com\\\/de\\\/author\\\/alex\\\/#author\",\"url\":\"https:\\\/\\\/tysinmobiliaria.com\\\/de\\\/author\\\/alex\\\/\",\"name\":\"Alexandy\",\"image\":{\"@type\":\"ImageObject\",\"@id\":\"https:\\\/\\\/tysinmobiliaria.com\\\/de\\\/real-estate\\\/6460-2\\\/#authorImage\",\"url\":\"https:\\\/\\\/secure.gravatar.com\\\/avatar\\\/80e9760c8eabb0d4a0c81c8bec1e105a45c5f95d4f00739d9d2d45f28a70af57?s=96&d=mm&r=g\",\"width\":96,\"height\":96,\"caption\":\"Alexandy\"}},{\"@type\":\"WebPage\",\"@id\":\"https:\\\/\\\/tysinmobiliaria.com\\\/de\\\/real-estate\\\/6460-2\\\/#webpage\",\"url\":\"https:\\\/\\\/tysinmobiliaria.com\\\/de\\\/real-estate\\\/6460-2\\\/\",\"name\":\"Gewerbefl\\u00e4che - T&S Inmobiliaria\",\"description\":\"\\ud83c\\udfe2 Gewerbefl\\u00e4che zu vermieten \\u2013 Calle Los Leones, Viertel Los Maestros, Fantino Ausgezeichnete Gelegenheit, Ihr Gesch\\u00e4ft zu starten oder zu erweitern. Diese 3 m\\u00b2 gro\\u00dfe Gewerbefl\\u00e4che befindet sich in der Calle Los Leones, im Viertel Los Maestros, Fantino \\u2013 einer stark frequentierten und gewerblichen Gegend, ideal f\\u00fcr kleine Unternehmen oder Dienstleister. Der Raum verf\\u00fcgt \\u00fcber\",\"inLanguage\":\"de-DE\",\"isPartOf\":{\"@id\":\"https:\\\/\\\/tysinmobiliaria.com\\\/de\\\/#website\"},\"breadcrumb\":{\"@id\":\"https:\\\/\\\/tysinmobiliaria.com\\\/de\\\/real-estate\\\/6460-2\\\/#breadcrumblist\"},\"author\":{\"@id\":\"https:\\\/\\\/tysinmobiliaria.com\\\/de\\\/author\\\/alex\\\/#author\"},\"creator\":{\"@id\":\"https:\\\/\\\/tysinmobiliaria.com\\\/de\\\/author\\\/alex\\\/#author\"},\"image\":{\"@type\":\"ImageObject\",\"url\":\"https:\\\/\\\/tysinmobiliaria.com\\\/wp-content\\\/uploads\\\/2025\\\/10\\\/Local-comercial.png\",\"@id\":\"https:\\\/\\\/tysinmobiliaria.com\\\/de\\\/real-estate\\\/6460-2\\\/#mainImage\",\"width\":950,\"height\":1128},\"primaryImageOfPage\":{\"@id\":\"https:\\\/\\\/tysinmobiliaria.com\\\/de\\\/real-estate\\\/6460-2\\\/#mainImage\"},\"datePublished\":\"2025-10-04T17:51:39+00:00\",\"dateModified\":\"2025-11-06T16:22:52+00:00\"},{\"@type\":\"WebSite\",\"@id\":\"https:\\\/\\\/tysinmobiliaria.com\\\/de\\\/#website\",\"url\":\"https:\\\/\\\/tysinmobiliaria.com\\\/de\\\/\",\"name\":\"T&S Inmobiliaria\",\"description\":\"Compra, venta y alquiler de inmuebles con asesor\\u00eda profesional\",\"inLanguage\":\"de-DE\",\"publisher\":{\"@id\":\"https:\\\/\\\/tysinmobiliaria.com\\\/de\\\/#organization\"}}]}\n\t\t<\/script>\n\t\t<!-- All in One SEO -->\n\n","aioseo_head_json":{"title":"Gewerbefl\u00e4che - T&S Inmobiliaria","description":"\ud83c\udfe2 Gewerbefl\u00e4che zu vermieten \u2013 Calle Los Leones, Viertel Los Maestros, Fantino Ausgezeichnete Gelegenheit, Ihr Gesch\u00e4ft zu starten oder zu erweitern. Diese 3 m\u00b2 gro\u00dfe Gewerbefl\u00e4che befindet sich in der Calle Los Leones, im Viertel Los Maestros, Fantino \u2013 einer stark frequentierten und gewerblichen Gegend, ideal f\u00fcr kleine Unternehmen oder Dienstleister. Der Raum verf\u00fcgt \u00fcber","canonical_url":"https:\/\/tysinmobiliaria.com\/de\/real-estate\/6460-2\/","robots":"max-image-preview:large","keywords":"","webmasterTools":{"miscellaneous":""},"schema":{"@context":"https:\/\/schema.org","@graph":[{"@type":"BreadcrumbList","@id":"https:\/\/tysinmobiliaria.com\/de\/real-estate\/6460-2\/#breadcrumblist","itemListElement":[{"@type":"ListItem","@id":"https:\/\/tysinmobiliaria.com\/de\/#listItem","position":1,"name":"Home","item":"https:\/\/tysinmobiliaria.com\/de\/","nextItem":{"@type":"ListItem","@id":"https:\/\/tysinmobiliaria.com\/de\/immobilie-zu-vermieten\/#listItem","name":"Immobilie zu vermieten"}},{"@type":"ListItem","@id":"https:\/\/tysinmobiliaria.com\/de\/immobilie-zu-vermieten\/#listItem","position":2,"name":"Immobilie zu vermieten","previousItem":{"@type":"ListItem","@id":"https:\/\/tysinmobiliaria.com\/de\/#listItem","name":"Home"}}]},{"@type":"Organization","@id":"https:\/\/tysinmobiliaria.com\/de\/#organization","name":"T&S Inmobiliaria","description":"Compra, venta y alquiler de inmuebles con asesor\u00eda profesional","url":"https:\/\/tysinmobiliaria.com\/de\/"},{"@type":"Person","@id":"https:\/\/tysinmobiliaria.com\/de\/author\/alex\/#author","url":"https:\/\/tysinmobiliaria.com\/de\/author\/alex\/","name":"Alexandy","image":{"@type":"ImageObject","@id":"https:\/\/tysinmobiliaria.com\/de\/real-estate\/6460-2\/#authorImage","url":"https:\/\/secure.gravatar.com\/avatar\/80e9760c8eabb0d4a0c81c8bec1e105a45c5f95d4f00739d9d2d45f28a70af57?s=96&d=mm&r=g","width":96,"height":96,"caption":"Alexandy"}},{"@type":"WebPage","@id":"https:\/\/tysinmobiliaria.com\/de\/real-estate\/6460-2\/#webpage","url":"https:\/\/tysinmobiliaria.com\/de\/real-estate\/6460-2\/","name":"Gewerbefl\u00e4che - T&S Inmobiliaria","description":"\ud83c\udfe2 Gewerbefl\u00e4che zu vermieten \u2013 Calle Los Leones, Viertel Los Maestros, Fantino Ausgezeichnete Gelegenheit, Ihr Gesch\u00e4ft zu starten oder zu erweitern. Diese 3 m\u00b2 gro\u00dfe Gewerbefl\u00e4che befindet sich in der Calle Los Leones, im Viertel Los Maestros, Fantino \u2013 einer stark frequentierten und gewerblichen Gegend, ideal f\u00fcr kleine Unternehmen oder Dienstleister. Der Raum verf\u00fcgt \u00fcber","inLanguage":"de-DE","isPartOf":{"@id":"https:\/\/tysinmobiliaria.com\/de\/#website"},"breadcrumb":{"@id":"https:\/\/tysinmobiliaria.com\/de\/real-estate\/6460-2\/#breadcrumblist"},"author":{"@id":"https:\/\/tysinmobiliaria.com\/de\/author\/alex\/#author"},"creator":{"@id":"https:\/\/tysinmobiliaria.com\/de\/author\/alex\/#author"},"image":{"@type":"ImageObject","url":"https:\/\/tysinmobiliaria.com\/wp-content\/uploads\/2025\/10\/Local-comercial.png","@id":"https:\/\/tysinmobiliaria.com\/de\/real-estate\/6460-2\/#mainImage","width":950,"height":1128},"primaryImageOfPage":{"@id":"https:\/\/tysinmobiliaria.com\/de\/real-estate\/6460-2\/#mainImage"},"datePublished":"2025-10-04T17:51:39+00:00","dateModified":"2025-11-06T16:22:52+00:00"},{"@type":"WebSite","@id":"https:\/\/tysinmobiliaria.com\/de\/#website","url":"https:\/\/tysinmobiliaria.com\/de\/","name":"T&S Inmobiliaria","description":"Compra, venta y alquiler de inmuebles con asesor\u00eda profesional","inLanguage":"de-DE","publisher":{"@id":"https:\/\/tysinmobiliaria.com\/de\/#organization"}}]},"og:locale":"de_DE","og:site_name":"T&amp;S Inmobiliaria - Compra, venta y alquiler de inmuebles con asesor\u00eda profesional","og:type":"article","og:title":"Gewerbefl\u00e4che - T&amp;S Inmobiliaria","og:description":"\ud83c\udfe2 Gewerbefl\u00e4che zu vermieten \u2013 Calle Los Leones, Viertel Los Maestros, Fantino Ausgezeichnete Gelegenheit, Ihr Gesch\u00e4ft zu starten oder zu erweitern. Diese 3 m\u00b2 gro\u00dfe Gewerbefl\u00e4che befindet sich in der Calle Los Leones, im Viertel Los Maestros, Fantino \u2013 einer stark frequentierten und gewerblichen Gegend, ideal f\u00fcr kleine Unternehmen oder Dienstleister. Der Raum verf\u00fcgt \u00fcber","og:url":"https:\/\/tysinmobiliaria.com\/de\/real-estate\/6460-2\/","article:published_time":"2025-10-04T17:51:39+00:00","article:modified_time":"2025-11-06T16:22:52+00:00","twitter:card":"summary_large_image","twitter:title":"Gewerbefl\u00e4che - T&amp;S Inmobiliaria","twitter:description":"\ud83c\udfe2 Gewerbefl\u00e4che zu vermieten \u2013 Calle Los Leones, Viertel Los Maestros, Fantino Ausgezeichnete Gelegenheit, Ihr Gesch\u00e4ft zu starten oder zu erweitern. Diese 3 m\u00b2 gro\u00dfe Gewerbefl\u00e4che befindet sich in der Calle Los Leones, im Viertel Los Maestros, Fantino \u2013 einer stark frequentierten und gewerblichen Gegend, ideal f\u00fcr kleine Unternehmen oder Dienstleister. Der Raum verf\u00fcgt \u00fcber"},"aioseo_meta_data":[],"aioseo_breadcrumb":"<div class=\"aioseo-breadcrumbs\"><span class=\"aioseo-breadcrumb\">\n\t\t\t<a href=\"https:\/\/tysinmobiliaria.com\/de\/\" title=\"Home\">Home<\/a>\n\t\t<\/span><span class=\"aioseo-breadcrumb-separator\">&raquo;<\/span><span class=\"aioseo-breadcrumb\">\n\t\t\tImmobilie zu vermieten\n\t\t<\/span><\/div>","aioseo_breadcrumb_json":[{"label":"Home","link":"https:\/\/tysinmobiliaria.com\/de\/"},{"label":"Immobilie zu vermieten","link":"https:\/\/tysinmobiliaria.com\/de\/immobilie-zu-vermieten\/"}],"_links":{"self":[{"href":"https:\/\/tysinmobiliaria.com\/de\/wp-json\/wp\/v2\/pages\/7459","targetHints":{"allow":["GET"]}}],"collection":[{"href":"https:\/\/tysinmobiliaria.com\/de\/wp-json\/wp\/v2\/pages"}],"about":[{"href":"https:\/\/tysinmobiliaria.com\/de\/wp-json\/wp\/v2\/types\/page"}],"author":[{"embeddable":true,"href":"https:\/\/tysinmobiliaria.com\/de\/wp-json\/wp\/v2\/users\/1"}],"replies":[{"embeddable":true,"href":"https:\/\/tysinmobiliaria.com\/de\/wp-json\/wp\/v2\/comments?post=7459"}],"version-history":[{"count":0,"href":"https:\/\/tysinmobiliaria.com\/de\/wp-json\/wp\/v2\/pages\/7459\/revisions"}],"wp:attachment":[{"href":"https:\/\/tysinmobiliaria.com\/de\/wp-json\/wp\/v2\/media?parent=7459"}],"curies":[{"name":"wp","href":"https:\/\/api.w.org\/{rel}","templated":true}]}}